{"id":5959,"date":"2025-12-14T09:56:33","date_gmt":"2025-12-14T09:56:33","guid":{"rendered":"https:\/\/aflex.org\/terminos-y-condiciones-de-uso-del-sitio-web-de-aflex\/"},"modified":"2025-12-17T10:07:56","modified_gmt":"2025-12-17T10:07:56","slug":"terminos-y-condiciones-de-uso-del-sitio-web-de-aflex","status":"publish","type":"page","link":"https:\/\/aflex.org\/es\/terminos-y-condiciones-de-uso-del-sitio-web-de-aflex\/","title":{"rendered":"T\u00e9rminos y condiciones de uso del sitio web de AFLEX"},"content":{"rendered":"\t\t<div data-elementor-type=\"wp-page\" data-elementor-id=\"5959\" class=\"elementor elementor-5959 elementor-5548\" data-elementor-post-type=\"page\">\n\t\t\t\t<div class=\"elementor-element elementor-element-c1a0cdc parallax-section e-con-full e-flex rt-default-class e-con e-parent\" data-id=\"c1a0cdc\" data-element_type=\"container\" data-e-type=\"container\" data-settings=\"{&quot;background_background&quot;:&quot;classic&quot;,&quot;background_motion_fx_motion_fx_scrolling&quot;:&quot;yes&quot;,&quot;background_motion_fx_translateY_effect&quot;:&quot;yes&quot;,&quot;background_motion_fx_translateY_speed&quot;:{&quot;unit&quot;:&quot;px&quot;,&quot;size&quot;:1.3,&quot;sizes&quot;:[]},&quot;background_motion_fx_translateY_affectedRange&quot;:{&quot;unit&quot;:&quot;%&quot;,&quot;size&quot;:&quot;&quot;,&quot;sizes&quot;:{&quot;start&quot;:0,&quot;end&quot;:100}},&quot;background_motion_fx_devices&quot;:[&quot;desktop&quot;,&quot;tablet&quot;,&quot;mobile&quot;]}\">\n\t\t\t\t<div class=\"elementor-element elementor-element-0681ec8 rt-default-class elementor-widget elementor-widget-rtbreadrumb\" data-id=\"0681ec8\" data-element_type=\"widget\" data-e-type=\"widget\" data-widget_type=\"rtbreadrumb.default\">\n\t\t\t\t<div class=\"elementor-widget-container\">\n\t\t\t\t\t    \r\n\r\n    <div class=\"breadcrumb-inner-addon\">\r\n        <div class=\"rt-title-part\">\r\n            <h1 class=\"page-title\"><\/h1>\r\n                    <\/div>\r\n        <div class=\"breadcrumb-path\">\r\n                <a href=\"https:\/\/aflex.org\/es\/\">Home<\/a>            <\/div>\r\n    <\/div>   \r\n    \t\t\t\t<\/div>\n\t\t\t\t<\/div>\n\t\t\t\t<\/div>\n\t\t<div class=\"elementor-element elementor-element-596ec43 e-con-full e-flex rt-default-class e-con e-parent\" data-id=\"596ec43\" data-element_type=\"container\" data-e-type=\"container\">\n\t\t<div class=\"elementor-element elementor-element-e869e5e e-con-full e-flex rt-default-class e-con e-child\" data-id=\"e869e5e\" data-element_type=\"container\" data-e-type=\"container\">\n\t\t\t\t<div class=\"elementor-element elementor-element-b249be5 rt-default-class elementor-widget elementor-widget-react-heading\" data-id=\"b249be5\" data-element_type=\"widget\" data-e-type=\"widget\" data-widget_type=\"react-heading.default\">\n\t\t\t\t<div class=\"elementor-widget-container\">\n\t\t\t\t\t\t\t<div class=\"animation-style2 react-heading default\">\r\n\t\t\t<div class=\"title-inner no bg_sub_text_no double_sub_text_no\">\r\n\t\t\t\t<div class=\"split_collab_words\"><h2 class=\"title word-line\">Termos e Condi\u00e7\u00f5es do Site da AFLEX<\/h2><\/div>\t\t\t<\/div>\r\n\t\t\t\t\t\t\t\t\t\t\t<\/div>\t\t\t\r\n\t\t\t\t\t<\/div>\n\t\t\t\t<\/div>\n\t\t\t\t<div class=\"elementor-element elementor-element-0dce2af rt-default-class elementor-invisible elementor-widget elementor-widget-text-editor\" data-id=\"0dce2af\" data-element_type=\"widget\" data-e-type=\"widget\" data-settings=\"{&quot;_animation&quot;:&quot;slideInLeft&quot;,&quot;_animation_delay&quot;:300}\" data-widget_type=\"text-editor.default\">\n\t\t\t\t\t\t\t\t\t<p>Bienvenido al sitio web oficial de <strong>AFLEX<\/strong> \u2013 <strong>A<\/strong>sociaci\u00f3n de <strong>F<\/strong>uncionarios <strong>L<\/strong>ocales en el <strong>EX<\/strong>terior. AFLEX representa a los empleados contratados localmente para trabajar para el Gobierno Brasile\u00f1o en sus embajadas, consulados y misiones diplom\u00e1ticas en todo el mundo. <\/p><p>Al acceder a este sitio web, usted acepta los siguientes t\u00e9rminos y condiciones:<\/p>\t\t\t\t\t\t\t\t<\/div>\n\t\t\t\t<div class=\"elementor-element elementor-element-083bd40 rt-default-class elementor-invisible elementor-widget elementor-widget-text-editor\" data-id=\"083bd40\" data-element_type=\"widget\" data-e-type=\"widget\" data-settings=\"{&quot;_animation&quot;:&quot;slideInLeft&quot;}\" data-widget_type=\"text-editor.default\">\n\t\t\t\t\t\t\t\t\t<p><strong>1. Solo para fines informativos<\/strong><\/p><p>Este sitio es exclusivamente una plataforma de informaci\u00f3n administrada por AFLEX. Su objetivo es reunir informaci\u00f3n general, registros hist\u00f3ricos, actualizaciones relevantes y relatos de experiencias vividas por los Funcionarios Contratados Locales (CL). En ninguna circunstancia proporciona orientaci\u00f3n legal, financiera o laboral oficial. Todo el contenido est\u00e1 estrictamente orientado a la concienciaci\u00f3n p\u00fablica, fines educativos e inter\u00e9s general.   <\/p><p><strong>2. Aclaraci\u00f3n sobre garant\u00edas y responsabilidad<\/strong><\/p><p>AFLEX se esfuerza por mantener el contenido preciso, actualizado y \u00fatil. Sin embargo, <strong>no podemos garantizar<\/strong> que toda la informaci\u00f3n est\u00e9 siempre actualizada en tiempo real o que sea adecuada para todas las situaciones que enfrentan los Funcionarios Contratados Locales (CL) en el mundo. <\/p><p><strong>3. Enlaces externos<\/strong><\/p><p>Nuestro sitio puede incluir enlaces a sitios de terceros o recursos externos. Estos se comparten <strong>solo para su conveniencia.<\/strong> AFLEX <strong>no controla, respalda<\/strong> <strong>ni asume responsabilidad<\/strong> por el contenido, exactitud o seguridad de estos sitios externos. <\/p><p><strong>4. Exenci\u00f3n de responsabilidad<\/strong><\/p><p> <\/p><p>AFLEX, sus representantes, creadores del sitio y los colaboradores <strong>no podr\u00e1n ser responsabilizados<\/strong> por cualquier malentendido, p\u00e9rdida, da\u00f1o o consecuencia derivada del uso y\/o uso indebido y\/o mala interpretaci\u00f3n de este sitio o de su contenido, incluyendo enlaces de terceros.<\/p><p><strong>5. Uso y reproducci\u00f3n de contenido<\/strong><\/p><p>Todo el contenido original, incluyendo textos en los tres idiomas y materiales gr\u00e1ficos originalmente creados y producidos por AFLEX, est\u00e1n protegidos por derechos de autor. La reproducci\u00f3n, distribuci\u00f3n o <strong>uso p\u00fablico de cualquier naturaleza sin autorizaci\u00f3n previa<\/strong> <strong>por escrito<\/strong> est\u00e1 estrictamente prohibida. <\/p><p><strong>6. Actualizaciones y modificaciones<\/strong><\/p><p>Estos t\u00e9rminos pueden ser actualizados sin previo aviso. El uso continuo del sitio implica la aceptaci\u00f3n de la versi\u00f3n vigente de estos T\u00e9rminos y Condiciones. <\/p><p>Si tiene preguntas, inquietudes o sugerencias, p\u00f3ngase en contacto con nosotros a trav\u00e9s del formulario disponible en la p\u00e1gina <strong><a href=\"https:\/\/aflex.org\/es\/contactenos\/\">Cont\u00e1ctenos<\/a>.<\/strong><\/p><p>Juntos, protegemos, informamos y ampliamos la voz de los Contratados Locales en todo el mundo.<\/p>\t\t\t\t\t\t\t\t<\/div>\n\t\t<div class=\"elementor-element elementor-element-8f40133 e-con-full e-flex rt-default-class e-con e-child\" data-id=\"8f40133\" data-element_type=\"container\" data-e-type=\"container\">\n\t\t\t\t<\/div>\n\t\t\t\t<\/div>\n\t\t\t\t<\/div>\n\t\t\t\t<\/div>\n\t\t","protected":false},"excerpt":{"rendered":"<p>Home Termos e Condi\u00e7\u00f5es do Site da AFLEX Bienvenido al sitio web oficial de AFLEX \u2013 Asociaci\u00f3n de Funcionarios Locales en el EXterior. AFLEX representa a los empleados contratados localmente para trabajar para el Gobierno Brasile\u00f1o en sus embajadas, consulados y misiones diplom\u00e1ticas en todo el mundo. Al acceder a este sitio web, usted acepta&#8230;<\/p>\n","protected":false},"author":1,"featured_media":0,"parent":0,"menu_order":0,"comment_status":"closed","ping_status":"closed","template":"elementor_header_footer","meta":{"footnotes":""},"class_list":["post-5959","page","type-page","status-publish","hentry"],"_links":{"self":[{"href":"https:\/\/aflex.org\/es\/wp-json\/wp\/v2\/pages\/5959","targetHints":{"allow":["GET"]}}],"collection":[{"href":"https:\/\/aflex.org\/es\/wp-json\/wp\/v2\/pages"}],"about":[{"href":"https:\/\/aflex.org\/es\/wp-json\/wp\/v2\/types\/page"}],"author":[{"embeddable":true,"href":"https:\/\/aflex.org\/es\/wp-json\/wp\/v2\/users\/1"}],"replies":[{"embeddable":true,"href":"https:\/\/aflex.org\/es\/wp-json\/wp\/v2\/comments?post=5959"}],"version-history":[{"count":1,"href":"https:\/\/aflex.org\/es\/wp-json\/wp\/v2\/pages\/5959\/revisions"}],"predecessor-version":[{"id":5960,"href":"https:\/\/aflex.org\/es\/wp-json\/wp\/v2\/pages\/5959\/revisions\/5960"}],"wp:attachment":[{"href":"https:\/\/aflex.org\/es\/wp-json\/wp\/v2\/media?parent=5959"}],"curies":[{"name":"wp","href":"https:\/\/api.w.org\/{rel}","templated":true}]}}