{"id":5947,"date":"2025-12-14T07:13:50","date_gmt":"2025-12-14T07:13:50","guid":{"rendered":"https:\/\/aflex.org\/nuestra-situacion-juridica\/"},"modified":"2025-12-28T07:19:24","modified_gmt":"2025-12-28T07:19:24","slug":"nuestra-situacion-juridica","status":"publish","type":"page","link":"https:\/\/aflex.org\/es\/nuestra-situacion-juridica\/","title":{"rendered":"PANORAMA DEL ESTATUS JUR\u00cdDICO"},"content":{"rendered":"\t\t<div data-elementor-type=\"wp-page\" data-elementor-id=\"5947\" class=\"elementor elementor-5947 elementor-5460\" data-elementor-post-type=\"page\">\n\t\t\t\t<div class=\"elementor-element elementor-element-86475fa parallax-section e-flex e-con-boxed rt-default-class e-con e-parent\" data-id=\"86475fa\" data-element_type=\"container\" data-e-type=\"container\" data-settings=\"{&quot;background_background&quot;:&quot;classic&quot;,&quot;background_motion_fx_motion_fx_scrolling&quot;:&quot;yes&quot;,&quot;background_motion_fx_translateY_effect&quot;:&quot;yes&quot;,&quot;background_motion_fx_translateY_speed&quot;:{&quot;unit&quot;:&quot;px&quot;,&quot;size&quot;:1.3,&quot;sizes&quot;:[]},&quot;background_motion_fx_translateY_affectedRange&quot;:{&quot;unit&quot;:&quot;%&quot;,&quot;size&quot;:&quot;&quot;,&quot;sizes&quot;:{&quot;start&quot;:0,&quot;end&quot;:100}},&quot;background_motion_fx_devices&quot;:[&quot;desktop&quot;,&quot;tablet&quot;,&quot;mobile&quot;]}\">\n\t\t\t\t\t<div class=\"e-con-inner\">\n\t\t\t\t<div class=\"elementor-element elementor-element-98b564e rt-default-class elementor-widget elementor-widget-rtbreadrumb\" data-id=\"98b564e\" data-element_type=\"widget\" data-e-type=\"widget\" data-widget_type=\"rtbreadrumb.default\">\n\t\t\t\t<div class=\"elementor-widget-container\">\n\t\t\t\t\t    \r\n\r\n    <div class=\"breadcrumb-inner-addon\">\r\n        <div class=\"rt-title-part\">\r\n            <h1 class=\"page-title\"><\/h1>\r\n                    <\/div>\r\n        <div class=\"breadcrumb-path\">\r\n                <a href=\"https:\/\/aflex.org\/es\/\">Home<\/a>            <\/div>\r\n    <\/div>   \r\n    \t\t\t\t<\/div>\n\t\t\t\t<\/div>\n\t\t\t\t\t<\/div>\n\t\t\t\t<\/div>\n\t\t<div class=\"elementor-element elementor-element-596ec43 e-con-full e-flex rt-default-class e-con e-parent\" data-id=\"596ec43\" data-element_type=\"container\" data-e-type=\"container\">\n\t\t<div class=\"elementor-element elementor-element-e869e5e e-con-full e-flex rt-default-class e-con e-child\" data-id=\"e869e5e\" data-element_type=\"container\" data-e-type=\"container\">\n\t\t\t\t<div class=\"elementor-element elementor-element-0dce2af rt-default-class elementor-widget elementor-widget-text-editor\" data-id=\"0dce2af\" data-element_type=\"widget\" data-e-type=\"widget\" data-widget_type=\"text-editor.default\">\n\t\t\t\t\t\t\t\t\t<p>Somos empleados del Gobierno Brasile\u00f1o, conocidos como <strong>Contratados Locales<\/strong> <strong>(CLs)<\/strong>. Desde hace m\u00e1s de seis d\u00e9cadas, hemos enfrentado un escenario de ambig\u00fcedad jur\u00eddica, en el que nuestros derechos laborales no est\u00e1n definidos con claridad ni equidad, sino a trav\u00e9s de un entramado fragmentado de leyes obsoletas, normativas incumplidas e interpretaciones contradictorias de normas internacionales y constitucionales.<\/p><p>Esta prolongada incoherencia no refleja un Estado justo, sino una falla en reconocer la humanidad y las contribuciones de quienes sirven a la naci\u00f3n m\u00e1s all\u00e1 de sus fronteras.<\/p><p>Es hora de exponer las imposiciones jur\u00eddicas unilaterales e injustas que nos han sido atribuidas convenientemente, a nosotros, los <strong>Contratados Locales (CLs) de Brasil.<\/strong> Se trata de una injusticia sist\u00e9mica y silenciosa que afecta a miles de profesionales comprometidos y a sus familias en todo el mundo. Estas pr\u00e1cticas desaf\u00edan los principios de justicia, dignidad e igualdad que toda naci\u00f3n comprometida con los derechos humanos debe defender.<\/p>\t\t\t\t\t\t\t\t<\/div>\n\t\t\t\t<div class=\"elementor-element elementor-element-c4a06eb rt-default-class elementor-widget elementor-widget-rt-service-slider\" data-id=\"c4a06eb\" data-element_type=\"widget\" data-e-type=\"widget\" data-widget_type=\"rt-service-slider.default\">\n\t\t\t\t<div class=\"elementor-widget-container\">\n\t\t\t\t\t\r\n        <div class=\"slider-inner-wrapper\">\r\n            <div class=\"swiper rt_slider-8740\">\r\n                <div class=\"swiper-wrapper\">\r\n                    <div class=\"swiper-slide\">    \r\n    <div class=\"single-service-style-one\">\r\n        \r\n                    <div class=\"icon\">\r\n                <svg aria-hidden=\"true\" class=\"e-font-icon-svg e-fas-globe\" viewBox=\"0 0 496 512\" xmlns=\"http:\/\/www.w3.org\/2000\/svg\"><path d=\"M336.5 160C322 70.7 287.8 8 248 8s-74 62.7-88.5 152h177zM152 256c0 22.2 1.2 43.5 3.3 64h185.3c2.1-20.5 3.3-41.8 3.3-64s-1.2-43.5-3.3-64H155.3c-2.1 20.5-3.3 41.8-3.3 64zm324.7-96c-28.6-67.9-86.5-120.4-158-141.6 24.4 33.8 41.2 84.7 50 141.6h108zM177.2 18.4C105.8 39.6 47.8 92.1 19.3 160h108c8.7-56.9 25.5-107.8 49.9-141.6zM487.4 192H372.7c2.1 21 3.3 42.5 3.3 64s-1.2 43-3.3 64h114.6c5.5-20.5 8.6-41.8 8.6-64s-3.1-43.5-8.5-64zM120 256c0-21.5 1.2-43 3.3-64H8.6C3.2 212.5 0 233.8 0 256s3.2 43.5 8.6 64h114.6c-2-21-3.2-42.5-3.2-64zm39.5 96c14.5 89.3 48.7 152 88.5 152s74-62.7 88.5-152h-177zm159.3 141.6c71.4-21.2 129.4-73.7 158-141.6h-108c-8.8 56.9-25.6 107.8-50 141.6zM19.3 352c28.6 67.9 86.5 120.4 158 141.6-24.4-33.8-41.2-84.7-50-141.6h-108z\"><\/path><\/svg>                \r\n            <\/div>\r\n                    \r\n\r\n                    <a href=\"#Linha\">\r\n                <h6 class=\"title\">L\u00ednea de tiempo<\/h6>\r\n            <\/a>\r\n        \r\n                    <p class=\"disc\">\r\n                Este an\u00e1lisis y panorama de la l\u00ednea de tiempo sobre la legislaci\u00f3n laboral relacionada con los funcionarios Contratados Locales (CLs) fue elaborado por colegas CLs            <\/p>\r\n                \r\n                    <a href=\"#Linha\" class=\"btn-border-bottom\">\r\n                Leer m\u00e1s <i aria-hidden=\"true\" class=\"rt rt-arrow-up-right\"><\/i>\r\n            <\/a>\r\n            <\/div>\r\n<\/div>\r\n\r\n\r\n<div class=\"swiper-slide\">    \r\n    <div class=\"single-service-style-one\">\r\n        \r\n                    <div class=\"icon\">\r\n                <svg aria-hidden=\"true\" class=\"e-font-icon-svg e-fas-globe\" viewBox=\"0 0 496 512\" xmlns=\"http:\/\/www.w3.org\/2000\/svg\"><path d=\"M336.5 160C322 70.7 287.8 8 248 8s-74 62.7-88.5 152h177zM152 256c0 22.2 1.2 43.5 3.3 64h185.3c2.1-20.5 3.3-41.8 3.3-64s-1.2-43.5-3.3-64H155.3c-2.1 20.5-3.3 41.8-3.3 64zm324.7-96c-28.6-67.9-86.5-120.4-158-141.6 24.4 33.8 41.2 84.7 50 141.6h108zM177.2 18.4C105.8 39.6 47.8 92.1 19.3 160h108c8.7-56.9 25.5-107.8 49.9-141.6zM487.4 192H372.7c2.1 21 3.3 42.5 3.3 64s-1.2 43-3.3 64h114.6c5.5-20.5 8.6-41.8 8.6-64s-3.1-43.5-8.5-64zM120 256c0-21.5 1.2-43 3.3-64H8.6C3.2 212.5 0 233.8 0 256s3.2 43.5 8.6 64h114.6c-2-21-3.2-42.5-3.2-64zm39.5 96c14.5 89.3 48.7 152 88.5 152s74-62.7 88.5-152h-177zm159.3 141.6c71.4-21.2 129.4-73.7 158-141.6h-108c-8.8 56.9-25.6 107.8-50 141.6zM19.3 352c28.6 67.9 86.5 120.4 158 141.6-24.4-33.8-41.2-84.7-50-141.6h-108z\"><\/path><\/svg>                \r\n            <\/div>\r\n                    \r\n\r\n                    <a href=\"#Por\">\r\n                <h6 class=\"title\">\u00bfPor qu\u00e9 debe terminar el limbo jur\u00eddico?<\/h6>\r\n            <\/a>\r\n        \r\n                    <p class=\"disc\">\r\n                El Gobierno Brasile\u00f1o frecuentemente alega que aplicar las leyes laborales locales a los funcionarios            <\/p>\r\n                \r\n                    <a href=\"#Por\" class=\"btn-border-bottom\">\r\n                Leer m\u00e1s <i aria-hidden=\"true\" class=\"rt rt-arrow-up-right\"><\/i>\r\n            <\/a>\r\n            <\/div>\r\n<\/div>\r\n\r\n\r\n<div class=\"swiper-slide\">    \r\n    <div class=\"single-service-style-one\">\r\n        \r\n                    <div class=\"icon\">\r\n                <svg aria-hidden=\"true\" class=\"e-font-icon-svg e-fas-globe\" viewBox=\"0 0 496 512\" xmlns=\"http:\/\/www.w3.org\/2000\/svg\"><path d=\"M336.5 160C322 70.7 287.8 8 248 8s-74 62.7-88.5 152h177zM152 256c0 22.2 1.2 43.5 3.3 64h185.3c2.1-20.5 3.3-41.8 3.3-64s-1.2-43.5-3.3-64H155.3c-2.1 20.5-3.3 41.8-3.3 64zm324.7-96c-28.6-67.9-86.5-120.4-158-141.6 24.4 33.8 41.2 84.7 50 141.6h108zM177.2 18.4C105.8 39.6 47.8 92.1 19.3 160h108c8.7-56.9 25.5-107.8 49.9-141.6zM487.4 192H372.7c2.1 21 3.3 42.5 3.3 64s-1.2 43-3.3 64h114.6c5.5-20.5 8.6-41.8 8.6-64s-3.1-43.5-8.5-64zM120 256c0-21.5 1.2-43 3.3-64H8.6C3.2 212.5 0 233.8 0 256s3.2 43.5 8.6 64h114.6c-2-21-3.2-42.5-3.2-64zm39.5 96c14.5 89.3 48.7 152 88.5 152s74-62.7 88.5-152h-177zm159.3 141.6c71.4-21.2 129.4-73.7 158-141.6h-108c-8.8 56.9-25.6 107.8-50 141.6zM19.3 352c28.6 67.9 86.5 120.4 158 141.6-24.4-33.8-41.2-84.7-50-141.6h-108z\"><\/path><\/svg>                \r\n            <\/div>\r\n                    \r\n\r\n                    <a href=\"#Costo\">\r\n                <h6 class=\"title\">Costo Oculto para los Contribuyentes Brasile\u00f1os<\/h6>\r\n            <\/a>\r\n        \r\n                    <p class=\"disc\">\r\n                La ausencia de estructuras claras y de una fiscalizaci\u00f3n eficaz en la gesti\u00f3n de los funcionarios Contratados Locales (CLs)             <\/p>\r\n                \r\n                    <a href=\"#Costo\" class=\"btn-border-bottom\">\r\n                Leer m\u00e1s <i aria-hidden=\"true\" class=\"rt rt-arrow-up-right\"><\/i>\r\n            <\/a>\r\n            <\/div>\r\n<\/div>\r\n\r\n\r\n<div class=\"swiper-slide\">    \r\n    <div class=\"single-service-style-one\">\r\n        \r\n                    <div class=\"icon\">\r\n                <svg aria-hidden=\"true\" class=\"e-font-icon-svg e-fas-globe\" viewBox=\"0 0 496 512\" xmlns=\"http:\/\/www.w3.org\/2000\/svg\"><path d=\"M336.5 160C322 70.7 287.8 8 248 8s-74 62.7-88.5 152h177zM152 256c0 22.2 1.2 43.5 3.3 64h185.3c2.1-20.5 3.3-41.8 3.3-64s-1.2-43.5-3.3-64H155.3c-2.1 20.5-3.3 41.8-3.3 64zm324.7-96c-28.6-67.9-86.5-120.4-158-141.6 24.4 33.8 41.2 84.7 50 141.6h108zM177.2 18.4C105.8 39.6 47.8 92.1 19.3 160h108c8.7-56.9 25.5-107.8 49.9-141.6zM487.4 192H372.7c2.1 21 3.3 42.5 3.3 64s-1.2 43-3.3 64h114.6c5.5-20.5 8.6-41.8 8.6-64s-3.1-43.5-8.5-64zM120 256c0-21.5 1.2-43 3.3-64H8.6C3.2 212.5 0 233.8 0 256s3.2 43.5 8.6 64h114.6c-2-21-3.2-42.5-3.2-64zm39.5 96c14.5 89.3 48.7 152 88.5 152s74-62.7 88.5-152h-177zm159.3 141.6c71.4-21.2 129.4-73.7 158-141.6h-108c-8.8 56.9-25.6 107.8-50 141.6zM19.3 352c28.6 67.9 86.5 120.4 158 141.6-24.4-33.8-41.2-84.7-50-141.6h-108z\"><\/path><\/svg>                \r\n            <\/div>\r\n                    \r\n\r\n                    <a href=\"#Investigaciones\">\r\n                <h6 class=\"title\">Investigaciones Acad\u00e9micas Relacionadas<\/h6>\r\n            <\/a>\r\n        \r\n                    <p class=\"disc\">\r\n                La investigaci\u00f3n acad\u00e9mica en las \u00e1reas de derecho laboral y relaciones laborales es fundamental para            <\/p>\r\n                \r\n                    <a href=\"#Investigaciones\" class=\"btn-border-bottom\">\r\n                Leer m\u00e1s <i aria-hidden=\"true\" class=\"rt rt-arrow-up-right\"><\/i>\r\n            <\/a>\r\n            <\/div>\r\n<\/div>\r\n\r\n\r\n                <\/div>  \r\n            <\/div>\r\n        <\/div>\r\n\r\n        \r\n                <div class=\"rts-testimonials-area-one swiper-nav-btn service-nav-style1\">\r\n            <div class=\"button-pagination-area\">\r\n                <div class=\"swiper-pagination\"><\/div>\r\n            <\/div>\r\n        <\/div>\r\n        \r\n        <script type=\"text\/javascript\">\r\n            jQuery(document).ready(function() {\r\n                var swiper87408740 = new Swiper(\".rt_slider-8740\", {\r\n                    slidesPerView: 1,\r\n                                        speed: 1000,\r\n                    slidesPerGroup: 1,\r\n                    loop: true,\r\n                    autoplay: { delay: 1000, pauseOnMouseEnter: true, disableOnInteraction: false },\r\n                    spaceBetween: 30,\r\n                    pagination: {\r\n                        el: \".swiper-pagination\",\r\n                        clickable: true,\r\n                    },\r\n                    centeredSlides: false,\r\n                    navigation: {\r\n                        nextEl: \".swiper-button-next\",\r\n                        prevEl: \".swiper-button-prev\",\r\n                    },\r\n                    breakpoints: {\r\n                        575: { slidesPerView: 1 },767: { slidesPerView: 2 },991: { slidesPerView: 3 },1199: { slidesPerView: 4 },                        1399: {\r\n                            slidesPerView: 4,\r\n                            spaceBetween: 30                        }\r\n                    }\r\n                });\r\n            });\r\n        <\/script>\r\n\t\t\t\t<\/div>\n\t\t\t\t<\/div>\n\t\t\t\t<div class=\"elementor-element elementor-element-10f4ffa rt-default-class elementor-widget elementor-widget-react-heading\" data-id=\"10f4ffa\" data-element_type=\"widget\" data-e-type=\"widget\" id=\"Linha\" data-widget_type=\"react-heading.default\">\n\t\t\t\t<div class=\"elementor-widget-container\">\n\t\t\t\t\t\t\t<div class=\"animation-style2 react-heading default\">\r\n\t\t\t<div class=\"title-inner no bg_sub_text_no double_sub_text_no\">\r\n\t\t\t\t<div class=\"split_collab_words\"><h2 class=\"title word-line\">L\u00ednea de tiempo<\/h2><\/div>\t\t\t<\/div>\r\n\t\t\t\t\t\t\t\t\t\t\t<\/div>\t\t\t\r\n\t\t\t\t\t<\/div>\n\t\t\t\t<\/div>\n\t\t\t\t<div class=\"elementor-element elementor-element-2acfddd rt-default-class elementor-widget elementor-widget-text-editor\" data-id=\"2acfddd\" data-element_type=\"widget\" data-e-type=\"widget\" data-widget_type=\"text-editor.default\">\n\t\t\t\t\t\t\t\t\t<p><em>Este an\u00e1lisis y panorama de la l\u00ednea temporal sobre la legislaci\u00f3n laboral relacionada con los Empleados Contratados Locales (CL) ha sido elaborado por colegas CL con formaci\u00f3n profesional en Derecho, aunando tanto el conocimiento acad\u00e9mico como sus experiencias vividas. <\/em><\/p>\t\t\t\t\t\t\t\t<\/div>\n\t\t\t\t<div class=\"elementor-element elementor-element-c992896 rt-default-class elementor-widget elementor-widget-react-heading\" data-id=\"c992896\" data-element_type=\"widget\" data-e-type=\"widget\" data-widget_type=\"react-heading.default\">\n\t\t\t\t<div class=\"elementor-widget-container\">\n\t\t\t\t\t\t\t<div class=\"animation-style2 react-heading default\">\r\n\t\t\t<div class=\"title-inner no bg_sub_text_no double_sub_text_no\">\r\n\t\t\t\t<div class=\"split_collab_words\"><h2 class=\"title word-line\">Primeros Registros: Precariedad y Falta de Protecci\u00f3n (1961 \u2013 1986)<\/h2><\/div>\t\t\t<\/div>\r\n\t\t\t\t\t\t\t\t\t\t\t<\/div>\t\t\t\r\n\t\t\t\t\t<\/div>\n\t\t\t\t<\/div>\n\t\t\t\t<div class=\"elementor-element elementor-element-b0b1124 rt-default-class elementor-widget elementor-widget-text-editor\" data-id=\"b0b1124\" data-element_type=\"widget\" data-e-type=\"widget\" data-widget_type=\"text-editor.default\">\n\t\t\t\t\t\t\t\t\t<p>La historia comienza con la <strong>Ley n\u00ba 3.917 (1961),<\/strong> que permit\u00eda a las embajadas y consulados de Brasil contratar auxiliares locales en el exterior bajo un r\u00e9gimen precario, lo que significaba que pod\u00edan ser despedidos en cualquier momento y sin justificaci\u00f3n. No exist\u00edan derechos previsionales oficiales ni beneficios de seguridad social, solo contribuciones a un Fondo de Asistencia Social (FAS) b\u00e1sico, destinado a cubrir eventuales indemnizaciones o reembolsos. No hab\u00eda una norma clara sobre si estos trabajadores ten\u00edan alg\u00fan derecho laboral o previsional bajo la legislaci\u00f3n brasile\u00f1a o la del pa\u00eds de residencia.<\/p>\t\t\t\t\t\t\t\t<\/div>\n\t\t\t\t<div class=\"elementor-element elementor-element-5ab9a08 rt-default-class elementor-widget elementor-widget-react-heading\" data-id=\"5ab9a08\" data-element_type=\"widget\" data-e-type=\"widget\" data-widget_type=\"react-heading.default\">\n\t\t\t\t<div class=\"elementor-widget-container\">\n\t\t\t\t\t\t\t<div class=\"animation-style2 react-heading default\">\r\n\t\t\t<div class=\"title-inner no bg_sub_text_no double_sub_text_no\">\r\n\t\t\t\t<div class=\"split_collab_words\"><h2 class=\"title word-line\">Cambios jur\u00eddicos: De la ley brasile\u00f1a a la ley local (1986 \u2013 1993)<\/h2><\/div>\t\t\t<\/div>\r\n\t\t\t\t\t\t\t\t\t\t\t<\/div>\t\t\t\r\n\t\t\t\t\t<\/div>\n\t\t\t\t<\/div>\n\t\t\t\t<div class=\"elementor-element elementor-element-33d2656 rt-default-class elementor-widget elementor-widget-text-editor\" data-id=\"33d2656\" data-element_type=\"widget\" data-e-type=\"widget\" data-widget_type=\"text-editor.default\">\n\t\t\t\t\t\t\t\t\t<p>En <strong>1986, la Ley n\u00ba 7.501<\/strong> introdujo el concepto de Contratado Local &#8211; (CL) y estableci\u00f3 que estos trabajadores estar\u00edan regidos por la legislaci\u00f3n brasile\u00f1a, pero solo \u201ccuando procediera\u201d y con flexibilidad seg\u00fan las condiciones locales. En <strong>1990, la Ley n\u00ba 8.028<\/strong> elimin\u00f3 la palabra \u201cbrasile\u00f1a\u201d, haciendo que la base legal fuera a\u00fan m\u00e1s ambigua.<\/p>\t\t\t\t\t\t\t\t<\/div>\n\t\t\t\t<div class=\"elementor-element elementor-element-f944d87 rt-default-class elementor-widget elementor-widget-react-heading\" data-id=\"f944d87\" data-element_type=\"widget\" data-e-type=\"widget\" data-widget_type=\"react-heading.default\">\n\t\t\t\t<div class=\"elementor-widget-container\">\n\t\t\t\t\t\t\t<div class=\"animation-style2 react-heading default\">\r\n\t\t\t<div class=\"title-inner no bg_sub_text_no double_sub_text_no\">\r\n\t\t\t\t<div class=\"split_collab_words\"><h2 class=\"title word-line\">Las leyes locales pasan a prevalecer (Despu\u00e9s de 1993)<\/h2><\/div>\t\t\t<\/div>\r\n\t\t\t\t\t\t\t\t\t\t\t<\/div>\t\t\t\r\n\t\t\t\t\t<\/div>\n\t\t\t\t<\/div>\n\t\t\t\t<div class=\"elementor-element elementor-element-5832629 rt-default-class elementor-widget elementor-widget-text-editor\" data-id=\"5832629\" data-element_type=\"widget\" data-e-type=\"widget\" data-widget_type=\"text-editor.default\">\n\t\t\t\t\t\t\t\t\t<p>Un cambio importante se produjo con la <strong>Ley n\u00ba 8.745 (1993).<\/strong> Esta estableci\u00f3 que los CLs pasar\u00edan a regirse por las leyes laborales y previsionales del pa\u00eds en el que fueran contratados, excepto en los casos en que la legislaci\u00f3n local impidiera a los trabajadores brasile\u00f1os ingresar en el sistema local. En tales casos, los empleados ser\u00edan inscritos por el empleador en el <strong>INSS<\/strong> (Instituto Nacional del Seguro Social) de Brasil. Los trabajadores ya contratados en ese momento tuvieron un plazo de 90 d\u00edas para optar por mantenerse en sus arreglos anteriores (a\u00fan vagos) o no.<\/p>\t\t\t\t\t\t\t\t<\/div>\n\t\t\t\t<div class=\"elementor-element elementor-element-05b6c41 rt-default-class elementor-widget elementor-widget-react-heading\" data-id=\"05b6c41\" data-element_type=\"widget\" data-e-type=\"widget\" data-widget_type=\"react-heading.default\">\n\t\t\t\t<div class=\"elementor-widget-container\">\n\t\t\t\t\t\t\t<div class=\"animation-style2 react-heading default\">\r\n\t\t\t<div class=\"title-inner no bg_sub_text_no double_sub_text_no\">\r\n\t\t\t\t<div class=\"split_collab_words\"><h2 class=\"title word-line\">Regulaci\u00f3n y algo de claridad (1995 \u2013 2003)<\/h2><\/div>\t\t\t<\/div>\r\n\t\t\t\t\t\t\t\t\t\t\t<\/div>\t\t\t\r\n\t\t\t\t\t<\/div>\n\t\t\t\t<\/div>\n\t\t\t\t<div class=\"elementor-element elementor-element-fe9ba2b rt-default-class elementor-widget elementor-widget-text-editor\" data-id=\"fe9ba2b\" data-element_type=\"widget\" data-e-type=\"widget\" data-widget_type=\"text-editor.default\">\n\t\t\t\t\t\t\t\t\t<p>El <strong>Decreto n\u00ba 1.570 (1995)<\/strong> determin\u00f3 formalmente que los CLs deb\u00edan regirse por las leyes laborales y previsionales del pa\u00eds en el que estuvieran contratados. La norma establec\u00eda que solo los empleados legalmente impedidos de ingresar en el sistema previsional local deb\u00edan ser inscritos en el INSS. Tambi\u00e9n afirmaba que los <strong>CLs contratados despu\u00e9s de 1995 solo se beneficiar\u00edan de los derechos previstos en la legislaci\u00f3n local.<\/strong><\/p><p>Posteriormente, <strong>normas del INSS<\/strong> (publicadas en 2002 y actualizadas en 2003) aclararon que <strong>los CLs brasile\u00f1os deben estar asegurados en Brasil<\/strong> en caso de que no puedan legalmente integrarse al sistema del pa\u00eds anfitri\u00f3n. Esto parec\u00eda cerrar la cuesti\u00f3n: <em>los empleados brasile\u00f1os deben estar cubiertos, o bien por el sistema local o bien por el sistema previsional brasile\u00f1o.<\/em><\/p>\t\t\t\t\t\t\t\t<\/div>\n\t\t\t\t<div class=\"elementor-element elementor-element-158f2c3 rt-default-class elementor-widget elementor-widget-react-heading\" data-id=\"158f2c3\" data-element_type=\"widget\" data-e-type=\"widget\" data-widget_type=\"react-heading.default\">\n\t\t\t\t<div class=\"elementor-widget-container\">\n\t\t\t\t\t\t\t<div class=\"animation-style2 react-heading default\">\r\n\t\t\t<div class=\"title-inner no bg_sub_text_no double_sub_text_no\">\r\n\t\t\t\t<div class=\"split_collab_words\"><h2 class=\"title word-line\">Problemas no resueltos e inconsistencias jur\u00eddicas (2006)<\/h2><\/div>\t\t\t<\/div>\r\n\t\t\t\t\t\t\t\t\t\t\t<\/div>\t\t\t\r\n\t\t\t\t\t<\/div>\n\t\t\t\t<\/div>\n\t\t\t\t<div class=\"elementor-element elementor-element-64a2303 rt-default-class elementor-widget elementor-widget-text-editor\" data-id=\"64a2303\" data-element_type=\"widget\" data-e-type=\"widget\" data-widget_type=\"text-editor.default\">\n\t\t\t\t\t\t\t\t\t<p>En <strong>2006, la Ley n\u00ba 11.440<\/strong> cre\u00f3 nuevas normas para los CLs, pero nunca fue reglamentada. Por ello, dichas normas nunca se aplicaron en la pr\u00e1ctica. En su lugar, Brasil continu\u00f3 utilizando el antiguo <strong>Decreto n\u00ba 1.570 de 1995<\/strong> (<em>es decir, que determinaba que los CLs deb\u00edan regirse por las leyes laborales y previsionales del pa\u00eds en el que estuvieran contratados)<\/em>, incluso despu\u00e9s de la derogaci\u00f3n de la ley que originalmente le daba sustento <strong>(Ley n\u00ba 7.501 de 1986).<\/strong><\/p><p>Como resultado, algunos trabajadores brasile\u00f1os inscritos en el INSS no reciben los beneficios laborales y previsionales a los que tendr\u00edan derecho, tales como: jubilaci\u00f3n, subsidio por enfermedad, baja por maternidad, pensi\u00f3n por fallecimiento, subsidio por accidente y seguro de desempleo.<\/p>\t\t\t\t\t\t\t\t<\/div>\n\t\t\t\t<div class=\"elementor-element elementor-element-f42e2a0 rt-default-class elementor-widget elementor-widget-react-heading\" data-id=\"f42e2a0\" data-element_type=\"widget\" data-e-type=\"widget\" data-widget_type=\"react-heading.default\">\n\t\t\t\t<div class=\"elementor-widget-container\">\n\t\t\t\t\t\t\t<div class=\"animation-style2 react-heading default\">\r\n\t\t\t<div class=\"title-inner no bg_sub_text_no double_sub_text_no\">\r\n\t\t\t\t<div class=\"split_collab_words\"><h2 class=\"title word-line\">Pr\u00e1cticas internacionales vs. Realidad brasile\u00f1a<\/h2><\/div>\t\t\t<\/div>\r\n\t\t\t\t\t\t\t\t\t\t\t<\/div>\t\t\t\r\n\t\t\t\t\t<\/div>\n\t\t\t\t<\/div>\n\t\t\t\t<div class=\"elementor-element elementor-element-3f380e7 rt-default-class elementor-widget elementor-widget-text-editor\" data-id=\"3f380e7\" data-element_type=\"widget\" data-e-type=\"widget\" data-widget_type=\"text-editor.default\">\n\t\t\t\t\t\t\t\t\t<p>En la mayor\u00eda de los pa\u00edses democr\u00e1ticos, los gobiernos protegen a sus ciudadanos en el exterior, garantizando al menos derechos b\u00e1sicos, incluso bajo jurisdicciones extranjeras.<\/p><p>El Estado brasile\u00f1o, sin embargo, ha fallado en asegurar la debida protecci\u00f3n jur\u00eddica a sus propios trabajadores Contratados Locales (CLs) en el extranjero, al no garantizar, como m\u00ednimo, la aplicaci\u00f3n de la Consolidaci\u00f3n de las Leyes del Trabajo (CLT), que constituye el principal marco normativo de las relaciones laborales en Brasil y asegura derechos fundamentales a los trabajadores.<\/p><p>En lugar de ello, opta por imponer, de forma autom\u00e1tica e indiscriminada, la aplicaci\u00f3n exclusiva de las legislaciones laborales locales de los pa\u00edses de destino, incluso en los casos en que estas ofrecen garant\u00edas significativamente inferiores a las previstas por la legislaci\u00f3n brasile\u00f1a. Esta decisi\u00f3n representa una renuncia a la protecci\u00f3n adecuada de sus servidores y contradice los principios constitucionales de dignidad, igualdad y valoraci\u00f3n del trabajo.<\/p><p>El gobierno brasile\u00f1o, convenientemente, alega estar <em>\u201crespetando la soberan\u00eda del pa\u00eds anfitri\u00f3n\u201d<\/em>, pero al hacerlo debilita la propia Constituci\u00f3n y la legislaci\u00f3n laboral brasile\u00f1a, perjudicando tanto los derechos de sus ciudadanos como la credibilidad diplom\u00e1tica internacional del pa\u00eds.<\/p>\t\t\t\t\t\t\t\t<\/div>\n\t\t\t\t<div class=\"elementor-element elementor-element-8b1d633 rt-default-class elementor-widget elementor-widget-react-heading\" data-id=\"8b1d633\" data-element_type=\"widget\" data-e-type=\"widget\" data-widget_type=\"react-heading.default\">\n\t\t\t\t<div class=\"elementor-widget-container\">\n\t\t\t\t\t\t\t<div class=\"animation-style2 react-heading default\">\r\n\t\t\t<div class=\"title-inner no bg_sub_text_no double_sub_text_no\">\r\n\t\t\t\t<div class=\"split_collab_words\"><h2 class=\"title word-line\">Territorialidad y Conflicto de Leyes<\/h2><\/div>\t\t\t<\/div>\r\n\t\t\t\t\t\t\t\t\t\t\t<\/div>\t\t\t\r\n\t\t\t\t\t<\/div>\n\t\t\t\t<\/div>\n\t\t\t\t<div class=\"elementor-element elementor-element-0fac48f rt-default-class elementor-widget elementor-widget-text-editor\" data-id=\"0fac48f\" data-element_type=\"widget\" data-e-type=\"widget\" data-widget_type=\"text-editor.default\">\n\t\t\t\t\t\t\t\t\t<p>El derecho internacional generalmente sigue el principio de territorialidad, seg\u00fan el cual las leyes laborales deben corresponder al pa\u00eds donde se realiza el trabajo. Brasil respalda este principio tanto en su jurisprudencia, publicada por el Tribunal Superior del Trabajo <a href=\"https:\/\/www.tst.jus.br\/-\/trabalho-no-exterior-sdi-1-propoe-reexame-da-sumula-207\" target=\"_blank\" rel=\"noopener\">(TST, S\u00famula 207)<\/a>, como en tratados internacionales, como el <a href=\"https:\/\/www.oas.org\/juridico\/spanish\/mesicic3_ven_anexo3.pdf\" target=\"_blank\" rel=\"noopener\">C\u00f3digo de Bustamante<\/a>.<\/p><p>Aunque las embajadas y consulados suelen ser tratados como extensiones del territorio brasile\u00f1o para asuntos de inter\u00e9s estatal, este principio se aplica de forma inconsistente cuando se trata de los derechos laborales. En la pr\u00e1ctica, este reconocimiento se invoca de manera selectiva, muchas veces en perjuicio de los Contratados Locales (CLs). Esta incoherencia compromete la coherencia jur\u00eddica y la justicia.<\/p><p>Un n\u00famero creciente de especialistas jur\u00eddicos defiende que, especialmente cuando los CLs son ciudadanos brasile\u00f1os, las protecciones laborales previstas en la legislaci\u00f3n brasile\u00f1a deben extenderse a las representaciones diplom\u00e1ticas en el exterior. Estos profesionales, que sirven al Estado brasile\u00f1o fuera de sus fronteras, no pueden quedar en un vac\u00edo legal, donde sus derechos no son reconocidos por la legislaci\u00f3n local ni plenamente garantizados por las leyes de su propio pa\u00eds.<\/p>\t\t\t\t\t\t\t\t<\/div>\n\t\t\t\t<div class=\"elementor-element elementor-element-4977171 rt-default-class elementor-widget elementor-widget-react-heading\" data-id=\"4977171\" data-element_type=\"widget\" data-e-type=\"widget\" data-widget_type=\"react-heading.default\">\n\t\t\t\t<div class=\"elementor-widget-container\">\n\t\t\t\t\t\t\t<div class=\"animation-style2 react-heading default\">\r\n\t\t\t<div class=\"title-inner no bg_sub_text_no double_sub_text_no\">\r\n\t\t\t\t<div class=\"split_collab_words\"><h2 class=\"title word-line\">Las Protecciones Constitucionales Brasile\u00f1as<\/h2><\/div>\t\t\t<\/div>\r\n\t\t\t\t\t\t\t\t\t\t\t<\/div>\t\t\t\r\n\t\t\t\t\t<\/div>\n\t\t\t\t<\/div>\n\t\t\t\t<div class=\"elementor-element elementor-element-0b3aab4 rt-default-class elementor-widget elementor-widget-text-editor\" data-id=\"0b3aab4\" data-element_type=\"widget\" data-e-type=\"widget\" data-widget_type=\"text-editor.default\">\n\t\t\t\t\t\t\t\t\t<p>La <strong>Constituci\u00f3n de 1988<\/strong> garantiza derechos fundamentales a todos los trabajadores, incluyendo:<\/p><ul><li>Protecci\u00f3n contra el despido sin causa justificada.<\/li><li>Seguridad social.<\/li><li>Salario justo, decimotercer sueldo y vacaciones remuneradas.<\/li><li>Derechos de maternidad y paternidad.<\/li><li>Derecho a la huelga y a la sindicalizaci\u00f3n.<\/li><\/ul><p>Estos derechos no pueden ser negados, incluso a los brasile\u00f1os que trabajan en el exterior, especialmente a quienes desempe\u00f1an funciones en representaciones diplom\u00e1ticas de Brasil.<\/p><p>Es importante reconocer que, aunque la Constituci\u00f3n Federal de 1988 representa una de las mayores expresiones del compromiso democr\u00e1tico de Brasil, consagrando valores como la seguridad jur\u00eddica, la igualdad y la dignidad en el servicio p\u00fablico, tambi\u00e9n conlleva implicaciones directas y duraderas para los individuos que han servido y siguen sirviendo al Estado.<\/p><p>Entre sus disposiciones figura el derecho de toda persona que, en el momento de su promulgaci\u00f3n, ya hubiese prestado servicios de forma ininterrumpida al Estado brasile\u00f1o, en los \u00e1mbitos municipal, estatal o federal, durante cinco a\u00f1os o m\u00e1s, a ser formalmente reconocida como funcionario(a) p\u00fablico(a). Esta garant\u00eda clara y autoaplicable fue creada para honrar los servicios prestados durante largo tiempo. Sin embargo, casi cuatro d\u00e9cadas despu\u00e9s, muchos de los que cumplen con estos requisitos a\u00fan no han sido reconocidos por la legislaci\u00f3n.<\/p><p>Esta sigue siendo la realidad de algunos de nosotros, empleados Contratados Locales (CLs) que trabajamos en misiones diplom\u00e1ticas de Brasil en el exterior. Independientemente de si iniciamos nuestra trayectoria antes o despu\u00e9s de la promulgaci\u00f3n de la Constituci\u00f3n, hemos dedicado a\u00f1os \u2014y, en muchos casos, vidas enteras\u2014 a un trabajo leal e ininterrumpido en nombre del Estado brasile\u00f1o. Y a pesar de nuestras contribuciones constantes, muchos de nosotros seguimos enfrentando incertidumbres legales y administrativas respecto al reconocimiento de nuestros derechos constitucionales. Algunos colegas, lamentablemente, fallecieron antes de que sus reclamaciones fueran plenamente atendidas.<\/p><p>Esta situaci\u00f3n exige una nueva atenci\u00f3n institucional y una claridad moral. Cumplir la Constituci\u00f3n no es solo un deber jur\u00eddico: es un acto de justicia y de gratitud hacia quienes han servido, y siguen sirviendo, a Brasil con dedicaci\u00f3n e integridad.<\/p>\t\t\t\t\t\t\t\t<\/div>\n\t\t\t\t<div class=\"elementor-element elementor-element-9de4bd8 rt-default-class elementor-widget elementor-widget-react-heading\" data-id=\"9de4bd8\" data-element_type=\"widget\" data-e-type=\"widget\" data-widget_type=\"react-heading.default\">\n\t\t\t\t<div class=\"elementor-widget-container\">\n\t\t\t\t\t\t\t<div class=\"animation-style2 react-heading default\">\r\n\t\t\t<div class=\"title-inner no bg_sub_text_no double_sub_text_no\">\r\n\t\t\t\t<div class=\"split_collab_words\"><h2 class=\"title word-line\">Interpretaci\u00f3n Jur\u00eddica y Buenas Pr\u00e1cticas<\/h2><\/div>\t\t\t<\/div>\r\n\t\t\t\t\t\t\t\t\t\t\t<\/div>\t\t\t\r\n\t\t\t\t\t<\/div>\n\t\t\t\t<\/div>\n\t\t\t\t<div class=\"elementor-element elementor-element-825f22b rt-default-class elementor-widget elementor-widget-text-editor\" data-id=\"825f22b\" data-element_type=\"widget\" data-e-type=\"widget\" data-widget_type=\"text-editor.default\">\n\t\t\t\t\t\t\t\t\t<p>Los expertos jur\u00eddicos coinciden:<\/p><ul><li>Si ninguna ley establece claramente un r\u00e9gimen diferente, el est\u00e1ndar debe ser la legislaci\u00f3n laboral nacional de Brasil, es decir, la <strong>regulaci\u00f3n a trav\u00e9s de la Consolidaci\u00f3n de las Leyes del Trabajo (CLT).<\/strong><\/li><li>Incluso los trabajadores temporales deben recibir las protecciones constitucionales.<\/li><li>Cualquier r\u00e9gimen, o elecci\u00f3n conveniente, que otorgue menos derechos que los previstos en la Constituci\u00f3n brasile\u00f1a debe considerarse inv\u00e1lido.<\/li><\/ul>\t\t\t\t\t\t\t\t<\/div>\n\t\t\t\t<div class=\"elementor-element elementor-element-da32bec rt-default-class elementor-widget elementor-widget-react-heading\" data-id=\"da32bec\" data-element_type=\"widget\" data-e-type=\"widget\" data-widget_type=\"react-heading.default\">\n\t\t\t\t<div class=\"elementor-widget-container\">\n\t\t\t\t\t\t\t<div class=\"animation-style2 react-heading default\">\r\n\t\t\t<div class=\"title-inner no bg_sub_text_no double_sub_text_no\">\r\n\t\t\t\t<div class=\"split_collab_words\"><h2 class=\"title word-line\">Conclusi\u00f3n<\/h2><\/div>\t\t\t<\/div>\r\n\t\t\t\t\t\t\t\t\t\t\t<\/div>\t\t\t\r\n\t\t\t\t\t<\/div>\n\t\t\t\t<\/div>\n\t\t\t\t<div class=\"elementor-element elementor-element-b581bb1 rt-default-class elementor-widget elementor-widget-text-editor\" data-id=\"b581bb1\" data-element_type=\"widget\" data-e-type=\"widget\" data-widget_type=\"text-editor.default\">\n\t\t\t\t\t\t\t\t\t<p>El tratamiento jur\u00eddico que Brasil dispensa a nosotros, sus empleados contratados localmente (FCL), en el extranjero ha sido sistem\u00e1ticamente inconsistente, desactualizado y constitucionalmente fallido. A pesar de las \u201creformas\u201d, muchos de nosotros permanecemos sin protecci\u00f3n integral, presos entre las leyes locales y las obligaciones brasile\u00f1as.<\/p><p>El camino a seguir es evidente e imperativo: la Rep\u00fablica Federativa de Brasil debe modernizar el marco regulatorio que rige a sus empleados contratados localmente (FCL), idealmente por medio de la emisi\u00f3n de un Decreto Presidencial.<\/p><p>Este proceso debe ser conducido en estrecha y estructurada consulta con representantes de los FCL, cuya vasta experiencia, acumulada a lo largo de m\u00e1s de seis d\u00e9cadas de servicio en misiones diplom\u00e1ticas brasile\u00f1as en el extranjero, proporciona conocimiento institucional y experiencia pr\u00e1ctica indispensables. Nuestra visi\u00f3n no es solo relevante, sino esencial para la formulaci\u00f3n de una soluci\u00f3n sostenible y justa para un problema antiguo que impacta directamente la eficiencia, la credibilidad y la equidad de la presencia global de Brasil.<br \/>Al hacer esto, Brasil no solo honrar\u00e1 los principios fundamentales consagrados en su propia Constituci\u00f3n, sino que tambi\u00e9n reafirmar\u00e1 su compromiso con pr\u00e1cticas laborales justas, transparentes y protectoras para todos los profesionales que act\u00faan al servicio de la naci\u00f3n m\u00e1s all\u00e1 de sus fronteras.<\/p>\t\t\t\t\t\t\t\t<\/div>\n\t\t<div class=\"elementor-element elementor-element-8f40133 e-con-full e-flex rt-default-class e-con e-child\" data-id=\"8f40133\" data-element_type=\"container\" data-e-type=\"container\">\n\t\t\t\t<div class=\"elementor-element elementor-element-0ccc88c rt-default-class elementor-widget elementor-widget-n-accordion\" data-id=\"0ccc88c\" data-element_type=\"widget\" data-e-type=\"widget\" id=\"Por\" data-settings=\"{&quot;default_state&quot;:&quot;all_collapsed&quot;,&quot;max_items_expended&quot;:&quot;one&quot;,&quot;n_accordion_animation_duration&quot;:{&quot;unit&quot;:&quot;ms&quot;,&quot;size&quot;:400,&quot;sizes&quot;:[]}}\" data-widget_type=\"nested-accordion.default\">\n\t\t\t\t\t\t\t<div class=\"e-n-accordion\" aria-label=\"Accordion. Open links with Enter or Space, close with Escape, and navigate with Arrow Keys\">\n\t\t\t\t\t\t<details id=\"e-n-accordion-item-1340\" class=\"e-n-accordion-item\" >\n\t\t\t\t<summary class=\"e-n-accordion-item-title\" data-accordion-index=\"1\" tabindex=\"0\" aria-expanded=\"false\" aria-controls=\"e-n-accordion-item-1340\" >\n\t\t\t\t\t<span class='e-n-accordion-item-title-header'><div class=\"e-n-accordion-item-title-text\"> \u00bfPor qu\u00e9 debe terminar el limbo jur\u00eddico? <\/div><\/span>\n\t\t\t\t\t\t\t<span class='e-n-accordion-item-title-icon'>\n\t\t\t<span class='e-opened' ><svg aria-hidden=\"true\" class=\"e-font-icon-svg e-fas-angle-up\" viewBox=\"0 0 320 512\" xmlns=\"http:\/\/www.w3.org\/2000\/svg\"><path d=\"M177 159.7l136 136c9.4 9.4 9.4 24.6 0 33.9l-22.6 22.6c-9.4 9.4-24.6 9.4-33.9 0L160 255.9l-96.4 96.4c-9.4 9.4-24.6 9.4-33.9 0L7 329.7c-9.4-9.4-9.4-24.6 0-33.9l136-136c9.4-9.5 24.6-9.5 34-.1z\"><\/path><\/svg><\/span>\n\t\t\t<span class='e-closed'><svg aria-hidden=\"true\" class=\"e-font-icon-svg e-fas-angle-down\" viewBox=\"0 0 320 512\" xmlns=\"http:\/\/www.w3.org\/2000\/svg\"><path d=\"M143 352.3L7 216.3c-9.4-9.4-9.4-24.6 0-33.9l22.6-22.6c9.4-9.4 24.6-9.4 33.9 0l96.4 96.4 96.4-96.4c9.4-9.4 24.6-9.4 33.9 0l22.6 22.6c9.4 9.4 9.4 24.6 0 33.9l-136 136c-9.2 9.4-24.4 9.4-33.8 0z\"><\/path><\/svg><\/span>\n\t\t<\/span>\n\n\t\t\t\t\t\t<\/summary>\n\t\t\t\t<div role=\"region\" aria-labelledby=\"e-n-accordion-item-1340\" class=\"elementor-element elementor-element-19e7884 e-con-full e-flex rt-default-class e-con e-child\" data-id=\"19e7884\" data-element_type=\"container\" data-e-type=\"container\">\n\t\t\t\t<div class=\"elementor-element elementor-element-15883e0 rt-default-class elementor-widget elementor-widget-text-editor\" data-id=\"15883e0\" data-element_type=\"widget\" data-e-type=\"widget\" data-widget_type=\"text-editor.default\">\n\t\t\t\t\t\t\t\t\t<p>El Gobierno Brasile\u00f1o frecuentemente alega que aplicar las leyes laborales locales a los funcionarios Contratados Locales (CLs) es m\u00e1s sencillo y econ\u00f3micamente ventajoso. Adem\u00e1s, se ampara en el argumento ampliamente cuestionado de <em>\u201crespetar la soberan\u00eda del pa\u00eds anfitri\u00f3n\u201d<\/em>, una justificaci\u00f3n que muchos ya consideran una forma conveniente de eludir la responsabilidad de ofrecer una protecci\u00f3n clara y coherente.<\/p><p>En la pr\u00e1ctica, este enfoque ha generado problemas graves y persistentes, especialmente en pa\u00edses con sistemas jur\u00eddicos basados en el common law, como Estados Unidos, Reino Unido, Canad\u00e1 (excepto Quebec), Australia, Nueva Zelanda e India (excepto Goa), donde los marcos legales a menudo son inadecuados para abordar las circunstancias \u00fanicas del empleo en misiones diplom\u00e1ticas.<\/p><p>En esos pa\u00edses, los derechos laborales no siempre est\u00e1n establecidos en leyes escritas. Frecuentemente derivan de decisiones judiciales anteriores y de c\u00f3mo los jueces interpretan casos similares con el tiempo. Para nosotros, los funcionarios <strong>Contratados Locales (CLs<\/strong>), esto hace especialmente dif\u00edcil reclamar nuestros derechos. La defensa de nuestros derechos suele requerir acudir a la justicia, un proceso complejo, lento y costoso.<\/p><p>En estos sistemas jur\u00eddicos, no basta con se\u00f1alar una ley escrita. Muchos de nosotros necesitamos demostrar que una determinada pr\u00e1ctica se ha aplicado de forma continua a lo largo del tiempo y que es ampliamente aceptada como justa y normal: lo que se conoce como \u201ccostumbre\u201d. Para ello, es necesario convencer a un juez y presentar pruebas s\u00f3lidas. Este proceso puede ser estresante y desafiante, especialmente sin asistencia legal.<\/p><p>Para agravar a\u00fan m\u00e1s la situaci\u00f3n, es com\u00fan que las embajadas y consulados de Brasil se nieguen a cooperar con los sindicatos locales que podr\u00edan apoyar a los Contratados Locales (CLs). No reconocen formalmente a estos sindicatos, lo que impide la negociaci\u00f3n colectiva o cualquier tipo de asistencia organizada para abordar cuestiones laborales. Se nos deja afrontar los problemas solos, sin apoyo legal, sin sindicato y sin el respaldo del propio gobierno brasile\u00f1o, nuestro empleador.<\/p><p>Esta situaci\u00f3n genera un grave desequilibrio. Por un lado, est\u00e1n los diplom\u00e1ticos y funcionarios p\u00fablicos brasile\u00f1os <em>(reconocidos como tales porque fueron contratados en Brasil y asignados al exterior en r\u00e9gimen de rotaci\u00f3n)<\/em>, con plena protecci\u00f3n legal y respaldo garantizado del gobierno. Por otro lado, estamos nosotros, los funcionarios Contratados Locales (CLs), que trabajamos para el mismo gobierno, bajo el mismo techo, con la misma misi\u00f3n de representar a Brasil en el exterior, pero enfrentamos los desaf\u00edos solos. Sin un estatus jur\u00eddico definido y sin garant\u00edas colectivas, vivimos bajo un riesgo constante de trato desigual, inseguridad laboral y condiciones laborales injustas.<\/p><p>Permanecemos en un limbo jur\u00eddico: una situaci\u00f3n prolongada en la que nuestros derechos laborales no est\u00e1n claramente definidos ni aplicados de forma uniforme. Esta incertidumbre, causada por la aplicaci\u00f3n selectiva e inconsistente de las leyes laborales locales en los pa\u00edses anfitriones, nos deja sin la protecci\u00f3n que s\u00ed tienen otros servidores de la misma misi\u00f3n nacional.<\/p><p>Este doble rasero ya no puede seguir siendo \u201cjustificado\u201d: si servimos al mismo pa\u00eds, bajo la misma bandera, por la misma misi\u00f3n y con salarios pagados por los mismos recursos p\u00fablicos, entonces merecemos la misma protecci\u00f3n, la misma dignidad y los mismos derechos.<\/p>\t\t\t\t\t\t\t\t<\/div>\n\t\t\t\t<\/div>\n\t\t\t\t\t<\/details>\n\t\t\t\t\t<\/div>\n\t\t\t\t\t\t<\/div>\n\t\t\t\t<div class=\"elementor-element elementor-element-c7e806c rt-default-class elementor-widget elementor-widget-n-accordion\" data-id=\"c7e806c\" data-element_type=\"widget\" data-e-type=\"widget\" id=\"Costo\" data-settings=\"{&quot;default_state&quot;:&quot;all_collapsed&quot;,&quot;max_items_expended&quot;:&quot;one&quot;,&quot;n_accordion_animation_duration&quot;:{&quot;unit&quot;:&quot;ms&quot;,&quot;size&quot;:400,&quot;sizes&quot;:[]}}\" data-widget_type=\"nested-accordion.default\">\n\t\t\t\t\t\t\t<div class=\"e-n-accordion\" aria-label=\"Accordion. Open links with Enter or Space, close with Escape, and navigate with Arrow Keys\">\n\t\t\t\t\t\t<details id=\"e-n-accordion-item-2090\" class=\"e-n-accordion-item\" >\n\t\t\t\t<summary class=\"e-n-accordion-item-title\" data-accordion-index=\"1\" tabindex=\"0\" aria-expanded=\"false\" aria-controls=\"e-n-accordion-item-2090\" >\n\t\t\t\t\t<span class='e-n-accordion-item-title-header'><div class=\"e-n-accordion-item-title-text\"> Costo Oculto para los Contribuyentes Brasile\u00f1os <\/div><\/span>\n\t\t\t\t\t\t\t<span class='e-n-accordion-item-title-icon'>\n\t\t\t<span class='e-opened' ><svg aria-hidden=\"true\" class=\"e-font-icon-svg e-fas-angle-up\" viewBox=\"0 0 320 512\" xmlns=\"http:\/\/www.w3.org\/2000\/svg\"><path d=\"M177 159.7l136 136c9.4 9.4 9.4 24.6 0 33.9l-22.6 22.6c-9.4 9.4-24.6 9.4-33.9 0L160 255.9l-96.4 96.4c-9.4 9.4-24.6 9.4-33.9 0L7 329.7c-9.4-9.4-9.4-24.6 0-33.9l136-136c9.4-9.5 24.6-9.5 34-.1z\"><\/path><\/svg><\/span>\n\t\t\t<span class='e-closed'><svg aria-hidden=\"true\" class=\"e-font-icon-svg e-fas-angle-down\" viewBox=\"0 0 320 512\" xmlns=\"http:\/\/www.w3.org\/2000\/svg\"><path d=\"M143 352.3L7 216.3c-9.4-9.4-9.4-24.6 0-33.9l22.6-22.6c9.4-9.4 24.6-9.4 33.9 0l96.4 96.4 96.4-96.4c9.4-9.4 24.6-9.4 33.9 0l22.6 22.6c9.4 9.4 9.4 24.6 0 33.9l-136 136c-9.2 9.4-24.4 9.4-33.8 0z\"><\/path><\/svg><\/span>\n\t\t<\/span>\n\n\t\t\t\t\t\t<\/summary>\n\t\t\t\t<div role=\"region\" aria-labelledby=\"e-n-accordion-item-2090\" class=\"elementor-element elementor-element-1505671 e-con-full e-flex rt-default-class e-con e-child\" data-id=\"1505671\" data-element_type=\"container\" data-e-type=\"container\">\n\t\t\t\t<div class=\"elementor-element elementor-element-1ac19b9 rt-default-class elementor-widget elementor-widget-text-editor\" data-id=\"1ac19b9\" data-element_type=\"widget\" data-e-type=\"widget\" data-widget_type=\"text-editor.default\">\n\t\t\t\t\t\t\t\t\t<p>La ausencia de estructuras claras y de una fiscalizaci\u00f3n eficaz en la gesti\u00f3n de los funcionarios <strong>Contratados Locales (CLs)<\/strong> en las misiones diplom\u00e1ticas de Brasil en el exterior no solo es injusta, sino que tambi\u00e9n resulta cada vez m\u00e1s costosa.<\/p><p>Un n\u00famero creciente de demandas judiciales ha sido interpuesto contra dichas misiones, especialmente en jurisdicciones regidas por sistemas de common law, lo que evidencia problemas persistentes en las pr\u00e1cticas de contrataci\u00f3n y gesti\u00f3n de personal. Estas acciones suelen tener \u00e9xito, lo que revela fallos sist\u00e9micos en la forma en que somos tratados bajo la responsabilidad del Gobierno Brasile\u00f1o, a trav\u00e9s del Ministerio de Relaciones Exteriores.<\/p><p>Aunque el procedimiento est\u00e1ndar indica que las misiones diplom\u00e1ticas deben contratar asesores jur\u00eddicos mediante procesos de licitaci\u00f3n p\u00fablica, en la pr\u00e1ctica, las mismas firmas o profesionales suelen mantenerse durante largos periodos.<\/p><p>Esta continuidad se justifica habitualmente con el argumento de que \u201clos asesores antiguos poseen una valiosa memoria institucional y conocimiento de las complejidades legales espec\u00edficas de las operaciones diplom\u00e1ticas\u201d. No obstante, con el tiempo, tales acuerdos pueden favorecer una din\u00e1mica en la que la asesor\u00eda jur\u00eddica se alinea excesivamente con las preferencias internas de la misi\u00f3n y sus dirigentes, en lugar de ofrecer an\u00e1lisis independientes y rigurosos. Esta postura corre el riesgo de debilitar la objetividad y eficacia del dictamen legal, perpetuando conveniencias administrativas en detrimento del cumplimiento normativo y la justicia.<\/p><p>Las consecuencias financieras de estas pr\u00e1cticas son significativas. Cada demanda judicial perdida suele dar lugar a indemnizaciones cuantiosas, costeadas con recursos del erario p\u00fablico. En la pr\u00e1ctica, el dinero del contribuyente brasile\u00f1o se est\u00e1 utilizando para cubrir los costes de litigios que podr\u00edan haberse evitado con pol\u00edticas laborales m\u00e1s transparentes, justas y estructuradas profesionalmente. Adoptar pr\u00e1cticas coherentes y responsables no solo reducir\u00eda la exposici\u00f3n legal, sino que tambi\u00e9n reforzar\u00eda la integridad institucional de la red diplom\u00e1tica brasile\u00f1a.<\/p><p>Sin una reforma urgente, Brasil seguir\u00e1 <a href=\"https:\/\/www.terra.com.br\/noticias\/mundo\/itamaraty-tem-divida-trabalhista-na-franca-que-supera-r-2-milhoes,9beb1db9652831a30c4fb4e334a31423efqjjfgi.html#google_vignette\" target=\"_blank\" rel=\"noopener\">pagando un precio alto<\/a>, no solo en los tribunales, sino tambi\u00e9n en t\u00e9rminos de integridad, confianza p\u00fablica y credibilidad internacional.<\/p>\t\t\t\t\t\t\t\t<\/div>\n\t\t\t\t<\/div>\n\t\t\t\t\t<\/details>\n\t\t\t\t\t<\/div>\n\t\t\t\t\t\t<\/div>\n\t\t\t\t<div class=\"elementor-element elementor-element-c79c1a6 rt-default-class elementor-widget elementor-widget-n-accordion\" data-id=\"c79c1a6\" data-element_type=\"widget\" data-e-type=\"widget\" id=\"Investigaciones\" data-settings=\"{&quot;default_state&quot;:&quot;all_collapsed&quot;,&quot;max_items_expended&quot;:&quot;one&quot;,&quot;n_accordion_animation_duration&quot;:{&quot;unit&quot;:&quot;ms&quot;,&quot;size&quot;:400,&quot;sizes&quot;:[]}}\" data-widget_type=\"nested-accordion.default\">\n\t\t\t\t\t\t\t<div class=\"e-n-accordion\" aria-label=\"Accordion. Open links with Enter or Space, close with Escape, and navigate with Arrow Keys\">\n\t\t\t\t\t\t<details id=\"e-n-accordion-item-2090\" class=\"e-n-accordion-item\" >\n\t\t\t\t<summary class=\"e-n-accordion-item-title\" data-accordion-index=\"1\" tabindex=\"0\" aria-expanded=\"false\" aria-controls=\"e-n-accordion-item-2090\" >\n\t\t\t\t\t<span class='e-n-accordion-item-title-header'><div class=\"e-n-accordion-item-title-text\"> Investigaciones Acad\u00e9micas Relacionadas <\/div><\/span>\n\t\t\t\t\t\t\t<span class='e-n-accordion-item-title-icon'>\n\t\t\t<span class='e-opened' ><svg aria-hidden=\"true\" class=\"e-font-icon-svg e-fas-angle-up\" viewBox=\"0 0 320 512\" xmlns=\"http:\/\/www.w3.org\/2000\/svg\"><path d=\"M177 159.7l136 136c9.4 9.4 9.4 24.6 0 33.9l-22.6 22.6c-9.4 9.4-24.6 9.4-33.9 0L160 255.9l-96.4 96.4c-9.4 9.4-24.6 9.4-33.9 0L7 329.7c-9.4-9.4-9.4-24.6 0-33.9l136-136c9.4-9.5 24.6-9.5 34-.1z\"><\/path><\/svg><\/span>\n\t\t\t<span class='e-closed'><svg aria-hidden=\"true\" class=\"e-font-icon-svg e-fas-angle-down\" viewBox=\"0 0 320 512\" xmlns=\"http:\/\/www.w3.org\/2000\/svg\"><path d=\"M143 352.3L7 216.3c-9.4-9.4-9.4-24.6 0-33.9l22.6-22.6c9.4-9.4 24.6-9.4 33.9 0l96.4 96.4 96.4-96.4c9.4-9.4 24.6-9.4 33.9 0l22.6 22.6c9.4 9.4 9.4 24.6 0 33.9l-136 136c-9.2 9.4-24.4 9.4-33.8 0z\"><\/path><\/svg><\/span>\n\t\t<\/span>\n\n\t\t\t\t\t\t<\/summary>\n\t\t\t\t<div role=\"region\" aria-labelledby=\"e-n-accordion-item-2090\" class=\"elementor-element elementor-element-742b881 e-con-full e-flex rt-default-class e-con e-child\" data-id=\"742b881\" data-element_type=\"container\" data-e-type=\"container\">\n\t\t\t\t<div class=\"elementor-element elementor-element-21ece32 rt-default-class elementor-widget elementor-widget-text-editor\" data-id=\"21ece32\" data-element_type=\"widget\" data-e-type=\"widget\" data-widget_type=\"text-editor.default\">\n\t\t\t\t\t\t\t\t\t<p>La investigaci\u00f3n acad\u00e9mica en las \u00e1reas de derecho laboral y relaciones laborales es fundamental para la defensa de los derechos en los procesos judiciales. Proporciona la base legal y \u00e9tica necesaria para evaluar no solo la legalidad, sino tambi\u00e9n la justicia de las pr\u00e1cticas laborales. Los tribunales, especialmente los de derechos humanos, recurren a estas investigaciones para comprender cuestiones sist\u00e9micas, interpretar normas en evoluci\u00f3n y alinear sus decisiones con las obligaciones internacionales.<\/p><p>En casos complejos como el tratamiento de los trabajadores Contratados Localmente (CLs) por parte del Gobierno Brasile\u00f1o en el extranjero, los estudios acad\u00e9micos ofrecen un contexto esencial. Revelan desigualdades hist\u00f3ricas, aclaran vac\u00edos legales y refuerzan argumentos a favor de sistemas m\u00e1s justos y basados en derechos. Para los jueces, este tipo de evidencia fortalece el razonamiento jur\u00eddico y contribuye a decisiones que promueven la justicia y establecen precedentes importantes.<\/p><p>Las investigaciones enumeradas a continuaci\u00f3n ofrecen reflexiones profundas para quienes deseen ampliar su comprensi\u00f3n sobre esta creciente e innegable injusticia. A medida que la conciencia p\u00fablica aumenta d\u00eda tras d\u00eda, el conocimiento informado se vuelve esencial, no solo para entender la dimensi\u00f3n del problema, sino tambi\u00e9n para reconocer la urgencia de su resoluci\u00f3n.<\/p><p>En un mundo donde la justicia depende no solo de la ley, sino tambi\u00e9n de la comprensi\u00f3n, la investigaci\u00f3n acad\u00e9mica se convierte en el puente entre verdades enterradas y cambios leg\u00edtimos.<\/p><ul><li>La contrataci\u00f3n de personal que presta servicios al Estado brasile\u00f1o en el extranjero: \u00bffuncionarios p\u00fablicos de derecho o de hecho? | por Oliveira, Sueli Bisinoto de | junio de 2016 | <a href=\"https:\/\/repositorio.grupoautonoma.pt\/entities\/publication\/b9db87f5-75c8-4e40-8a1a-33f1760227bc\" target=\"_blank\" rel=\"noopener\">en Portugu\u00e9s<\/a><\/li><li>El estatus jur\u00eddico de los auxiliares locales del Ministerio de Relaciones Exteriores | por Martins, Veridiana Tavares | febrero de 2015 | <a href=\"https:\/\/juslaboris.tst.jus.br\/handle\/20.500.12178\/190603\" target=\"_blank\" rel=\"noopener\">en Portugu\u00e9s<\/a><\/li><li>La posici\u00f3n precaria de los empleados de Embajadas y Consulados en el Reino Unido | por Richard Garnett v\u00eda Cambridge University Press | enero de 2008 | <a href=\"https:\/\/www.cambridge.org\/core\/journals\/international-and-comparative-law-quarterly\/article\/abs\/precarious-position-of-embassy-and-consular-employees-in-the-united-kingdom\/21E6C8A00212CA6A1143EF43B9535371\" target=\"_blank\" rel=\"noopener\">en Ingl\u00e9s<\/a><\/li><li>Empleados contratados localmente por Embajadas y Consulados en el extranjero antes de la Constituci\u00f3n de 1988 son funcionarios p\u00fablicos | por De Mattos, Mauro Roberto Gomes | <a href=\"https:\/\/www.gomesdemattos.com.br\/wp-content\/uploads\/2024\/03\/empregados_consulados_embaixadas.pdf\" target=\"_blank\" rel=\"noopener\">en Portugu\u00e9s<\/a><\/li><\/ul>\t\t\t\t\t\t\t\t<\/div>\n\t\t\t\t<\/div>\n\t\t\t\t\t<\/details>\n\t\t\t\t\t<\/div>\n\t\t\t\t\t\t<\/div>\n\t\t\t\t<\/div>\n\t\t\t\t<\/div>\n\t\t\t\t<\/div>\n\t\t\t\t<\/div>\n\t\t","protected":false},"excerpt":{"rendered":"<p>Home Somos empleados del Gobierno Brasile\u00f1o, conocidos como Contratados Locales (CLs). Desde hace m\u00e1s de seis d\u00e9cadas, hemos enfrentado un escenario de ambig\u00fcedad jur\u00eddica, en el que nuestros derechos laborales no est\u00e1n definidos con claridad ni equidad, sino a trav\u00e9s de un entramado fragmentado de leyes obsoletas, normativas incumplidas e interpretaciones contradictorias de normas internacionales&#8230;<\/p>\n","protected":false},"author":1,"featured_media":0,"parent":0,"menu_order":0,"comment_status":"closed","ping_status":"closed","template":"elementor_header_footer","meta":{"footnotes":""},"class_list":["post-5947","page","type-page","status-publish","hentry"],"_links":{"self":[{"href":"https:\/\/aflex.org\/es\/wp-json\/wp\/v2\/pages\/5947","targetHints":{"allow":["GET"]}}],"collection":[{"href":"https:\/\/aflex.org\/es\/wp-json\/wp\/v2\/pages"}],"about":[{"href":"https:\/\/aflex.org\/es\/wp-json\/wp\/v2\/types\/page"}],"author":[{"embeddable":true,"href":"https:\/\/aflex.org\/es\/wp-json\/wp\/v2\/users\/1"}],"replies":[{"embeddable":true,"href":"https:\/\/aflex.org\/es\/wp-json\/wp\/v2\/comments?post=5947"}],"version-history":[{"count":56,"href":"https:\/\/aflex.org\/es\/wp-json\/wp\/v2\/pages\/5947\/revisions"}],"predecessor-version":[{"id":7934,"href":"https:\/\/aflex.org\/es\/wp-json\/wp\/v2\/pages\/5947\/revisions\/7934"}],"wp:attachment":[{"href":"https:\/\/aflex.org\/es\/wp-json\/wp\/v2\/media?parent=5947"}],"curies":[{"name":"wp","href":"https:\/\/api.w.org\/{rel}","templated":true}]}}