{"id":5939,"date":"2025-12-14T07:57:58","date_gmt":"2025-12-14T07:57:58","guid":{"rendered":"https:\/\/aflex.org\/fotos-videos-y-redes-sociales\/"},"modified":"2025-12-28T07:29:50","modified_gmt":"2025-12-28T07:29:50","slug":"fotos-videos-y-redes-sociales","status":"publish","type":"page","link":"https:\/\/aflex.org\/es\/fotos-videos-y-redes-sociales\/","title":{"rendered":"FOTOS, V\u00cdDEOS Y REDES SOCIALES"},"content":{"rendered":"\t\t<div data-elementor-type=\"wp-page\" data-elementor-id=\"5939\" class=\"elementor elementor-5939 elementor-5493\" data-elementor-post-type=\"page\">\n\t\t\t\t<div class=\"elementor-element elementor-element-a34b2d4 parallax-section e-flex e-con-boxed rt-default-class e-con e-parent\" data-id=\"a34b2d4\" data-element_type=\"container\" data-e-type=\"container\" data-settings=\"{&quot;background_background&quot;:&quot;classic&quot;,&quot;background_motion_fx_motion_fx_scrolling&quot;:&quot;yes&quot;,&quot;background_motion_fx_translateY_effect&quot;:&quot;yes&quot;,&quot;background_motion_fx_translateY_speed&quot;:{&quot;unit&quot;:&quot;px&quot;,&quot;size&quot;:1.3,&quot;sizes&quot;:[]},&quot;background_motion_fx_translateY_affectedRange&quot;:{&quot;unit&quot;:&quot;%&quot;,&quot;size&quot;:&quot;&quot;,&quot;sizes&quot;:{&quot;start&quot;:0,&quot;end&quot;:100}},&quot;background_motion_fx_devices&quot;:[&quot;desktop&quot;,&quot;tablet&quot;,&quot;mobile&quot;]}\">\n\t\t\t\t\t<div class=\"e-con-inner\">\n\t\t\t\t<div class=\"elementor-element elementor-element-4d6f3f7 rt-default-class elementor-widget elementor-widget-rtbreadrumb\" data-id=\"4d6f3f7\" data-element_type=\"widget\" data-e-type=\"widget\" data-widget_type=\"rtbreadrumb.default\">\n\t\t\t\t<div class=\"elementor-widget-container\">\n\t\t\t\t\t    \r\n\r\n    <div class=\"breadcrumb-inner-addon\">\r\n        <div class=\"rt-title-part\">\r\n            <h1 class=\"page-title\"><\/h1>\r\n                    <\/div>\r\n        <div class=\"breadcrumb-path\">\r\n                <a href=\"https:\/\/aflex.org\/es\/\">Home<\/a>            <\/div>\r\n    <\/div>   \r\n    \t\t\t\t<\/div>\n\t\t\t\t<\/div>\n\t\t\t\t\t<\/div>\n\t\t\t\t<\/div>\n\t\t<div class=\"elementor-element elementor-element-596ec43 e-con-full e-flex rt-default-class e-con e-parent\" data-id=\"596ec43\" data-element_type=\"container\" data-e-type=\"container\">\n\t\t<div class=\"elementor-element elementor-element-e869e5e e-con-full e-flex rt-default-class e-con e-child\" data-id=\"e869e5e\" data-element_type=\"container\" data-e-type=\"container\">\n\t\t\t\t<div class=\"elementor-element elementor-element-0dce2af rt-default-class elementor-widget elementor-widget-text-editor\" data-id=\"0dce2af\" data-element_type=\"widget\" data-e-type=\"widget\" data-widget_type=\"text-editor.default\">\n\t\t\t\t\t\t\t\t\t<p>Las fotos, los v\u00eddeos y las redes sociales son herramientas poderosas para documentar y compartir las experiencias de los movimientos sociales. Proporcionan pruebas innegables y en tiempo real de protestas y manifestaciones, capturando emociones, dimensiones e intensidades que los relatos escritos a menudo no logran transmitir.<\/p><p>Estos registros demuestran que hemos estado, y seguimos estando, presentes, comprometidos y dispuestos a luchar p\u00fablicamente por nuestros derechos, a menudo en condiciones dif\u00edciles o incluso peligrosas. Nos ayudan a responsabilizar a instituciones y autoridades, al exponer entornos de trabajo inseguros, desigualdades salariales y negligencia sist\u00e9mica.<\/p><p>Nuestras fotos, v\u00eddeos y publicaciones son m\u00e1s que simple documentaci\u00f3n, son testimonios de nuestra valent\u00eda, resiliencia y del profundo deseo de dignidad. Se han vuelto esenciales para aumentar la concienciaci\u00f3n, movilizar el apoyo p\u00fablico y presionar a autoridades y empleadores. Ya sea a trav\u00e9s de peri\u00f3dicos o redes sociales, estas im\u00e1genes y v\u00eddeos funcionan como pruebas irrefutables de los esfuerzos que personas comunes hacen solo para garantizar lo b\u00e1sico: seguridad, justicia y respeto en el entorno de trabajo.<\/p><p>Juntos, estos registros forman la creciente biblioteca de archivos de AFLEX, un acervo hist\u00f3rico que preserva nuestras acciones, testimonios de miembros y visibilidad p\u00fablica, capturando nuestras realidades en tiempo real para concienciaci\u00f3n global inmediata.<\/p><p>En un mundo donde el silencio puede apagar injusticias, cada imagen, historia y voz compartida se transforma en un registro vivo de resistencia, una prueba de que nos posicionamos, hablamos y exigimos dignidad cuando m\u00e1s importaba.<\/p>\t\t\t\t\t\t\t\t<\/div>\n\t\t\t\t<div class=\"elementor-element elementor-element-10f4ffa rt-default-class elementor-widget elementor-widget-react-heading\" data-id=\"10f4ffa\" data-element_type=\"widget\" data-e-type=\"widget\" data-widget_type=\"react-heading.default\">\n\t\t\t\t<div class=\"elementor-widget-container\">\n\t\t\t\t\t\t\t<div class=\"animation-style2 react-heading default\">\r\n\t\t\t<div class=\"title-inner no bg_sub_text_no double_sub_text_no\">\r\n\t\t\t\t<div class=\"split_collab_words\"><h2 class=\"title word-line\">Fotos<\/h2><\/div>\t\t\t<\/div>\r\n\t\t\t\t\t\t\t\t\t\t\t<\/div>\t\t\t\r\n\t\t\t\t\t<\/div>\n\t\t\t\t<\/div>\n\t\t\t\t<div class=\"elementor-element elementor-element-ad2c214 elementor-icon-list--layout-traditional elementor-list-item-link-full_width rt-default-class elementor-widget elementor-widget-icon-list\" data-id=\"ad2c214\" data-element_type=\"widget\" data-e-type=\"widget\" data-widget_type=\"icon-list.default\">\n\t\t\t\t\t\t\t<ul class=\"elementor-icon-list-items\">\n\t\t\t\t\t\t\t<li class=\"elementor-icon-list-item\">\n\t\t\t\t\t\t\t\t\t\t\t<a href=\"https:\/\/www.flickr.com\/photos\/operacao-despertar\/albums\/72157627128895243\/\" target=\"_blank\">\n\n\t\t\t\t\t\t\t\t\t\t\t\t<span class=\"elementor-icon-list-icon\">\n\t\t\t\t\t\t\t<svg aria-hidden=\"true\" class=\"e-font-icon-svg e-fas-camera\" viewBox=\"0 0 512 512\" xmlns=\"http:\/\/www.w3.org\/2000\/svg\"><path d=\"M512 144v288c0 26.5-21.5 48-48 48H48c-26.5 0-48-21.5-48-48V144c0-26.5 21.5-48 48-48h88l12.3-32.9c7-18.7 24.9-31.1 44.9-31.1h125.5c20 0 37.9 12.4 44.9 31.1L376 96h88c26.5 0 48 21.5 48 48zM376 288c0-66.2-53.8-120-120-120s-120 53.8-120 120 53.8 120 120 120 120-53.8 120-120zm-32 0c0 48.5-39.5 88-88 88s-88-39.5-88-88 39.5-88 88-88 88 39.5 88 88z\"><\/path><\/svg>\t\t\t\t\t\t<\/span>\n\t\t\t\t\t\t\t\t\t\t<span class=\"elementor-icon-list-text\">Haz clic en la imagen de la c\u00e1mara para ver las fotos que capturan un momento poderoso e hist\u00f3rico: por primera vez, los empleados Contratados Locales (CLs) que trabajan para el Gobierno Brasile\u00f1o en misiones diplom\u00e1ticas alrededor del mundo se unieron en una manifestaci\u00f3n pac\u00edfica y coordinada. Esto marc\u00f3 un punto de inflexi\u00f3n en la forma en que el servicio diplom\u00e1tico brasile\u00f1o comenz\u00f3 a ser realmente percibido m\u00e1s all\u00e1 de las meras apariencias, aportando un nuevo nivel factual de honestidad y transparencia.<\/span>\n\t\t\t\t\t\t\t\t\t\t\t<\/a>\n\t\t\t\t\t\t\t\t\t<\/li>\n\t\t\t\t\t\t<\/ul>\n\t\t\t\t\t\t<\/div>\n\t\t\t\t<div class=\"elementor-element elementor-element-4522500 rt-default-class elementor-widget elementor-widget-react-heading\" data-id=\"4522500\" data-element_type=\"widget\" data-e-type=\"widget\" data-widget_type=\"react-heading.default\">\n\t\t\t\t<div class=\"elementor-widget-container\">\n\t\t\t\t\t\t\t<div class=\"animation-style2 react-heading default\">\r\n\t\t\t<div class=\"title-inner no bg_sub_text_no double_sub_text_no\">\r\n\t\t\t\t<div class=\"split_collab_words\"><h2 class=\"title word-line\">V\u00eddeos<\/h2><\/div>\t\t\t<\/div>\r\n\t\t\t\t\t\t\t\t\t\t\t<\/div>\t\t\t\r\n\t\t\t\t\t<\/div>\n\t\t\t\t<\/div>\n\t\t\t\t<div class=\"elementor-element elementor-element-f5ce227 elementor-icon-list--layout-traditional elementor-list-item-link-full_width rt-default-class elementor-widget elementor-widget-icon-list\" data-id=\"f5ce227\" data-element_type=\"widget\" data-e-type=\"widget\" data-widget_type=\"icon-list.default\">\n\t\t\t\t\t\t\t<ul class=\"elementor-icon-list-items\">\n\t\t\t\t\t\t\t<li class=\"elementor-icon-list-item\">\n\t\t\t\t\t\t\t\t\t\t\t<a href=\"https:\/\/www.youtube.com\/@A.F.L.E.X\/playlists\" target=\"_blank\">\n\n\t\t\t\t\t\t\t\t\t\t\t\t<span class=\"elementor-icon-list-icon\">\n\t\t\t\t\t\t\t<svg aria-hidden=\"true\" class=\"e-font-icon-svg e-fab-youtube\" viewBox=\"0 0 576 512\" xmlns=\"http:\/\/www.w3.org\/2000\/svg\"><path d=\"M549.655 124.083c-6.281-23.65-24.787-42.276-48.284-48.597C458.781 64 288 64 288 64S117.22 64 74.629 75.486c-23.497 6.322-42.003 24.947-48.284 48.597-11.412 42.867-11.412 132.305-11.412 132.305s0 89.438 11.412 132.305c6.281 23.65 24.787 41.5 48.284 47.821C117.22 448 288 448 288 448s170.78 0 213.371-11.486c23.497-6.321 42.003-24.171 48.284-47.821 11.412-42.867 11.412-132.305 11.412-132.305s0-89.438-11.412-132.305zm-317.51 213.508V175.185l142.739 81.205-142.739 81.201z\"><\/path><\/svg>\t\t\t\t\t\t<\/span>\n\t\t\t\t\t\t\t\t\t\t<span class=\"elementor-icon-list-text\">A trav\u00e9s de testimonios, pruebas y relatos reales, esta lista de v\u00eddeos ofrece una mirada directa y sin censura a las luchas que enfrentan los empleados Contratados Locales (CLs) de Brasil que trabajan en misiones diplom\u00e1ticas alrededor del mundo. Cuidadosamente organizada por AFLEX, esta selecci\u00f3n revela m\u00e1s de sesenta a\u00f1os de malos tratos sist\u00e9micos, desigualdad salarial, limbo jur\u00eddico, invisibilidad, acoso, discriminaci\u00f3n y negligencia institucional, al tiempo que clama por justicia, transparencia y reforma. Descubre la verdad. Escucha sus voces. Qu\u00e9date a nuestro lado.<\/span>\n\t\t\t\t\t\t\t\t\t\t\t<\/a>\n\t\t\t\t\t\t\t\t\t<\/li>\n\t\t\t\t\t\t<\/ul>\n\t\t\t\t\t\t<\/div>\n\t\t<div class=\"elementor-element elementor-element-8f40133 e-con-full e-flex rt-default-class e-con e-child\" data-id=\"8f40133\" data-element_type=\"container\" data-e-type=\"container\">\n\t\t\t\t<div class=\"elementor-element elementor-element-a522724 rt-default-class elementor-widget elementor-widget-react-heading\" data-id=\"a522724\" data-element_type=\"widget\" data-e-type=\"widget\" data-widget_type=\"react-heading.default\">\n\t\t\t\t<div class=\"elementor-widget-container\">\n\t\t\t\t\t\t\t<div class=\"animation-style2 react-heading default\">\r\n\t\t\t<div class=\"title-inner no bg_sub_text_no double_sub_text_no\">\r\n\t\t\t\t<div class=\"split_collab_words\"><h2 class=\"title word-line\">Redes Sociais<\/h2><\/div>\t\t\t<\/div>\r\n\t\t\t\t\t\t\t\t\t\t\t<\/div>\t\t\t\r\n\t\t\t\t\t<\/div>\n\t\t\t\t<\/div>\n\t\t\t\t<div class=\"elementor-element elementor-element-0ee1705 rt-default-class elementor-widget elementor-widget-text-editor\" data-id=\"0ee1705\" data-element_type=\"widget\" data-e-type=\"widget\" data-widget_type=\"text-editor.default\">\n\t\t\t\t\t\t\t\t\t<p>Seguir a AFLEX en las redes sociales es la mejor manera de mantenerse al d\u00eda con las \u00faltimas noticias, avances y hitos en nuestra lucha por la igualdad y por derechos laborales justos para los empleados Contratados Locales (CLs). Estos canales ofrecen acceso inmediato a actualizaciones, campa\u00f1as y recursos mientras seguimos luchando por reconocimiento y justicia.<\/p><p>Tambi\u00e9n te animamos a seguir a sindicatos, asociaciones y grupos de defensa en tu pa\u00eds. Estas plataformas comparten informaci\u00f3n sobre derechos legales, historias de \u00e9xito y orientaciones pr\u00e1cticas, adem\u00e1s de crear espacios de di\u00e1logo y solidaridad entre trabajadores que enfrentan desaf\u00edos similares.<\/p><p>Juntas, estas redes garantizan que sigas informado, comprometido y fortalecido para mejorar tus condiciones laborales, est\u00e9s donde est\u00e9s en el mundo.<\/p>\t\t\t\t\t\t\t\t<\/div>\n\t\t\t\t<div class=\"elementor-element elementor-element-e6861a1 elementor-shape-circle elementor-grid-0 e-grid-align-center rt-default-class elementor-widget elementor-widget-social-icons\" data-id=\"e6861a1\" data-element_type=\"widget\" data-e-type=\"widget\" data-widget_type=\"social-icons.default\">\n\t\t\t\t\t\t\t<div class=\"elementor-social-icons-wrapper elementor-grid\" role=\"list\">\n\t\t\t\t\t\t\t<span class=\"elementor-grid-item\" role=\"listitem\">\n\t\t\t\t\t<a class=\"elementor-icon elementor-social-icon elementor-social-icon-facebook elementor-animation-bob elementor-repeater-item-40263c2\" href=\"https:\/\/www.facebook.com\/aflex.operacaodespertar\" target=\"_blank\">\n\t\t\t\t\t\t<span class=\"elementor-screen-only\">Facebook<\/span>\n\t\t\t\t\t\t<svg aria-hidden=\"true\" class=\"e-font-icon-svg e-fab-facebook\" viewBox=\"0 0 512 512\" xmlns=\"http:\/\/www.w3.org\/2000\/svg\"><path d=\"M504 256C504 119 393 8 256 8S8 119 8 256c0 123.78 90.69 226.38 209.25 245V327.69h-63V256h63v-54.64c0-62.15 37-96.48 93.67-96.48 27.14 0 55.52 4.84 55.52 4.84v61h-31.28c-30.8 0-40.41 19.12-40.41 38.73V256h68.78l-11 71.69h-57.78V501C413.31 482.38 504 379.78 504 256z\"><\/path><\/svg>\t\t\t\t\t<\/a>\n\t\t\t\t<\/span>\n\t\t\t\t\t\t\t<span class=\"elementor-grid-item\" role=\"listitem\">\n\t\t\t\t\t<a class=\"elementor-icon elementor-social-icon elementor-social-icon-x-twitter elementor-animation-bob elementor-repeater-item-f6ea110\" href=\"https:\/\/x.com\/locaismre\" target=\"_blank\">\n\t\t\t\t\t\t<span class=\"elementor-screen-only\">X-twitter<\/span>\n\t\t\t\t\t\t<svg aria-hidden=\"true\" class=\"e-font-icon-svg e-fab-x-twitter\" viewBox=\"0 0 512 512\" xmlns=\"http:\/\/www.w3.org\/2000\/svg\"><path d=\"M389.2 48h70.6L305.6 224.2 487 464H345L233.7 318.6 106.5 464H35.8L200.7 275.5 26.8 48H172.4L272.9 180.9 389.2 48zM364.4 421.8h39.1L151.1 88h-42L364.4 421.8z\"><\/path><\/svg>\t\t\t\t\t<\/a>\n\t\t\t\t<\/span>\n\t\t\t\t\t\t\t<span class=\"elementor-grid-item\" role=\"listitem\">\n\t\t\t\t\t<a class=\"elementor-icon elementor-social-icon elementor-social-icon-instagram elementor-animation-bob elementor-repeater-item-615007a\" href=\"https:\/\/www.instagram.com\/aflex.contratados.locais.mre?igsh=cGNwdXd6aW53anBx\" target=\"_blank\">\n\t\t\t\t\t\t<span class=\"elementor-screen-only\">Instagram<\/span>\n\t\t\t\t\t\t<svg aria-hidden=\"true\" class=\"e-font-icon-svg e-fab-instagram\" viewBox=\"0 0 448 512\" xmlns=\"http:\/\/www.w3.org\/2000\/svg\"><path d=\"M224.1 141c-63.6 0-114.9 51.3-114.9 114.9s51.3 114.9 114.9 114.9S339 319.5 339 255.9 287.7 141 224.1 141zm0 189.6c-41.1 0-74.7-33.5-74.7-74.7s33.5-74.7 74.7-74.7 74.7 33.5 74.7 74.7-33.6 74.7-74.7 74.7zm146.4-194.3c0 14.9-12 26.8-26.8 26.8-14.9 0-26.8-12-26.8-26.8s12-26.8 26.8-26.8 26.8 12 26.8 26.8zm76.1 27.2c-1.7-35.9-9.9-67.7-36.2-93.9-26.2-26.2-58-34.4-93.9-36.2-37-2.1-147.9-2.1-184.9 0-35.8 1.7-67.6 9.9-93.9 36.1s-34.4 58-36.2 93.9c-2.1 37-2.1 147.9 0 184.9 1.7 35.9 9.9 67.7 36.2 93.9s58 34.4 93.9 36.2c37 2.1 147.9 2.1 184.9 0 35.9-1.7 67.7-9.9 93.9-36.2 26.2-26.2 34.4-58 36.2-93.9 2.1-37 2.1-147.8 0-184.8zM398.8 388c-7.8 19.6-22.9 34.7-42.6 42.6-29.5 11.7-99.5 9-132.1 9s-102.7 2.6-132.1-9c-19.6-7.8-34.7-22.9-42.6-42.6-11.7-29.5-9-99.5-9-132.1s-2.6-102.7 9-132.1c7.8-19.6 22.9-34.7 42.6-42.6 29.5-11.7 99.5-9 132.1-9s102.7-2.6 132.1 9c19.6 7.8 34.7 22.9 42.6 42.6 11.7 29.5 9 99.5 9 132.1s2.7 102.7-9 132.1z\"><\/path><\/svg>\t\t\t\t\t<\/a>\n\t\t\t\t<\/span>\n\t\t\t\t\t<\/div>\n\t\t\t\t\t\t<\/div>\n\t\t\t\t<\/div>\n\t\t\t\t<\/div>\n\t\t\t\t<\/div>\n\t\t\t\t<\/div>\n\t\t","protected":false},"excerpt":{"rendered":"<p>Home Las fotos, los v\u00eddeos y las redes sociales son herramientas poderosas para documentar y compartir las experiencias de los movimientos sociales. Proporcionan pruebas innegables y en tiempo real de protestas y manifestaciones, capturando emociones, dimensiones e intensidades que los relatos escritos a menudo no logran transmitir. Estos registros demuestran que hemos estado, y seguimos&#8230;<\/p>\n","protected":false},"author":1,"featured_media":0,"parent":0,"menu_order":0,"comment_status":"closed","ping_status":"closed","template":"elementor_header_footer","meta":{"footnotes":""},"class_list":["post-5939","page","type-page","status-publish","hentry"],"_links":{"self":[{"href":"https:\/\/aflex.org\/es\/wp-json\/wp\/v2\/pages\/5939","targetHints":{"allow":["GET"]}}],"collection":[{"href":"https:\/\/aflex.org\/es\/wp-json\/wp\/v2\/pages"}],"about":[{"href":"https:\/\/aflex.org\/es\/wp-json\/wp\/v2\/types\/page"}],"author":[{"embeddable":true,"href":"https:\/\/aflex.org\/es\/wp-json\/wp\/v2\/users\/1"}],"replies":[{"embeddable":true,"href":"https:\/\/aflex.org\/es\/wp-json\/wp\/v2\/comments?post=5939"}],"version-history":[{"count":22,"href":"https:\/\/aflex.org\/es\/wp-json\/wp\/v2\/pages\/5939\/revisions"}],"predecessor-version":[{"id":7943,"href":"https:\/\/aflex.org\/es\/wp-json\/wp\/v2\/pages\/5939\/revisions\/7943"}],"wp:attachment":[{"href":"https:\/\/aflex.org\/es\/wp-json\/wp\/v2\/media?parent=5939"}],"curies":[{"name":"wp","href":"https:\/\/api.w.org\/{rel}","templated":true}]}}