{"id":5929,"date":"2025-12-14T08:43:01","date_gmt":"2025-12-14T08:43:01","guid":{"rendered":"https:\/\/aflex.org\/como-puede-ayudarnos\/"},"modified":"2025-12-28T18:14:59","modified_gmt":"2025-12-28T18:14:59","slug":"como-puede-ayudarnos","status":"publish","type":"page","link":"https:\/\/aflex.org\/es\/como-puede-ayudarnos\/","title":{"rendered":"\u00bfC\u00d3MO PUEDE AYUDARNOS?"},"content":{"rendered":"\t\t<div data-elementor-type=\"wp-page\" data-elementor-id=\"5929\" class=\"elementor elementor-5929 elementor-5504\" data-elementor-post-type=\"page\">\n\t\t\t\t<div class=\"elementor-element elementor-element-6210178 parallax-section e-flex e-con-boxed rt-default-class e-con e-parent\" data-id=\"6210178\" data-element_type=\"container\" data-e-type=\"container\" data-settings=\"{&quot;background_background&quot;:&quot;classic&quot;,&quot;background_motion_fx_motion_fx_scrolling&quot;:&quot;yes&quot;,&quot;background_motion_fx_translateY_effect&quot;:&quot;yes&quot;,&quot;background_motion_fx_translateY_speed&quot;:{&quot;unit&quot;:&quot;px&quot;,&quot;size&quot;:1.3,&quot;sizes&quot;:[]},&quot;background_motion_fx_translateY_affectedRange&quot;:{&quot;unit&quot;:&quot;%&quot;,&quot;size&quot;:&quot;&quot;,&quot;sizes&quot;:{&quot;start&quot;:0,&quot;end&quot;:100}},&quot;background_motion_fx_devices&quot;:[&quot;desktop&quot;,&quot;tablet&quot;,&quot;mobile&quot;]}\">\n\t\t\t\t\t<div class=\"e-con-inner\">\n\t\t\t\t<div class=\"elementor-element elementor-element-7c4f912 rt-default-class elementor-widget elementor-widget-rtbreadrumb\" data-id=\"7c4f912\" data-element_type=\"widget\" data-e-type=\"widget\" data-widget_type=\"rtbreadrumb.default\">\n\t\t\t\t<div class=\"elementor-widget-container\">\n\t\t\t\t\t    \r\n\r\n    <div class=\"breadcrumb-inner-addon\">\r\n        <div class=\"rt-title-part\">\r\n            <h1 class=\"page-title\"><\/h1>\r\n                    <\/div>\r\n        <div class=\"breadcrumb-path\">\r\n                <a href=\"https:\/\/aflex.org\/es\/\">Home<\/a>            <\/div>\r\n    <\/div>   \r\n    \t\t\t\t<\/div>\n\t\t\t\t<\/div>\n\t\t\t\t\t<\/div>\n\t\t\t\t<\/div>\n\t\t<div class=\"elementor-element elementor-element-596ec43 e-con-full e-flex rt-default-class e-con e-parent\" data-id=\"596ec43\" data-element_type=\"container\" data-e-type=\"container\">\n\t\t<div class=\"elementor-element elementor-element-e869e5e e-con-full e-flex rt-default-class e-con e-child\" data-id=\"e869e5e\" data-element_type=\"container\" data-e-type=\"container\">\n\t\t\t\t<div class=\"elementor-element elementor-element-0dce2af rt-default-class elementor-widget elementor-widget-text-editor\" data-id=\"0dce2af\" data-element_type=\"widget\" data-e-type=\"widget\" data-widget_type=\"text-editor.default\">\n\t\t\t\t\t\t\t\t\t<p>Si crees en la justicia, la igualdad y el reconocimiento, puedes ser un aliado fundamental en nuestra campa\u00f1a. Al apoyar condiciones de trabajo justas y dignas para los empleados Contratados Locales (CLs) del Gobierno de Brasil en el extranjero, reafirmas un principio simple: nadie que sirva a su pa\u00eds con dedicaci\u00f3n deber\u00eda quedarse sin protecci\u00f3n ni sin voz.<\/p><h3><strong>C\u00f3mo puedes ayudarnos a impulsar el cambio<\/strong><\/h3>\t\t\t\t\t\t\t\t<\/div>\n\t\t\t\t<div class=\"elementor-element elementor-element-10f4ffa rt-default-class elementor-widget elementor-widget-react-heading\" data-id=\"10f4ffa\" data-element_type=\"widget\" data-e-type=\"widget\" data-widget_type=\"react-heading.default\">\n\t\t\t\t<div class=\"elementor-widget-container\">\n\t\t\t\t\t\t\t<div class=\"animation-style2 react-heading default\">\r\n\t\t\t<div class=\"title-inner no bg_sub_text_no double_sub_text_no\">\r\n\t\t\t\t<div class=\"split_collab_words\"><h2 class=\"title word-line\">Firma la Consulta P\u00fablica en el Senado Federal antes de que finalice y di S\u00cd<\/h2><\/div>\t\t\t<\/div>\r\n\t\t\t\t\t\t\t\t\t\t\t<\/div>\t\t\t\r\n\t\t\t\t\t<\/div>\n\t\t\t\t<\/div>\n\t\t\t\t<div class=\"elementor-element elementor-element-2acfddd rt-default-class elementor-widget elementor-widget-text-editor\" data-id=\"2acfddd\" data-element_type=\"widget\" data-e-type=\"widget\" data-widget_type=\"text-editor.default\">\n\t\t\t\t\t\t\t\t\t<ul><li>Accede con tu cuenta Gov.Br.<\/li><li>Si no tienes una cuenta Gov.Br, tambi\u00e9n puedes acceder con un correo electr\u00f3nico de Google.<\/li><\/ul><p>Ap\u00f3yanos firmando la actual <a href=\"https:\/\/www25.senado.leg.br\/web\/atividade\/materias\/-\/materia\/140524\" target=\"_blank\" rel=\"noopener\">consulta p\u00fablica del Senado Federal<\/a> sobre el Proyecto de Ley n\u00ba 117\/2020, de la Senadora Leila Barros. Este proyecto busca garantizar derechos laborales y de seguridad social a los empleados Contratados Locales (CLs) que trabajan en embajadas, consulados y oficinas diplom\u00e1ticas de Brasil en el extranjero.<\/p><p>Para nosotros, esta consulta tambi\u00e9n act\u00faa como una especie de petici\u00f3n, mostrando a los legisladores que la conciencia p\u00fablica sobre nuestra causa est\u00e1 creciendo.<\/p>\t\t\t\t\t\t\t\t<\/div>\n\t\t\t\t<div class=\"elementor-element elementor-element-ce3df1b rt-default-class elementor-widget elementor-widget-react-heading\" data-id=\"ce3df1b\" data-element_type=\"widget\" data-e-type=\"widget\" data-widget_type=\"react-heading.default\">\n\t\t\t\t<div class=\"elementor-widget-container\">\n\t\t\t\t\t\t\t<div class=\"animation-style2 react-heading default\">\r\n\t\t\t<div class=\"title-inner no bg_sub_text_no double_sub_text_no\">\r\n\t\t\t\t<div class=\"split_collab_words\"><h2 class=\"title word-line\">Env\u00eda un breve correo electr\u00f3nico a la Senadora Leila Barros<\/h2><\/div>\t\t\t<\/div>\r\n\t\t\t\t\t\t\t\t\t\t\t<\/div>\t\t\t\r\n\t\t\t\t\t<\/div>\n\t\t\t\t<\/div>\n\t\t\t\t<div class=\"elementor-element elementor-element-88742cb rt-default-class elementor-widget elementor-widget-text-editor\" data-id=\"88742cb\" data-element_type=\"widget\" data-e-type=\"widget\" data-widget_type=\"text-editor.default\">\n\t\t\t\t\t\t\t\t\t<p>(<a href=\"mailto:sen.leilabarros@senado.leg.br\">sen.leilabarros@senado.leg.br<\/a> ), copiando: <a href=\"mailto:aflex@aflex.org\">aflex@aflex.org<\/a> , para agradecerle por haber iniciado la consulta p\u00fablica en nombre de los empleados Contratados Locales del Gobierno Brasile\u00f1o y para pedirle que mantenga esta cuesti\u00f3n como prioridad en la agenda de sus colegas y dem\u00e1s responsables de la toma de decisiones.<strong>\u00a0<\/strong><\/p><p>Modelo sugerido:<\/p><p><em>Estimada Senadora Leila,<\/em><\/p><p><em>Le agradezco su compromiso en la b\u00fasqueda del tan esperado reconocimiento y la justicia para los Empleados Contratados Locales (CLs) de Brasil que trabajan en misiones diplom\u00e1ticas en el exterior.<\/em><\/p><p><em>Soy consciente de las precarias condiciones laborales y de la inseguridad jur\u00eddica que estos profesionales contin\u00faan enfrentando, a pesar de ser la columna vertebral de la presencia diplom\u00e1tica brasile\u00f1a en el mundo. Sin el servicio permanente y dedicado de los CLs, las misiones de Brasil no habr\u00edan podido funcionar eficazmente durante m\u00e1s de medio siglo, y no podr\u00e1n seguir funcionando en el futuro.<\/em><\/p><p><em>Le ruego amablemente que siga defendiendo esta causa y anime a sus colegas y a las dem\u00e1s autoridades a mantenerla en la agenda nacional.<\/em><\/p><p><em>Una vez m\u00e1s, gracias por su liderazgo y apoyo en esta cuesti\u00f3n vital.<\/em><\/p><p><em>Atentamente,<\/em><\/p><p><strong>[Su nombre]<\/strong><\/p>\t\t\t\t\t\t\t\t<\/div>\n\t\t<div class=\"elementor-element elementor-element-8f40133 e-con-full e-flex rt-default-class e-con e-child\" data-id=\"8f40133\" data-element_type=\"container\" data-e-type=\"container\">\n\t\t\t\t<div class=\"elementor-element elementor-element-b81f5a7 rt-accor rt-default-class elementor-widget elementor-widget-accordion\" data-id=\"b81f5a7\" data-element_type=\"widget\" data-e-type=\"widget\" data-widget_type=\"accordion.default\">\n\t\t\t\t\t\t\t<div class=\"elementor-accordion\">\n\t\t\t\t\t\t\t<div class=\"elementor-accordion-item\">\n\t\t\t\t\t<div id=\"elementor-tab-title-1931\" class=\"elementor-tab-title\" data-tab=\"1\" role=\"button\" aria-controls=\"elementor-tab-content-1931\" aria-expanded=\"false\">\n\t\t\t\t\t\t\t\t\t\t\t\t\t<span class=\"elementor-accordion-icon elementor-accordion-icon-right\" aria-hidden=\"true\">\n\t\t\t\t\t\t\t\t\t\t\t\t\t\t\t<span class=\"elementor-accordion-icon-closed\"><i class=\"rt rt-angle-down\"><\/i><\/span>\n\t\t\t\t\t\t\t\t<span class=\"elementor-accordion-icon-opened\"><i class=\"rt rt-angle-up\"><\/i><\/span>\n\t\t\t\t\t\t\t\t\t\t\t\t\t\t<\/span>\n\t\t\t\t\t\t\t\t\t\t\t\t<a class=\"elementor-accordion-title\" tabindex=\"0\">Una alternativa ser\u00eda enviar un mensaje directamente al Presidente de Brasil a trav\u00e9s del sitio web \u201cFale com o Presidente\u201d (Hable con el Presidente).<\/a>\n\t\t\t\t\t<\/div>\n\t\t\t\t\t<div id=\"elementor-tab-content-1931\" class=\"elementor-tab-content elementor-clearfix\" data-tab=\"1\" role=\"region\" aria-labelledby=\"elementor-tab-title-1931\"><p><a href=\"https:\/\/falepr.presidencia.gov.br\/exec\/index.php?idioma=es\" target=\"_blank\" rel=\"noopener\">Basta con hacer clic aqu\u00ed y rellenar un formulario sencillo<\/a>.\u00a0 Puedes copiar y pegar el siguiente texto sugerido:<\/p><p><strong><em>Asunto:<\/em><\/strong><em> Reconocimiento y Justicia para los Empleados Contratados Locales de Brasil en el Exterior<\/em><\/p><p><em>Se\u00f1or Presidente,<\/em><\/p><p><em>Le escribo para expresar mi preocupaci\u00f3n por las precarias condiciones laborales y la falta de protecci\u00f3n legal que enfrentan los Empleados Contratados Locales (CLs) que trabajan en embajadas, consulados y misiones diplom\u00e1ticas de Brasil en el exterior.<\/em><em>\u00a0<\/em><\/p><p><em>Estos profesionales, muchos de los cuales llevan d\u00e9cadas sirviendo al pa\u00eds, constituyen la base y la columna vertebral de las operaciones diplom\u00e1ticas de Brasil fuera de sus fronteras.<\/em><\/p><p><em>Sin el servicio permanente y dedicado de estos profesionales, las misiones de Brasil no habr\u00edan funcionado de forma eficaz durante m\u00e1s de medio siglo, y tampoco podr\u00e1n seguir funcionando en el futuro. Su contribuci\u00f3n es indispensable, pero sus derechos siguen sin estar protegidos.<\/em><em>\u00a0<\/em><\/p><p><em>Le pido que su gobierno adopte medidas concretas para reconocer el papel esencial de los CLs, regularizar su situaci\u00f3n laboral y garantizar condiciones de trabajo justas y dignas para todos aquellos que sirven a la naci\u00f3n, est\u00e9n donde est\u00e9n.<\/em><\/p><p><em>Gracias por su atenci\u00f3n a esta cuesti\u00f3n de justicia y de inter\u00e9s nacional.<\/em><\/p><p><em>Respetuosamente,<br \/><\/em><strong>[Su nombre]<\/strong><\/p><\/div>\n\t\t\t\t<\/div>\n\t\t\t\t\t\t\t<div class=\"elementor-accordion-item\">\n\t\t\t\t\t<div id=\"elementor-tab-title-1932\" class=\"elementor-tab-title\" data-tab=\"2\" role=\"button\" aria-controls=\"elementor-tab-content-1932\" aria-expanded=\"false\">\n\t\t\t\t\t\t\t\t\t\t\t\t\t<span class=\"elementor-accordion-icon elementor-accordion-icon-right\" aria-hidden=\"true\">\n\t\t\t\t\t\t\t\t\t\t\t\t\t\t\t<span class=\"elementor-accordion-icon-closed\"><i class=\"rt rt-angle-down\"><\/i><\/span>\n\t\t\t\t\t\t\t\t<span class=\"elementor-accordion-icon-opened\"><i class=\"rt rt-angle-up\"><\/i><\/span>\n\t\t\t\t\t\t\t\t\t\t\t\t\t\t<\/span>\n\t\t\t\t\t\t\t\t\t\t\t\t<a class=\"elementor-accordion-title\" tabindex=\"0\">Env\u00ede un mensaje a la Defensor\u00eda de la Presidencia de la Rep\u00fablica<\/a>\n\t\t\t\t\t<\/div>\n\t\t\t\t\t<div id=\"elementor-tab-content-1932\" class=\"elementor-tab-content elementor-clearfix\" data-tab=\"2\" role=\"region\" aria-labelledby=\"elementor-tab-title-1932\"><p>Correo electr\u00f3nico: <a href=\"mailto:ouvidoria@presidencia.gov.br\">ouvidoria@presidencia.gov.br<\/a>. Copie y pegue el siguiente texto sugerido:<\/p><p><strong><em>Asunto:<\/em><\/strong><em> Llamamiento por el Reconocimiento y Condiciones Justas para los Empleados Locales de Brasil en el Exterior<\/em><\/p><p><em>A la Defensor\u00eda de la Presidencia de la Rep\u00fablica,<\/em><\/p><p><em>Respetuosamente, presento este mensaje para expresar mi profunda preocupaci\u00f3n por las precarias condiciones laborales y la falta de protecci\u00f3n legal que enfrentan los Empleados Contratados Locales (CLs) que trabajan en embajadas, consulados y misiones diplom\u00e1ticas de Brasil en el exterior.<\/em><\/p><p><em>Estos profesionales, muchos de ellos con d\u00e9cadas de servicio al pa\u00eds, son esenciales para la continuidad y la eficacia de la presencia diplom\u00e1tica brasile\u00f1a en el mundo.<\/em><\/p><p><em>Hago un llamamiento a la Presidencia para que tome medidas urgentes a fin de regularizar la situaci\u00f3n laboral de los CLs y garantizarles a todos ellos condiciones de trabajo justas, equitativas y dignas, en consonancia con el servicio que prestan.<\/em><\/p><p><em>Agradezco su atenci\u00f3n a esta cuesti\u00f3n de inter\u00e9s nacional, integridad constitucional e institucional.<\/em><\/p><p><em>Atentamente,<br \/><\/em><strong>[Su nombre]<\/strong><\/p><\/div>\n\t\t\t\t<\/div>\n\t\t\t\t\t\t\t<div class=\"elementor-accordion-item\">\n\t\t\t\t\t<div id=\"elementor-tab-title-1933\" class=\"elementor-tab-title\" data-tab=\"3\" role=\"button\" aria-controls=\"elementor-tab-content-1933\" aria-expanded=\"false\">\n\t\t\t\t\t\t\t\t\t\t\t\t\t<span class=\"elementor-accordion-icon elementor-accordion-icon-right\" aria-hidden=\"true\">\n\t\t\t\t\t\t\t\t\t\t\t\t\t\t\t<span class=\"elementor-accordion-icon-closed\"><i class=\"rt rt-angle-down\"><\/i><\/span>\n\t\t\t\t\t\t\t\t<span class=\"elementor-accordion-icon-opened\"><i class=\"rt rt-angle-up\"><\/i><\/span>\n\t\t\t\t\t\t\t\t\t\t\t\t\t\t<\/span>\n\t\t\t\t\t\t\t\t\t\t\t\t<a class=\"elementor-accordion-title\" tabindex=\"0\">Env\u00ede un mensaje a las Comisiones de Relaciones Exteriores y Defensa Nacional de la C\u00e1mara y del Senado<\/a>\n\t\t\t\t\t<\/div>\n\t\t\t\t\t<div id=\"elementor-tab-content-1933\" class=\"elementor-tab-content elementor-clearfix\" data-tab=\"3\" role=\"region\" aria-labelledby=\"elementor-tab-title-1933\"><ul><li><strong>Para la Comisi\u00f3n en la C\u00e1mara de Diputados<\/strong>: <a href=\"https:\/\/www2.camara.leg.br\/atividade-legislativa\/comissoes\/comissoes-permanentes\/credn\/membros\" target=\"_blank\" rel=\"noopener\">haga clic aqu\u00ed para encontrar el nombre del actual Presidente de la Comisi\u00f3n<\/a>.<\/li><\/ul><p>Despu\u00e9s de acceder a la p\u00e1gina de la Comisi\u00f3n, haga clic en el nombre que aparece en la parte superior izquierda para acceder a la p\u00e1gina del Presidente de la Comisi\u00f3n, ver su correo electr\u00f3nico directo y enviar su mensaje.<\/p><ul><li><strong>Para la Comisi\u00f3n en el Senado Federal<\/strong>: <a href=\"https:\/\/legis.senado.leg.br\/atividade\/comissoes\/comissao\/54\/\" target=\"_blank\" rel=\"noopener\">haga clic aqu\u00ed para acceder a la p\u00e1gina de la Comisi\u00f3n en el Senado<\/a>. En el lado izquierdo de la p\u00e1gina ver\u00e1 el nombre del Presidente. Env\u00ede el mensaje a: <strong><span style=\"color: #000000;\"><a style=\"color: #000000;\" href=\"mailto:cre@senado.leg.br\">cre@senado.leg.br<\/a><\/span><\/strong>.<br \/>Puede copiar y pegar el texto sugerido a continuaci\u00f3n para ambas comisiones.<\/li><\/ul><p><strong>Asunto: <\/strong>Llamamiento Urgente por el Reconocimiento y Condiciones Justas para los Empleados Contratados Locales en el Exterior<\/p><p><em>A los Miembros de la Comisi\u00f3n de Relaciones Exteriores y Defensa Nacional,<\/em><\/p><p><em>Me dirijo a ustedes, respetuosamente, para llamar la atenci\u00f3n sobre las condiciones precarias y desiguales que enfrentan los Empleados Contratados Locales (CLs) que trabajan en embajadas, consulados y misiones diplom\u00e1ticas de Brasil alrededor del mundo.<\/em><\/p><p><em>Muchos de estos profesionales han dedicado d\u00e9cadas al servicio p\u00fablico y son indispensables para el funcionamiento, la continuidad y la credibilidad de la presencia global de Brasil. Aportan fluidez cultural, experiencia operativa y memoria institucional\u2014cualidades que los diplom\u00e1ticos en rotaci\u00f3n no pueden replicar. Aun as\u00ed, contin\u00faan prestando servicios sin las protecciones legales, el reconocimiento ni los derechos normalmente garantizados a sus colegas.<\/em><em>\u00a0<\/em><\/p><p><em>Ha llegado el momento de actuar. La Propuesta de Enmienda Constitucional (PEC) 32\/2020, creada para modernizar el servicio p\u00fablico brasile\u00f1o, representa una oportunidad clara para corregir esta disparidad hist\u00f3rica. Incluir a los CLs dentro de un marco legal justo y actualizado no solo promover\u00eda la justicia laboral, sino que tambi\u00e9n supondr\u00eda un hito decisivo de integridad nacional. Al reconocer formalmente a quienes sirven a Brasil de manera permanente en el exterior, el pa\u00eds reafirma su compromiso con la equidad, la dignidad y el valor de todos los servidores p\u00fablicos.<\/em><\/p><p><em>Por ello, hago un llamamiento a ustedes, miembros de la Comisi\u00f3n de Relaciones Exteriores y Defensa Nacional, y a todos los l\u00edderes p\u00fablicos que creen en la justicia para los brasile\u00f1os\u2014dondequiera que est\u00e9n al servicio del pa\u00eds\u2014para que adopten una postura basada en principios.<\/em><\/p><p><em>Apoyar los derechos de los Empleados Contratados Locales del Gobierno Brasile\u00f1o no es solo un acto de solidaridad, es una contribuci\u00f3n al Brasil que necesitamos construir: una naci\u00f3n que verdaderamente honra y protege a todos los que la sirven, dentro y fuera de su territorio.<\/em><em>\u00a0<\/em><\/p><p><em>Se trata no solo de justicia laboral, sino tambi\u00e9n de inter\u00e9s estrat\u00e9gico nacional.<\/em><\/p><p><em>Gracias por su atenci\u00f3n y compromiso.<\/em><\/p><p><em>Respetuosamente,<br \/><\/em><strong>[Su nombre]<\/strong><\/p><\/div>\n\t\t\t\t<\/div>\n\t\t\t\t\t\t\t<div class=\"elementor-accordion-item\">\n\t\t\t\t\t<div id=\"elementor-tab-title-1934\" class=\"elementor-tab-title\" data-tab=\"4\" role=\"button\" aria-controls=\"elementor-tab-content-1934\" aria-expanded=\"false\">\n\t\t\t\t\t\t\t\t\t\t\t\t\t<span class=\"elementor-accordion-icon elementor-accordion-icon-right\" aria-hidden=\"true\">\n\t\t\t\t\t\t\t\t\t\t\t\t\t\t\t<span class=\"elementor-accordion-icon-closed\"><i class=\"rt rt-angle-down\"><\/i><\/span>\n\t\t\t\t\t\t\t\t<span class=\"elementor-accordion-icon-opened\"><i class=\"rt rt-angle-up\"><\/i><\/span>\n\t\t\t\t\t\t\t\t\t\t\t\t\t\t<\/span>\n\t\t\t\t\t\t\t\t\t\t\t\t<a class=\"elementor-accordion-title\" tabindex=\"0\">Env\u00ede un mensaje a la Procuradur\u00eda General de la Rep\u00fablica (PGR)<\/a>\n\t\t\t\t\t<\/div>\n\t\t\t\t\t<div id=\"elementor-tab-content-1934\" class=\"elementor-tab-content elementor-clearfix\" data-tab=\"4\" role=\"region\" aria-labelledby=\"elementor-tab-title-1934\"><p>Correo electr\u00f3nico: <a href=\"mailto:pgr-imprensa@mpf.mp.br\">pgr-imprensa@mpf.mp.br<\/a> Copie y pegue el texto sugerido:<\/p><p><strong><em>Asunto: <\/em><\/strong><em>Solicitud de Fiscalizaci\u00f3n Jur\u00eddica y Acci\u00f3n Institucional respecto al Estatus de los Empleados Contratados Locales en el Exterior<\/em><\/p><p><em>A la Procuradur\u00eda General de la Rep\u00fablica (Ministerio P\u00fablico Federal),<\/em><\/p><p><em>Respetuosamente, remito este mensaje para solicitar la atenci\u00f3n urgente de la PGR ante la ambig\u00fcedad legal y las vulnerabilidades laborales persistentes que enfrentan los Empleados Contratados Locales (CLs) del Gobierno Brasile\u00f1o que trabajan en embajadas, consulados y representaciones diplom\u00e1ticas de Brasil en el exterior.<\/em><\/p><p><em>A pesar del papel central que desempe\u00f1an en el funcionamiento diario y en la continuidad estrat\u00e9gica de la presencia diplom\u00e1tica brasile\u00f1a\u2014muchas veces durante d\u00e9cadas\u2014los CLs siguen excluidos de los derechos del servicio p\u00fablico, sin un marco legal claro ni protecci\u00f3n en las leyes federales vigentes.<\/em><\/p><p><em>Esta situaci\u00f3n continua plantea serias preocupaciones constitucionales en relaci\u00f3n con los derechos laborales, la igualdad de trato y la legalidad administrativa, especialmente considerando el uso de recursos p\u00fablicos y la representaci\u00f3n internacional del Estado.<\/em><\/p><p><em>Dado el papel constitucional de la PGR en la defensa de los derechos fundamentales, la fiscalizaci\u00f3n de la conducta administrativa y la propuesta de medidas en defensa de intereses jur\u00eddicos colectivos, solicito que este asunto sea examinado y que, cuando sea aplicable, se consideren instrumentos extrajudiciales como recomendaciones, audiencias p\u00fablicas o un T\u00e9rmino de Ajuste de Conducta (TAC), con el fin de iniciar la regularizaci\u00f3n y garantizar la conformidad con las normas legales nacionales.<\/em><\/p><p><em>No se trata solamente de hacer justicia con una fuerza de trabajo esencial para el aparato diplom\u00e1tico brasile\u00f1o, sino tambi\u00e9n de asegurar la integridad constitucional y la credibilidad internacional del pa\u00eds.<\/em><\/p><p><em>Agradezco su atenci\u00f3n y su compromiso con los derechos de quienes sirven al Estado brasile\u00f1o con dedicaci\u00f3n y dignidad.<\/em><\/p><p><em>Respetuosamente,<\/em><br \/><strong>[Su nombre]<\/strong><\/p><\/div>\n\t\t\t\t<\/div>\n\t\t\t\t\t\t\t<div class=\"elementor-accordion-item\">\n\t\t\t\t\t<div id=\"elementor-tab-title-1935\" class=\"elementor-tab-title\" data-tab=\"5\" role=\"button\" aria-controls=\"elementor-tab-content-1935\" aria-expanded=\"false\">\n\t\t\t\t\t\t\t\t\t\t\t\t\t<span class=\"elementor-accordion-icon elementor-accordion-icon-right\" aria-hidden=\"true\">\n\t\t\t\t\t\t\t\t\t\t\t\t\t\t\t<span class=\"elementor-accordion-icon-closed\"><i class=\"rt rt-angle-down\"><\/i><\/span>\n\t\t\t\t\t\t\t\t<span class=\"elementor-accordion-icon-opened\"><i class=\"rt rt-angle-up\"><\/i><\/span>\n\t\t\t\t\t\t\t\t\t\t\t\t\t\t<\/span>\n\t\t\t\t\t\t\t\t\t\t\t\t<a class=\"elementor-accordion-title\" tabindex=\"0\">Aliados A Lo Largo De La Trayectoria <\/a>\n\t\t\t\t\t<\/div>\n\t\t\t\t\t<div id=\"elementor-tab-content-1935\" class=\"elementor-tab-content elementor-clearfix\" data-tab=\"5\" role=\"region\" aria-labelledby=\"elementor-tab-title-1935\"><p><strong>\u00bfPOR QU\u00c9 LOS ALIADOS SON IMPORTANTES?<\/strong><\/p><p>Garantizar justicia para cualquier grupo de profesionales o personas marginadas y en situaci\u00f3n de vulnerabilidad requiere m\u00e1s que valor: exige impulso colectivo y el apoyo estrat\u00e9gico de aliados pol\u00edticos, l\u00edderes civiles, instituciones y, sobre todo, de la sociedad en su conjunto.<\/p><p>Los aliados tienen el poder de amplificar voces silenciadas durante mucho tiempo, desafiar estructuras de poder injustas y profundamente arraigadas, as\u00ed como transformar la percepci\u00f3n p\u00fablica al reconstruir la narrativa en torno a la dignidad, los derechos y la contribuci\u00f3n de estas personas.<\/p><p>Ya sea mediante la influencia pol\u00edtica, la visibilidad en los medios o la movilizaci\u00f3n popular, el apoyo amplio convierte luchas aisladas en movimientos con fuerza suficiente para aumentar la concienciaci\u00f3n, cambiar leyes, garantizar protecciones e inspirar transformaciones culturales duraderas.<\/p><\/div>\n\t\t\t\t<\/div>\n\t\t\t\t\t\t\t\t<\/div>\n\t\t\t\t\t\t<\/div>\n\t\t<div class=\"elementor-element elementor-element-5d0af98 e-grid e-con-full rt-default-class e-con e-child\" data-id=\"5d0af98\" data-element_type=\"container\" data-e-type=\"container\" id=\"ALIADOSDE\">\n\t\t<div class=\"elementor-element elementor-element-e8decf7 e-grid e-con-full rt-default-class e-con e-child\" data-id=\"e8decf7\" data-element_type=\"container\" data-e-type=\"container\">\n\t\t\t\t<div class=\"elementor-element elementor-element-74a7fbc rt-default-class elementor-widget elementor-widget-image\" data-id=\"74a7fbc\" data-element_type=\"widget\" data-e-type=\"widget\" data-widget_type=\"image.default\">\n\t\t\t\t\t\t\t\t\t\t\t\t\t\t\t<img fetchpriority=\"high\" decoding=\"async\" width=\"454\" height=\"332\" src=\"https:\/\/aflex.org\/wp-content\/uploads\/2025\/12\/contentimage.jpg\" class=\"attachment-large size-large wp-image-4089\" alt=\"\" srcset=\"https:\/\/aflex.org\/wp-content\/uploads\/2025\/12\/contentimage.jpg 454w, https:\/\/aflex.org\/wp-content\/uploads\/2025\/12\/contentimage-300x219.jpg 300w, https:\/\/aflex.org\/wp-content\/uploads\/2025\/12\/contentimage-150x110.jpg 150w, https:\/\/aflex.org\/wp-content\/uploads\/2025\/12\/contentimage-450x329.jpg 450w\" sizes=\"(max-width: 454px) 100vw, 454px\" \/>\t\t\t\t\t\t\t\t\t\t\t\t\t\t\t<\/div>\n\t\t\t\t<\/div>\n\t\t<div class=\"elementor-element elementor-element-f8cd4aa e-grid e-con-full rt-default-class e-con e-child\" data-id=\"f8cd4aa\" data-element_type=\"container\" data-e-type=\"container\">\n\t\t\t\t<div class=\"elementor-element elementor-element-997371e rt-default-class elementor-widget elementor-widget-text-editor\" data-id=\"997371e\" data-element_type=\"widget\" data-e-type=\"widget\" data-widget_type=\"text-editor.default\">\n\t\t\t\t\t\t\t\t\t<p>En 2013, mientras presid\u00eda la Comisi\u00f3n de Derechos Humanos y Legislaci\u00f3n Participativa del Senado Federal, el <strong>SENADOR PAULO PAIM<\/strong> expres\u00f3 un apoyo crucial a los derechos de los Funcionarios Contratados Locales (CLs) que trabajan para el Gobierno Brasile\u00f1o en el exterior. Con el respaldo de la Directiva de AFLEX en ese momento, fue el autor del <a href=\"https:\/\/www25.senado.leg.br\/web\/atividade\/materias\/-\/materia\/112413\" target=\"_blank\" rel=\"noopener\">Proyecto de Ley n\u00ba 143\/2013.<\/a><\/p><p>En aquel per\u00edodo, los CLs eran especialmente cautelosos al manifestarse, por temor a represalias o medidas disciplinarias por parte de sus superiores en los puestos donde trabajaban. Muchos evitaban exponerse de cualquier forma, temiendo que eso les acarreara consecuencias negativas.<\/p><p>La propuesta legislativa ten\u00eda como objetivo otorgar al Poder Ejecutivo la autoridad para crear una carrera formal para los CLs en el \u00e1mbito del Ministerio de Relaciones Exteriores (Itamaraty), definiendo de forma clara sus derechos y deberes. Tambi\u00e9n buscaba establecer reglas transparentes sobre el v\u00ednculo laboral y la protecci\u00f3n previsional para los CLs, quienes desempe\u00f1an un papel vital en la representaci\u00f3n de Brasil en el extranjero.<\/p><p>En 2018, cinco a\u00f1os despu\u00e9s, tras pasar por la evaluaci\u00f3n de otras comisiones del Senado Federal, el Proyecto de Ley n\u00ba 143\/2013 fue archivado al final de la legislatura, luego de recibir un <a href=\"https:\/\/legis.senado.leg.br\/sdleg-getter\/documento?dm=6070237&amp;ts=1630445755652&amp;disposition=inline\" target=\"_blank\" rel=\"noopener\">dictamen final desfavorable<\/a> del entonces senador Fernando Collor<strong>.<\/strong><\/p>\t\t\t\t\t\t\t\t<\/div>\n\t\t<div class=\"elementor-element elementor-element-bcb6bab e-grid e-con-full rt-default-class e-con e-child\" data-id=\"bcb6bab\" data-element_type=\"container\" data-e-type=\"container\">\n\t\t\t\t<div class=\"elementor-element elementor-element-8dc5288 rt-default-class elementor-widget elementor-widget-image\" data-id=\"8dc5288\" data-element_type=\"widget\" data-e-type=\"widget\" data-widget_type=\"image.default\">\n\t\t\t\t\t\t\t\t\t\t\t\t\t\t\t<img decoding=\"async\" width=\"459\" height=\"308\" src=\"https:\/\/aflex.org\/wp-content\/uploads\/2025\/12\/contm.jpg\" class=\"attachment-large size-large wp-image-4090\" alt=\"\" srcset=\"https:\/\/aflex.org\/wp-content\/uploads\/2025\/12\/contm.jpg 459w, https:\/\/aflex.org\/wp-content\/uploads\/2025\/12\/contm-300x201.jpg 300w, https:\/\/aflex.org\/wp-content\/uploads\/2025\/12\/contm-150x101.jpg 150w, https:\/\/aflex.org\/wp-content\/uploads\/2025\/12\/contm-450x302.jpg 450w\" sizes=\"(max-width: 459px) 100vw, 459px\" \/>\t\t\t\t\t\t\t\t\t\t\t\t\t\t\t<\/div>\n\t\t\t\t<\/div>\n\t\t<div class=\"elementor-element elementor-element-5450068 e-grid e-con-full rt-default-class e-con e-child\" data-id=\"5450068\" data-element_type=\"container\" data-e-type=\"container\">\n\t\t\t\t<div class=\"elementor-element elementor-element-b92d8d5 rt-default-class elementor-widget elementor-widget-text-editor\" data-id=\"b92d8d5\" data-element_type=\"widget\" data-e-type=\"widget\" data-widget_type=\"text-editor.default\">\n\t\t\t\t\t\t\t\t\t<p>Tambi\u00e9n en 2013, el <strong>EX PRESIDENTE Y ENTONCES SENADOR JOS\u00c9 SARNEY<\/strong> apoy\u00f3 los esfuerzos para mejorar nuestras condiciones laborales y fue el autor del <a href=\"https:\/\/www25.senado.leg.br\/web\/atividade\/materias\/-\/materia\/113329\" target=\"_blank\" rel=\"noopener\">Proyecto de Ley n\u00ba 246\/2013<\/a>. Esta propuesta ten\u00eda como objetivo modificar el Art\u00edculo 57 de la Ley n\u00ba 11.440, del 29 de diciembre de 2006, para reconocer y definir formalmente los derechos laborales de los Funcionarios Contratados Locales que trabajan para el Gobierno Brasile\u00f1o, a trav\u00e9s del Ministerio de Relaciones Exteriores, en embajadas, consulados y misiones diplom\u00e1ticas en el exterior.<\/p><p>El proyecto, considerado hasta hoy el esfuerzo legislativo m\u00e1s completo sobre el tema, fue analizado por varias comisiones del Senado. Sin embargo, acab\u00f3 siendo archivado nuevamente al final de la 54\u00aa legislatura, en 2015.<\/p>\t\t\t\t\t\t\t\t<\/div>\n\t\t\t\t<\/div>\n\t\t<div class=\"elementor-element elementor-element-9cb5345 e-grid e-con-full rt-default-class e-con e-child\" data-id=\"9cb5345\" data-element_type=\"container\" data-e-type=\"container\">\n\t\t\t\t<div class=\"elementor-element elementor-element-32f6bca rt-default-class elementor-widget elementor-widget-image\" data-id=\"32f6bca\" data-element_type=\"widget\" data-e-type=\"widget\" data-widget_type=\"image.default\">\n\t\t\t\t\t\t\t\t\t\t\t\t\t\t\t<img decoding=\"async\" width=\"485\" height=\"340\" src=\"https:\/\/aflex.org\/wp-content\/uploads\/2025\/12\/comu-1.jpg\" class=\"attachment-large size-large wp-image-4092\" alt=\"\" srcset=\"https:\/\/aflex.org\/wp-content\/uploads\/2025\/12\/comu-1.jpg 485w, https:\/\/aflex.org\/wp-content\/uploads\/2025\/12\/comu-1-300x210.jpg 300w, https:\/\/aflex.org\/wp-content\/uploads\/2025\/12\/comu-1-150x105.jpg 150w, https:\/\/aflex.org\/wp-content\/uploads\/2025\/12\/comu-1-450x315.jpg 450w\" sizes=\"(max-width: 485px) 100vw, 485px\" \/>\t\t\t\t\t\t\t\t\t\t\t\t\t\t\t<\/div>\n\t\t\t\t<\/div>\n\t\t<div class=\"elementor-element elementor-element-6308cb8 e-grid e-con-full rt-default-class e-con e-child\" data-id=\"6308cb8\" data-element_type=\"container\" data-e-type=\"container\">\n\t\t\t\t<div class=\"elementor-element elementor-element-d0d4384 rt-default-class elementor-widget elementor-widget-text-editor\" data-id=\"d0d4384\" data-element_type=\"widget\" data-e-type=\"widget\" data-widget_type=\"text-editor.default\">\n\t\t\t\t\t\t\t\t\t<p>En 2020, la <strong>SENADORA LEILA BARROS<\/strong> fue autora y present\u00f3 el <a href=\"https:\/\/www25.senado.leg.br\/web\/atividade\/materias\/-\/materia\/140524\" target=\"_blank\" rel=\"noopener\">Proyecto de Ley n\u00ba 117\/2020<\/a>, que propone modificaciones al Art\u00edculo 57 de la Ley n\u00ba 11.440, del 29 de diciembre de 2006. El objetivo del proyecto es establecer derechos laborales y de seguridad social para nosotros, los Funcionarios Contratados Locales (CLs) que trabajan para el Gobierno Brasile\u00f1o en embajadas, consulados y otros puestos diplom\u00e1ticos en el extranjero.<\/p><p>Hasta finales del segundo semestre de 2025, la propuesta a\u00fan se encuentra en an\u00e1lisis en el Senado. Usted, al igual que cualquier otro miembro del p\u00fablico, a\u00fan puede hacer <a href=\"https:\/\/www25.senado.leg.br\/web\/atividade\/materias\/-\/materia\/140524\" target=\"_blank\" rel=\"noopener\">clic en el enlace para votar S\u00cd a nuestro favor y demostrar su apoyo<\/a> mientras la consulta p\u00fablica siga abierta para votaci\u00f3n.<\/p><p>Si se aprueba, esta medida representar\u00e1 un avance significativo, ya que nos dar\u00e1 la opci\u00f3n de estar amparados por las leyes laborales y de seguridad social brasile\u00f1as, reduciendo as\u00ed la incertidumbre que a\u00fan rodea nuestra situaci\u00f3n jur\u00eddica y nuestras condiciones de trabajo.<\/p><p>Para nosotros, su participaci\u00f3n tambi\u00e9n act\u00faa como una demostraci\u00f3n a los legisladores de que la conciencia p\u00fablica sobre nuestra causa est\u00e1 creciendo.<\/p>\t\t\t\t\t\t\t\t<\/div>\n\t\t\t\t<\/div>\n\t\t<div class=\"elementor-element elementor-element-2c1a515 e-grid e-con-full rt-default-class e-con e-child\" data-id=\"2c1a515\" data-element_type=\"container\" data-e-type=\"container\">\n\t\t\t\t<div class=\"elementor-element elementor-element-b0c459b rt-default-class elementor-widget elementor-widget-react-heading\" data-id=\"b0c459b\" data-element_type=\"widget\" data-e-type=\"widget\" data-widget_type=\"react-heading.default\">\n\t\t\t\t<div class=\"elementor-widget-container\">\n\t\t\t\t\t\t\t<div class=\"animation-style2 react-heading default\">\r\n\t\t\t<div class=\"title-inner no bg_sub_text_no double_sub_text_no\">\r\n\t\t\t\t<div class=\"split_collab_words\"><h3 class=\"title word-line\">POL\u00cdTICOS EUROPEOS Y ACTIVISTAS<\/h3><\/div>\t\t\t<\/div>\r\n\t\t\t\t\t\t\t\t\t\t\t<\/div>\t\t\t\r\n\t\t\t\t\t<\/div>\n\t\t\t\t<\/div>\n\t\t\t\t<div class=\"elementor-element elementor-element-14ee665 rt-default-class elementor-widget elementor-widget-image\" data-id=\"14ee665\" data-element_type=\"widget\" data-e-type=\"widget\" data-widget_type=\"image.default\">\n\t\t\t\t\t\t\t\t\t\t\t\t\t\t\t<img loading=\"lazy\" decoding=\"async\" width=\"506\" height=\"339\" src=\"https:\/\/aflex.org\/wp-content\/uploads\/2025\/12\/cc.jpg\" class=\"attachment-large size-large wp-image-4093\" alt=\"\" srcset=\"https:\/\/aflex.org\/wp-content\/uploads\/2025\/12\/cc.jpg 506w, https:\/\/aflex.org\/wp-content\/uploads\/2025\/12\/cc-300x201.jpg 300w, https:\/\/aflex.org\/wp-content\/uploads\/2025\/12\/cc-150x100.jpg 150w, https:\/\/aflex.org\/wp-content\/uploads\/2025\/12\/cc-450x301.jpg 450w\" sizes=\"(max-width: 506px) 100vw, 506px\" \/>\t\t\t\t\t\t\t\t\t\t\t\t\t\t\t<\/div>\n\t\t\t\t<\/div>\n\t\t<div class=\"elementor-element elementor-element-1c4202d e-grid e-con-full rt-default-class e-con e-child\" data-id=\"1c4202d\" data-element_type=\"container\" data-e-type=\"container\">\n\t\t\t\t<div class=\"elementor-element elementor-element-647f97e rt-default-class elementor-widget elementor-widget-text-editor\" data-id=\"647f97e\" data-element_type=\"widget\" data-e-type=\"widget\" data-widget_type=\"text-editor.default\">\n\t\t\t\t\t\t\t\t\t<p>MARIA DAS GRA\u00c7AS CARVALHO DANTAS<strong>,<\/strong> conocida como <strong>MARIA DANTAS<\/strong>, es una activista brasile\u00f1a nacionalizada espa\u00f1ola y <strong>EXDIPUTADA DEL CONGRESO DE LOS DIPUTADOS DE ESPA\u00d1A<\/strong>. Su apoyo a nuestra causa, la de los funcionarios Contratados Locales (CLs) del Gobierno Brasile\u00f1o en el exterior, fue especialmente significativo, dada su doble perspectiva sobre los sistemas pol\u00edticos y los derechos laborales, as\u00ed como su fuerte compromiso con los derechos humanos.<\/p><p>En 2023, <a href=\"https:\/\/x.com\/_Maria_Dantas_\/status\/1649000511591284738\" target=\"_blank\" rel=\"noopener\">ella expres\u00f3 p\u00fablicamente su solidaridad<\/a> en una publicaci\u00f3n compartida en el perfil oficial de AFLEX en la red social X. El mensaje coincidi\u00f3 con protestas organizadas por los funcionarios Contratados Locales del Gobierno Brasile\u00f1o en Espa\u00f1a, espec\u00edficamente en Barcelona y Madrid, donde colegas se manifestaron por mejores condiciones laborales en las misiones diplom\u00e1ticas brasile\u00f1as. Las manifestaciones ocurrieron durante la visita oficial del Presidente Lula a Espa\u00f1a, en abril de 2023.<\/p>\t\t\t\t\t\t\t\t<\/div>\n\t\t\t\t<div class=\"elementor-element elementor-element-8209361 rt-default-class elementor-widget elementor-widget-text-editor\" data-id=\"8209361\" data-element_type=\"widget\" data-e-type=\"widget\" data-widget_type=\"text-editor.default\">\n\t\t\t\t\t\t\t\t\t<center><strong>Dantas escribi\u00f3:<\/strong><\/center><p><em>\u201cSon justas y necesarias las reivindicaciones laborales de la AFLEX \u2014 el personal contratado localmente en las misiones diplom\u00e1ticas brasile\u00f1as en el exterior. Muchos de estos trabajadores viven en situaciones precarias. Espero que el @ItamaratyGovBr trate con urgencia esa triste realidad.\u201d<\/em><\/p>\t\t\t\t\t\t\t\t<\/div>\n\t\t\t\t<div class=\"elementor-element elementor-element-138e2b3 rt-default-class elementor-widget elementor-widget-text-editor\" data-id=\"138e2b3\" data-element_type=\"widget\" data-e-type=\"widget\" data-widget_type=\"text-editor.default\">\n\t\t\t\t\t\t\t\t\t<center><\/center><p>La declaraci\u00f3n de Maria Dantas dio visibilidad a las protestas y a\u00f1adi\u00f3 peso al llamamiento urgente por justicia y reforma.<\/p><p> <\/p>\t\t\t\t\t\t\t\t<\/div>\n\t\t\t\t<\/div>\n\t\t\t\t<\/div>\n\t\t\t\t<\/div>\n\t\t\t\t<\/div>\n\t\t\t\t<\/div>\n\t\t\t\t<\/div>\n\t\t\t\t<\/div>\n\t\t","protected":false},"excerpt":{"rendered":"<p>Home Si crees en la justicia, la igualdad y el reconocimiento, puedes ser un aliado fundamental en nuestra campa\u00f1a. Al apoyar condiciones de trabajo justas y dignas para los empleados Contratados Locales (CLs) del Gobierno de Brasil en el extranjero, reafirmas un principio simple: nadie que sirva a su pa\u00eds con dedicaci\u00f3n deber\u00eda quedarse sin&#8230;<\/p>\n","protected":false},"author":1,"featured_media":0,"parent":0,"menu_order":0,"comment_status":"closed","ping_status":"closed","template":"elementor_header_footer","meta":{"footnotes":""},"class_list":["post-5929","page","type-page","status-publish","hentry"],"_links":{"self":[{"href":"https:\/\/aflex.org\/es\/wp-json\/wp\/v2\/pages\/5929","targetHints":{"allow":["GET"]}}],"collection":[{"href":"https:\/\/aflex.org\/es\/wp-json\/wp\/v2\/pages"}],"about":[{"href":"https:\/\/aflex.org\/es\/wp-json\/wp\/v2\/types\/page"}],"author":[{"embeddable":true,"href":"https:\/\/aflex.org\/es\/wp-json\/wp\/v2\/users\/1"}],"replies":[{"embeddable":true,"href":"https:\/\/aflex.org\/es\/wp-json\/wp\/v2\/comments?post=5929"}],"version-history":[{"count":77,"href":"https:\/\/aflex.org\/es\/wp-json\/wp\/v2\/pages\/5929\/revisions"}],"predecessor-version":[{"id":8093,"href":"https:\/\/aflex.org\/es\/wp-json\/wp\/v2\/pages\/5929\/revisions\/8093"}],"wp:attachment":[{"href":"https:\/\/aflex.org\/es\/wp-json\/wp\/v2\/media?parent=5929"}],"curies":[{"name":"wp","href":"https:\/\/api.w.org\/{rel}","templated":true}]}}