{"id":5925,"date":"2025-12-14T07:49:32","date_gmt":"2025-12-14T07:49:32","guid":{"rendered":"https:\/\/aflex.org\/apoyo-y-orientacion-juridica\/"},"modified":"2025-12-28T18:11:41","modified_gmt":"2025-12-28T18:11:41","slug":"apoyo-y-orientacion-juridica","status":"publish","type":"page","link":"https:\/\/aflex.org\/es\/apoyo-y-orientacion-juridica\/","title":{"rendered":"APOYO Y ORIENTACI\u00d3N JUR\u00cdDICA"},"content":{"rendered":"\t\t<div data-elementor-type=\"wp-page\" data-elementor-id=\"5925\" class=\"elementor elementor-5925 elementor-5483\" data-elementor-post-type=\"page\">\n\t\t\t\t<div class=\"elementor-element elementor-element-ef2481d parallax-section e-flex e-con-boxed rt-default-class e-con e-parent\" data-id=\"ef2481d\" data-element_type=\"container\" data-e-type=\"container\" data-settings=\"{&quot;background_background&quot;:&quot;classic&quot;,&quot;background_motion_fx_motion_fx_scrolling&quot;:&quot;yes&quot;,&quot;background_motion_fx_translateY_effect&quot;:&quot;yes&quot;,&quot;background_motion_fx_translateY_speed&quot;:{&quot;unit&quot;:&quot;px&quot;,&quot;size&quot;:1.3,&quot;sizes&quot;:[]},&quot;background_motion_fx_translateY_affectedRange&quot;:{&quot;unit&quot;:&quot;%&quot;,&quot;size&quot;:&quot;&quot;,&quot;sizes&quot;:{&quot;start&quot;:0,&quot;end&quot;:100}},&quot;background_motion_fx_devices&quot;:[&quot;desktop&quot;,&quot;tablet&quot;,&quot;mobile&quot;]}\">\n\t\t\t\t\t<div class=\"e-con-inner\">\n\t\t\t\t<div class=\"elementor-element elementor-element-4c7403f rt-default-class elementor-widget elementor-widget-rtbreadrumb\" data-id=\"4c7403f\" data-element_type=\"widget\" data-e-type=\"widget\" data-widget_type=\"rtbreadrumb.default\">\n\t\t\t\t<div class=\"elementor-widget-container\">\n\t\t\t\t\t    \r\n\r\n    <div class=\"breadcrumb-inner-addon\">\r\n        <div class=\"rt-title-part\">\r\n            <h1 class=\"page-title\"><\/h1>\r\n                    <\/div>\r\n        <div class=\"breadcrumb-path\">\r\n                <a href=\"https:\/\/aflex.org\/es\/\">Home<\/a>            <\/div>\r\n    <\/div>   \r\n    \t\t\t\t<\/div>\n\t\t\t\t<\/div>\n\t\t\t\t\t<\/div>\n\t\t\t\t<\/div>\n\t\t<div class=\"elementor-element elementor-element-596ec43 e-con-full e-flex rt-default-class e-con e-parent\" data-id=\"596ec43\" data-element_type=\"container\" data-e-type=\"container\">\n\t\t<div class=\"elementor-element elementor-element-e869e5e e-con-full e-flex rt-default-class e-con e-child\" data-id=\"e869e5e\" data-element_type=\"container\" data-e-type=\"container\">\n\t\t\t\t<div class=\"elementor-element elementor-element-0dce2af rt-default-class elementor-widget elementor-widget-text-editor\" data-id=\"0dce2af\" data-element_type=\"widget\" data-e-type=\"widget\" data-widget_type=\"text-editor.default\">\n\t\t\t\t\t\t\t\t\t<h3><strong>AFLEX: escuchando, orientando y luchando por tus derechos en todo el mundo.<\/strong><\/h3><h3><strong>Estamos Aqu\u00ed para Ayudarte \u2013 Usted No Est\u00e1 Solo.<\/strong><\/h3><p>En <strong>AFLEX<\/strong>, entendemos que trabajar en el extranjero para el Gobierno de Brasil, independientemente del ministerio, conlleva a menudo desaf\u00edos complejos, especialmente en lo que respecta a los derechos laborales y las garant\u00edas de protecci\u00f3n.<\/p><p>Ya sea afrontando la inseguridad contractual, el acoso en el lugar de trabajo, un despido injusto o simplemente buscando claridad sobre tu situaci\u00f3n legal, no tienes por qu\u00e9 enfrentarlo solo(a). Estamos aqu\u00ed para apoyarte, ofreci\u00e9ndote orientaci\u00f3n pr\u00e1ctica y compartiendo los conocimientos y experiencias vividas que hemos acumulado a lo largo de los a\u00f1os al afrontar una amplia variedad de retos profesionales.<\/p>\t\t\t\t\t\t\t\t<\/div>\n\t\t\t\t<div class=\"elementor-element elementor-element-10f4ffa rt-default-class elementor-widget elementor-widget-react-heading\" data-id=\"10f4ffa\" data-element_type=\"widget\" data-e-type=\"widget\" data-widget_type=\"react-heading.default\">\n\t\t\t\t<div class=\"elementor-widget-container\">\n\t\t\t\t\t\t\t<div class=\"animation-style2 react-heading default\">\r\n\t\t\t<div class=\"title-inner no bg_sub_text_no double_sub_text_no\">\r\n\t\t\t\t<div class=\"split_collab_words\"><h2 class=\"title word-line\">Mereces apoyo, est\u00e9s donde est\u00e9s<\/h2><\/div>\t\t\t<\/div>\r\n\t\t\t\t\t\t\t\t\t\t\t<\/div>\t\t\t\r\n\t\t\t\t\t<\/div>\n\t\t\t\t<\/div>\n\t\t\t\t<div class=\"elementor-element elementor-element-2acfddd rt-default-class elementor-widget elementor-widget-text-editor\" data-id=\"2acfddd\" data-element_type=\"widget\" data-e-type=\"widget\" data-widget_type=\"text-editor.default\">\n\t\t\t\t\t\t\t\t\t<p>Los funcionarios <strong>Contratados Locales (CLs)<\/strong> del Gobierno de Brasil, que trabajan para el Ministerio de Asuntos Exteriores en todo el mundo, son fundamentales para las operaciones globales del pa\u00eds, pero a\u00fan enfrentan un trato desigual, protecciones limitadas e incertidumbre.<\/p><p>Aunque las estructuras de apoyo var\u00edan seg\u00fan el pa\u00eds en el que trabajemos, nuestro v\u00ednculo innegable con el Estado brasile\u00f1o nos da acceso a organismos p\u00fablicos comprometidos con la defensa de nuestros derechos.<\/p><p>A continuaci\u00f3n, encontrar\u00e1s despachos de abogados y organizaciones clave que pueden ofrecer asistencia jur\u00eddica, investigar conductas indebidas y apoyar tu reclamaci\u00f3n.<\/p>\t\t\t\t\t\t\t\t<\/div>\n\t\t\t\t<div class=\"elementor-element elementor-element-3d61572 rt-default-class elementor-widget elementor-widget-rt-service-slider\" data-id=\"3d61572\" data-element_type=\"widget\" data-e-type=\"widget\" data-widget_type=\"rt-service-slider.default\">\n\t\t\t\t<div class=\"elementor-widget-container\">\n\t\t\t\t\t\r\n        <div class=\"slider-inner-wrapper\">\r\n            <div class=\"swiper rt_slider-22689\">\r\n                <div class=\"swiper-wrapper\">\r\n                    <div class=\"swiper-slide\">    \r\n    <div class=\"single-service-style-one\">\r\n        \r\n                    <div class=\"icon\">\r\n                <svg aria-hidden=\"true\" class=\"e-font-icon-svg e-fas-globe\" viewBox=\"0 0 496 512\" xmlns=\"http:\/\/www.w3.org\/2000\/svg\"><path d=\"M336.5 160C322 70.7 287.8 8 248 8s-74 62.7-88.5 152h177zM152 256c0 22.2 1.2 43.5 3.3 64h185.3c2.1-20.5 3.3-41.8 3.3-64s-1.2-43.5-3.3-64H155.3c-2.1 20.5-3.3 41.8-3.3 64zm324.7-96c-28.6-67.9-86.5-120.4-158-141.6 24.4 33.8 41.2 84.7 50 141.6h108zM177.2 18.4C105.8 39.6 47.8 92.1 19.3 160h108c8.7-56.9 25.5-107.8 49.9-141.6zM487.4 192H372.7c2.1 21 3.3 42.5 3.3 64s-1.2 43-3.3 64h114.6c5.5-20.5 8.6-41.8 8.6-64s-3.1-43.5-8.5-64zM120 256c0-21.5 1.2-43 3.3-64H8.6C3.2 212.5 0 233.8 0 256s3.2 43.5 8.6 64h114.6c-2-21-3.2-42.5-3.2-64zm39.5 96c14.5 89.3 48.7 152 88.5 152s74-62.7 88.5-152h-177zm159.3 141.6c71.4-21.2 129.4-73.7 158-141.6h-108c-8.8 56.9-25.6 107.8-50 141.6zM19.3 352c28.6 67.9 86.5 120.4 158 141.6-24.4-33.8-41.2-84.7-50-141.6h-108z\"><\/path><\/svg>                \r\n            <\/div>\r\n                    \r\n\r\n                    <a href=\"#Onde\">\r\n                <h6 class=\"title\">Lugares donde ya se ha brindado Asistencia Jur\u00eddica Fiable<\/h6>\r\n            <\/a>\r\n        \r\n                    <p class=\"disc\">\r\n                CLs de todo el mundo compartieron con AFLEX experiencias positivas con los profesionales y despachos jur\u00eddicos que             <\/p>\r\n                \r\n                    <a href=\"#Onde\" class=\"btn-border-bottom\">\r\n                Leer m\u00e1s <i aria-hidden=\"true\" class=\"rt rt-arrow-up-right\"><\/i>\r\n            <\/a>\r\n            <\/div>\r\n<\/div>\r\n\r\n\r\n<div class=\"swiper-slide\">    \r\n    <div class=\"single-service-style-one\">\r\n        \r\n                    <div class=\"icon\">\r\n                <svg aria-hidden=\"true\" class=\"e-font-icon-svg e-fas-globe\" viewBox=\"0 0 496 512\" xmlns=\"http:\/\/www.w3.org\/2000\/svg\"><path d=\"M336.5 160C322 70.7 287.8 8 248 8s-74 62.7-88.5 152h177zM152 256c0 22.2 1.2 43.5 3.3 64h185.3c2.1-20.5 3.3-41.8 3.3-64s-1.2-43.5-3.3-64H155.3c-2.1 20.5-3.3 41.8-3.3 64zm324.7-96c-28.6-67.9-86.5-120.4-158-141.6 24.4 33.8 41.2 84.7 50 141.6h108zM177.2 18.4C105.8 39.6 47.8 92.1 19.3 160h108c8.7-56.9 25.5-107.8 49.9-141.6zM487.4 192H372.7c2.1 21 3.3 42.5 3.3 64s-1.2 43-3.3 64h114.6c5.5-20.5 8.6-41.8 8.6-64s-3.1-43.5-8.5-64zM120 256c0-21.5 1.2-43 3.3-64H8.6C3.2 212.5 0 233.8 0 256s3.2 43.5 8.6 64h114.6c-2-21-3.2-42.5-3.2-64zm39.5 96c14.5 89.3 48.7 152 88.5 152s74-62.7 88.5-152h-177zm159.3 141.6c71.4-21.2 129.4-73.7 158-141.6h-108c-8.8 56.9-25.6 107.8-50 141.6zM19.3 352c28.6 67.9 86.5 120.4 158 141.6-24.4-33.8-41.2-84.7-50-141.6h-108z\"><\/path><\/svg>                \r\n            <\/div>\r\n                    \r\n\r\n                    <a href=\"#Principales\">\r\n                <h6 class=\"title\">Principales Organizaciones Brasile\u00f1as que Pueden Ayudarte<\/h6>\r\n            <\/a>\r\n        \r\n                    <p class=\"disc\">\r\n                Minist\u00e9rio P\u00fablico do Trabalho (MPT) [Ministerio P\u00fablico del Trabajo]\nInvestiga y act\u00faa ante violaciones de             <\/p>\r\n                \r\n                    <a href=\"#Principales\" class=\"btn-border-bottom\">\r\n                Leer m\u00e1s <i aria-hidden=\"true\" class=\"rt rt-arrow-up-right\"><\/i>\r\n            <\/a>\r\n            <\/div>\r\n<\/div>\r\n\r\n\r\n<div class=\"swiper-slide\">    \r\n    <div class=\"single-service-style-one\">\r\n        \r\n                    <div class=\"icon\">\r\n                <svg aria-hidden=\"true\" class=\"e-font-icon-svg e-fas-globe\" viewBox=\"0 0 496 512\" xmlns=\"http:\/\/www.w3.org\/2000\/svg\"><path d=\"M336.5 160C322 70.7 287.8 8 248 8s-74 62.7-88.5 152h177zM152 256c0 22.2 1.2 43.5 3.3 64h185.3c2.1-20.5 3.3-41.8 3.3-64s-1.2-43.5-3.3-64H155.3c-2.1 20.5-3.3 41.8-3.3 64zm324.7-96c-28.6-67.9-86.5-120.4-158-141.6 24.4 33.8 41.2 84.7 50 141.6h108zM177.2 18.4C105.8 39.6 47.8 92.1 19.3 160h108c8.7-56.9 25.5-107.8 49.9-141.6zM487.4 192H372.7c2.1 21 3.3 42.5 3.3 64s-1.2 43-3.3 64h114.6c5.5-20.5 8.6-41.8 8.6-64s-3.1-43.5-8.5-64zM120 256c0-21.5 1.2-43 3.3-64H8.6C3.2 212.5 0 233.8 0 256s3.2 43.5 8.6 64h114.6c-2-21-3.2-42.5-3.2-64zm39.5 96c14.5 89.3 48.7 152 88.5 152s74-62.7 88.5-152h-177zm159.3 141.6c71.4-21.2 129.4-73.7 158-141.6h-108c-8.8 56.9-25.6 107.8-50 141.6zM19.3 352c28.6 67.9 86.5 120.4 158 141.6-24.4-33.8-41.2-84.7-50-141.6h-108z\"><\/path><\/svg>                \r\n            <\/div>\r\n                    \r\n\r\n                    <a href=\"#A\u00fan\">\r\n                <h6 class=\"title\">\u00bfA\u00fan con dudas sobre d\u00f3nde buscar ayuda?<\/h6>\r\n            <\/a>\r\n        \r\n                    <p class=\"disc\">\r\n                Si no sabes a qui\u00e9n acudir para obtener apoyo, ya sea porque no hay sindicato local en el pa\u00eds donde resides o porque existen varias organizaciones pero ninguna est\u00e1 formalmente            <\/p>\r\n                \r\n                    <a href=\"#A\u00fan\" class=\"btn-border-bottom\">\r\n                Leer m\u00e1s <i aria-hidden=\"true\" class=\"rt rt-arrow-up-right\"><\/i>\r\n            <\/a>\r\n            <\/div>\r\n<\/div>\r\n\r\n\r\n                <\/div>  \r\n            <\/div>\r\n        <\/div>\r\n\r\n        \r\n                <div class=\"rts-testimonials-area-one swiper-nav-btn service-nav-style1\">\r\n            <div class=\"button-pagination-area\">\r\n                <div class=\"swiper-pagination\"><\/div>\r\n            <\/div>\r\n        <\/div>\r\n        \r\n        <script type=\"text\/javascript\">\r\n            jQuery(document).ready(function() {\r\n                var swiper2268922689 = new Swiper(\".rt_slider-22689\", {\r\n                    slidesPerView: 1,\r\n                                        speed: 1000,\r\n                    slidesPerGroup: 1,\r\n                    loop: true,\r\n                    autoplay: { delay: 1000, pauseOnMouseEnter: true, disableOnInteraction: false },\r\n                    spaceBetween: 30,\r\n                    pagination: {\r\n                        el: \".swiper-pagination\",\r\n                        clickable: true,\r\n                    },\r\n                    centeredSlides: false,\r\n                    navigation: {\r\n                        nextEl: \".swiper-button-next\",\r\n                        prevEl: \".swiper-button-prev\",\r\n                    },\r\n                    breakpoints: {\r\n                        575: { slidesPerView: 1 },767: { slidesPerView: 2 },991: { slidesPerView: 3 },1199: { slidesPerView: 4 },                        1399: {\r\n                            slidesPerView: 4,\r\n                            spaceBetween: 30                        }\r\n                    }\r\n                });\r\n            });\r\n        <\/script>\r\n\t\t\t\t<\/div>\n\t\t\t\t<\/div>\n\t\t<div class=\"elementor-element elementor-element-8f40133 e-con-full e-flex rt-default-class e-con e-child\" data-id=\"8f40133\" data-element_type=\"container\" data-e-type=\"container\">\n\t\t\t\t<div class=\"elementor-element elementor-element-67d9bf2 rt-default-class elementor-widget elementor-widget-n-accordion\" data-id=\"67d9bf2\" data-element_type=\"widget\" data-e-type=\"widget\" id=\"Onde\" data-settings=\"{&quot;default_state&quot;:&quot;expanded&quot;,&quot;max_items_expended&quot;:&quot;one&quot;,&quot;n_accordion_animation_duration&quot;:{&quot;unit&quot;:&quot;ms&quot;,&quot;size&quot;:400,&quot;sizes&quot;:[]}}\" data-widget_type=\"nested-accordion.default\">\n\t\t\t\t\t\t\t<div class=\"e-n-accordion\" aria-label=\"Accordion. Open links with Enter or Space, close with Escape, and navigate with Arrow Keys\">\n\t\t\t\t\t\t<details id=\"e-n-accordion-item-1080\" class=\"e-n-accordion-item\" open>\n\t\t\t\t<summary class=\"e-n-accordion-item-title\" data-accordion-index=\"1\" tabindex=\"0\" aria-expanded=\"true\" aria-controls=\"e-n-accordion-item-1080\" >\n\t\t\t\t\t<span class='e-n-accordion-item-title-header'><div class=\"e-n-accordion-item-title-text\"> Lugares donde ya se ha brindado Asistencia Jur\u00eddica Fiable. <\/div><\/span>\n\t\t\t\t\t\t\t<span class='e-n-accordion-item-title-icon'>\n\t\t\t<span class='e-opened' ><svg aria-hidden=\"true\" class=\"e-font-icon-svg e-fas-angle-up\" viewBox=\"0 0 320 512\" xmlns=\"http:\/\/www.w3.org\/2000\/svg\"><path d=\"M177 159.7l136 136c9.4 9.4 9.4 24.6 0 33.9l-22.6 22.6c-9.4 9.4-24.6 9.4-33.9 0L160 255.9l-96.4 96.4c-9.4 9.4-24.6 9.4-33.9 0L7 329.7c-9.4-9.4-9.4-24.6 0-33.9l136-136c9.4-9.5 24.6-9.5 34-.1z\"><\/path><\/svg><\/span>\n\t\t\t<span class='e-closed'><svg aria-hidden=\"true\" class=\"e-font-icon-svg e-fas-angle-down\" viewBox=\"0 0 320 512\" xmlns=\"http:\/\/www.w3.org\/2000\/svg\"><path d=\"M143 352.3L7 216.3c-9.4-9.4-9.4-24.6 0-33.9l22.6-22.6c9.4-9.4 24.6-9.4 33.9 0l96.4 96.4 96.4-96.4c9.4-9.4 24.6-9.4 33.9 0l22.6 22.6c9.4 9.4 9.4 24.6 0 33.9l-136 136c-9.2 9.4-24.4 9.4-33.8 0z\"><\/path><\/svg><\/span>\n\t\t<\/span>\n\n\t\t\t\t\t\t<\/summary>\n\t\t\t\t<div role=\"region\" aria-labelledby=\"e-n-accordion-item-1080\" class=\"elementor-element elementor-element-394c683 e-con-full e-flex rt-default-class e-con e-child\" data-id=\"394c683\" data-element_type=\"container\" data-e-type=\"container\">\n\t\t\t\t<div class=\"elementor-element elementor-element-77eb305 rt-default-class elementor-widget elementor-widget-text-editor\" data-id=\"77eb305\" data-element_type=\"widget\" data-e-type=\"widget\" data-widget_type=\"text-editor.default\">\n\t\t\t\t\t\t\t\t\t<p><strong>CLs<\/strong> de todo el mundo compartieron con AFLEX experiencias positivas con los profesionales y despachos jur\u00eddicos que se enumeran a continuaci\u00f3n. Se trata de aliados en quienes confiaron la conducci\u00f3n de sus casos en busca de justicia laboral, obteniendo resultados significativos.<\/p><p>Bas\u00e1ndonos en este historial de confianza y eficacia, ponemos esta informaci\u00f3n a disposici\u00f3n de todos, para que otros colegas tambi\u00e9n puedan, si as\u00ed lo desean, beneficiarse de este conocimiento y apoyo especializado.<\/p><p><a href=\"https:\/\/www.fidelismaya.com\/quem-somos\" target=\"_blank\" rel=\"noopener\"><strong>Fidelis Maya<\/strong><\/a> \u2013 <strong>en Brasilia<\/strong><\/p><p>Dra. Lilian Maya \u2013 Correo electr\u00f3nico: <a href=\"mailto:lilianbfidelis@yahoo.com.br\">lilianbfidelis@yahoo.com.br<\/a><\/p><p><a href=\"https:\/\/torreaobraz.com.br\/trajetoria\/\" target=\"_blank\" rel=\"noopener\"><strong>Torre\u00e3o Braz Abogados<\/strong><\/a><strong> \u2013 en Brasilia y S\u00e3o Paulo<\/strong><\/p>\t\t\t\t\t\t\t\t<\/div>\n\t\t\t\t<\/div>\n\t\t\t\t\t<\/details>\n\t\t\t\t\t<\/div>\n\t\t\t\t\t\t<\/div>\n\t\t\t\t<div class=\"elementor-element elementor-element-6a6885c rt-default-class elementor-widget elementor-widget-n-accordion\" data-id=\"6a6885c\" data-element_type=\"widget\" data-e-type=\"widget\" id=\"Principales\" data-settings=\"{&quot;default_state&quot;:&quot;all_collapsed&quot;,&quot;max_items_expended&quot;:&quot;one&quot;,&quot;n_accordion_animation_duration&quot;:{&quot;unit&quot;:&quot;ms&quot;,&quot;size&quot;:400,&quot;sizes&quot;:[]}}\" data-widget_type=\"nested-accordion.default\">\n\t\t\t\t\t\t\t<div class=\"e-n-accordion\" aria-label=\"Accordion. Open links with Enter or Space, close with Escape, and navigate with Arrow Keys\">\n\t\t\t\t\t\t<details id=\"e-n-accordion-item-1110\" class=\"e-n-accordion-item\" >\n\t\t\t\t<summary class=\"e-n-accordion-item-title\" data-accordion-index=\"1\" tabindex=\"0\" aria-expanded=\"false\" aria-controls=\"e-n-accordion-item-1110\" >\n\t\t\t\t\t<span class='e-n-accordion-item-title-header'><div class=\"e-n-accordion-item-title-text\"> Principales Organizaciones Brasile\u00f1as que Pueden Ayudarte <\/div><\/span>\n\t\t\t\t\t\t\t<span class='e-n-accordion-item-title-icon'>\n\t\t\t<span class='e-opened' ><svg aria-hidden=\"true\" class=\"e-font-icon-svg e-fas-angle-up\" viewBox=\"0 0 320 512\" xmlns=\"http:\/\/www.w3.org\/2000\/svg\"><path d=\"M177 159.7l136 136c9.4 9.4 9.4 24.6 0 33.9l-22.6 22.6c-9.4 9.4-24.6 9.4-33.9 0L160 255.9l-96.4 96.4c-9.4 9.4-24.6 9.4-33.9 0L7 329.7c-9.4-9.4-9.4-24.6 0-33.9l136-136c9.4-9.5 24.6-9.5 34-.1z\"><\/path><\/svg><\/span>\n\t\t\t<span class='e-closed'><svg aria-hidden=\"true\" class=\"e-font-icon-svg e-fas-angle-down\" viewBox=\"0 0 320 512\" xmlns=\"http:\/\/www.w3.org\/2000\/svg\"><path d=\"M143 352.3L7 216.3c-9.4-9.4-9.4-24.6 0-33.9l22.6-22.6c9.4-9.4 24.6-9.4 33.9 0l96.4 96.4 96.4-96.4c9.4-9.4 24.6-9.4 33.9 0l22.6 22.6c9.4 9.4 9.4 24.6 0 33.9l-136 136c-9.2 9.4-24.4 9.4-33.8 0z\"><\/path><\/svg><\/span>\n\t\t<\/span>\n\n\t\t\t\t\t\t<\/summary>\n\t\t\t\t<div role=\"region\" aria-labelledby=\"e-n-accordion-item-1110\" class=\"elementor-element elementor-element-2f12e2a e-con-full e-flex rt-default-class e-con e-child\" data-id=\"2f12e2a\" data-element_type=\"container\" data-e-type=\"container\">\n\t\t\t\t<div class=\"elementor-element elementor-element-cde2691 rt-default-class elementor-widget elementor-widget-text-editor\" data-id=\"cde2691\" data-element_type=\"widget\" data-e-type=\"widget\" data-widget_type=\"text-editor.default\">\n\t\t\t\t\t\t\t\t\t<p><a href=\"https:\/\/mpt.mp.br\/\" target=\"_blank\" rel=\"noopener\">Minist\u00e9rio P\u00fablico do Trabalho (MPT)<\/a> <strong>[Ministerio P\u00fablico del Trabajo]<\/strong><\/p><p>Investiga y act\u00faa ante violaciones de derechos laborales, incluyendo acoso, abuso de poder y contratos injustos.<\/p><p><a href=\"https:\/\/www.dpu.def.br\/\" target=\"_blank\" rel=\"noopener\">Defensoria P\u00fablica da Uni\u00e3o (DPU)<\/a> <strong>[Defensor\u00eda P\u00fablica de la Uni\u00f3n]<\/strong><\/p><p>Ofrece apoyo jur\u00eddico gratuito a quien lo necesite, incluyendo a brasile\u00f1os que trabajan para el gobierno federal en el extranjero.<\/p><p><a href=\"https:\/\/www.gov.br\/trabalho-e-emprego\/pt-br\" target=\"_blank\" rel=\"noopener\">Minist\u00e9rio do Trabalho e Emprego (MTE)<\/a> <strong>[Ministerio de Trabajo y Empleo]<\/strong><\/p><p>Supervisa los derechos laborales y condiciones justas de trabajo. Aunque est\u00e1 enfocado en Brasil, puede ser informado sobre patrones de abuso en el exterior.<\/p><p><a href=\"https:\/\/www.tst.jus.br\/ouvidoria\" target=\"_blank\" rel=\"noopener\">Justi\u00e7a do Trabalho<\/a> <strong>[Justicia Laboral]<\/strong><\/p><p>Trata disputas legales relacionadas con contratos de trabajo y acoso moral. Los brasile\u00f1os en el exterior pueden presentar demandas en Brasil en ciertas condiciones. Se recomienda buscar orientaci\u00f3n jur\u00eddica antes de proceder.<\/p><p><a href=\"https:\/\/www.gov.br\/cgu\/pt-br\" target=\"_blank\" rel=\"noopener\">Controladoria-Geral da Uni\u00e3o (CGU)<\/a> <strong>[Contralor\u00eda General de la Uni\u00f3n]<\/strong><\/p><p>Investiga conductas indebidas y violaciones \u00e9ticas en instituciones federales.<\/p><p><a href=\"https:\/\/portal.tcu.gov.br\/\" target=\"_blank\" rel=\"noopener\">Tribunal de Contas da Uni\u00e3o (TCU)<\/a> <strong>[Tribunal de Cuentas de la Uni\u00f3n]<\/strong><\/p><p>Audita el gasto p\u00fablico. Puede investigar irregularidades financieras relacionadas con la mala gesti\u00f3n de contratos de empleados Contratados Localmente.<\/p><p><a href=\"https:\/\/www.gov.br\/mdh\/pt-br\" target=\"_blank\" rel=\"noopener\">Minist\u00e9rio dos Direitos Humanos e da Cidadania<\/a> \u00a0<strong>[Ministerio de Derechos Humanos y Ciudadan\u00eda]<\/strong><\/p><p>Recibe denuncias de discriminaci\u00f3n, injusticia laboral y violaciones de derechos humanos.<\/p><p><a href=\"https:\/\/www.oab.org.br\/\" target=\"_blank\" rel=\"noopener\">Ordem dos Advogados do Brasil (OAB<\/a>) <strong>[Colegio de Abogados de Brasil] <\/strong><\/p><p>Puede ofrecer apoyo a trav\u00e9s de sus Comisiones de Derechos Humanos y Derecho Laboral.<\/p>\t\t\t\t\t\t\t\t<\/div>\n\t\t\t\t<\/div>\n\t\t\t\t\t<\/details>\n\t\t\t\t\t<\/div>\n\t\t\t\t\t\t<\/div>\n\t\t\t\t<div class=\"elementor-element elementor-element-f114b1e rt-default-class elementor-widget elementor-widget-n-accordion\" data-id=\"f114b1e\" data-element_type=\"widget\" data-e-type=\"widget\" id=\"A\u00fan\" data-settings=\"{&quot;default_state&quot;:&quot;all_collapsed&quot;,&quot;max_items_expended&quot;:&quot;one&quot;,&quot;n_accordion_animation_duration&quot;:{&quot;unit&quot;:&quot;ms&quot;,&quot;size&quot;:400,&quot;sizes&quot;:[]}}\" data-widget_type=\"nested-accordion.default\">\n\t\t\t\t\t\t\t<div class=\"e-n-accordion\" aria-label=\"Accordion. Open links with Enter or Space, close with Escape, and navigate with Arrow Keys\">\n\t\t\t\t\t\t<details id=\"e-n-accordion-item-2520\" class=\"e-n-accordion-item\" >\n\t\t\t\t<summary class=\"e-n-accordion-item-title\" data-accordion-index=\"1\" tabindex=\"0\" aria-expanded=\"false\" aria-controls=\"e-n-accordion-item-2520\" >\n\t\t\t\t\t<span class='e-n-accordion-item-title-header'><div class=\"e-n-accordion-item-title-text\"> \u00bfA\u00fan con dudas sobre d\u00f3nde buscar ayuda? <\/div><\/span>\n\t\t\t\t\t\t\t<span class='e-n-accordion-item-title-icon'>\n\t\t\t<span class='e-opened' ><svg aria-hidden=\"true\" class=\"e-font-icon-svg e-fas-angle-up\" viewBox=\"0 0 320 512\" xmlns=\"http:\/\/www.w3.org\/2000\/svg\"><path d=\"M177 159.7l136 136c9.4 9.4 9.4 24.6 0 33.9l-22.6 22.6c-9.4 9.4-24.6 9.4-33.9 0L160 255.9l-96.4 96.4c-9.4 9.4-24.6 9.4-33.9 0L7 329.7c-9.4-9.4-9.4-24.6 0-33.9l136-136c9.4-9.5 24.6-9.5 34-.1z\"><\/path><\/svg><\/span>\n\t\t\t<span class='e-closed'><svg aria-hidden=\"true\" class=\"e-font-icon-svg e-fas-angle-down\" viewBox=\"0 0 320 512\" xmlns=\"http:\/\/www.w3.org\/2000\/svg\"><path d=\"M143 352.3L7 216.3c-9.4-9.4-9.4-24.6 0-33.9l22.6-22.6c9.4-9.4 24.6-9.4 33.9 0l96.4 96.4 96.4-96.4c9.4-9.4 24.6-9.4 33.9 0l22.6 22.6c9.4 9.4 9.4 24.6 0 33.9l-136 136c-9.2 9.4-24.4 9.4-33.8 0z\"><\/path><\/svg><\/span>\n\t\t<\/span>\n\n\t\t\t\t\t\t<\/summary>\n\t\t\t\t<div role=\"region\" aria-labelledby=\"e-n-accordion-item-2520\" class=\"elementor-element elementor-element-f04f6e7 e-con-full e-flex rt-default-class e-con e-child\" data-id=\"f04f6e7\" data-element_type=\"container\" data-e-type=\"container\">\n\t\t\t\t<div class=\"elementor-element elementor-element-b92e137 rt-default-class elementor-widget elementor-widget-text-editor\" data-id=\"b92e137\" data-element_type=\"widget\" data-e-type=\"widget\" data-widget_type=\"text-editor.default\">\n\t\t\t\t\t\t\t\t\t<p>Si no sabes a qui\u00e9n acudir para obtener apoyo, ya sea porque no hay sindicato local en el pa\u00eds donde resides o porque existen varias organizaciones pero ninguna est\u00e1 formalmente reconocida por la Representaci\u00f3n Diplom\u00e1tica de Brasil en la que trabajas, debes saber que AFLEX est\u00e1 aqu\u00ed para escuchar tu historia.<\/p><p>Como colectivo de empleados Contratados Localmente (CLs) que comparten circunstancias y experiencias similares, entendemos las complejidades que puedes estar enfrentando y estamos aqu\u00ed para ayudarte, junto contigo, a identificar las opciones de apoyo m\u00e1s relevantes disponibles en tu regi\u00f3n del mundo.<\/p><p>Aunque no ofrecemos asesoramiento jur\u00eddico oficial, podemos orientarte hacia instituciones brasile\u00f1as de confianza o ponerte en contacto con profesionales legales con los que otros CLs han trabajado recientemente y que comprenden las particularidades de las cuestiones relacionadas con los CLs.<\/p><p>Nuestro objetivo es garantizar que no tengas que enfrentar este proceso en soledad y que cuentes con la informaci\u00f3n y los recursos adecuados para avanzar con seguridad.<\/p><p>No importa en qu\u00e9 parte del mundo te encuentres, no est\u00e1s solo(a).<\/p><p>AFLEX existe para asegurar que todo empleado Contratado Local tenga a qui\u00e9n acudir, alguien que lo escuche y un camino posible por recorrer.<\/p><p><strong>Habla con nosotros. Cada voz y cada caso importan.<\/strong><\/p>\t\t\t\t\t\t\t\t<\/div>\n\t\t\t\t<\/div>\n\t\t\t\t\t<\/details>\n\t\t\t\t\t<\/div>\n\t\t\t\t\t\t<\/div>\n\t\t\t\t<\/div>\n\t\t\t\t<\/div>\n\t\t\t\t<\/div>\n\t\t\t\t<\/div>\n\t\t","protected":false},"excerpt":{"rendered":"<p>Home AFLEX: escuchando, orientando y luchando por tus derechos en todo el mundo. Estamos Aqu\u00ed para Ayudarte \u2013 Usted No Est\u00e1 Solo. En AFLEX, entendemos que trabajar en el extranjero para el Gobierno de Brasil, independientemente del ministerio, conlleva a menudo desaf\u00edos complejos, especialmente en lo que respecta a los derechos laborales y las garant\u00edas&#8230;<\/p>\n","protected":false},"author":1,"featured_media":0,"parent":0,"menu_order":0,"comment_status":"closed","ping_status":"closed","template":"elementor_header_footer","meta":{"footnotes":""},"class_list":["post-5925","page","type-page","status-publish","hentry"],"_links":{"self":[{"href":"https:\/\/aflex.org\/es\/wp-json\/wp\/v2\/pages\/5925","targetHints":{"allow":["GET"]}}],"collection":[{"href":"https:\/\/aflex.org\/es\/wp-json\/wp\/v2\/pages"}],"about":[{"href":"https:\/\/aflex.org\/es\/wp-json\/wp\/v2\/types\/page"}],"author":[{"embeddable":true,"href":"https:\/\/aflex.org\/es\/wp-json\/wp\/v2\/users\/1"}],"replies":[{"embeddable":true,"href":"https:\/\/aflex.org\/es\/wp-json\/wp\/v2\/comments?post=5925"}],"version-history":[{"count":43,"href":"https:\/\/aflex.org\/es\/wp-json\/wp\/v2\/pages\/5925\/revisions"}],"predecessor-version":[{"id":8084,"href":"https:\/\/aflex.org\/es\/wp-json\/wp\/v2\/pages\/5925\/revisions\/8084"}],"wp:attachment":[{"href":"https:\/\/aflex.org\/es\/wp-json\/wp\/v2\/media?parent=5925"}],"curies":[{"name":"wp","href":"https:\/\/api.w.org\/{rel}","templated":true}]}}