{"id":5949,"date":"2024-09-14T07:18:34","date_gmt":"2024-09-14T07:18:34","guid":{"rendered":"https:\/\/aflex.org\/what-is-aflex\/"},"modified":"2025-12-29T10:55:22","modified_gmt":"2025-12-29T10:55:22","slug":"what-is-aflex","status":"publish","type":"page","link":"https:\/\/aflex.org\/en\/what-is-aflex\/","title":{"rendered":"WHAT IS AFLEX?"},"content":{"rendered":"\t\t<div data-elementor-type=\"wp-page\" data-elementor-id=\"5949\" class=\"elementor elementor-5949 elementor-4512\" data-elementor-post-type=\"page\">\n\t\t\t\t<div class=\"elementor-element elementor-element-08a7865 parallax-section e-flex e-con-boxed rt-default-class e-con e-parent\" data-id=\"08a7865\" data-element_type=\"container\" data-e-type=\"container\" data-settings=\"{&quot;background_background&quot;:&quot;classic&quot;,&quot;background_motion_fx_motion_fx_scrolling&quot;:&quot;yes&quot;,&quot;background_motion_fx_translateY_effect&quot;:&quot;yes&quot;,&quot;background_motion_fx_translateY_speed&quot;:{&quot;unit&quot;:&quot;px&quot;,&quot;size&quot;:1.3,&quot;sizes&quot;:[]},&quot;background_motion_fx_translateY_affectedRange&quot;:{&quot;unit&quot;:&quot;%&quot;,&quot;size&quot;:&quot;&quot;,&quot;sizes&quot;:{&quot;start&quot;:0,&quot;end&quot;:100}},&quot;background_motion_fx_devices&quot;:[&quot;desktop&quot;,&quot;tablet&quot;,&quot;mobile&quot;]}\">\n\t\t\t\t\t<div class=\"e-con-inner\">\n\t\t\t\t<div class=\"elementor-element elementor-element-c272886 rt-default-class elementor-widget elementor-widget-rtbreadrumb\" data-id=\"c272886\" data-element_type=\"widget\" data-e-type=\"widget\" data-widget_type=\"rtbreadrumb.default\">\n\t\t\t\t<div class=\"elementor-widget-container\">\n\t\t\t\t\t    \r\n\r\n    <div class=\"breadcrumb-inner-addon\">\r\n        <div class=\"rt-title-part\">\r\n            <h1 class=\"page-title\"><\/h1>\r\n                    <\/div>\r\n        <div class=\"breadcrumb-path\">\r\n                <a href=\"https:\/\/aflex.org\/en\/\">Home<\/a>            <\/div>\r\n    <\/div>   \r\n    \t\t\t\t<\/div>\n\t\t\t\t<\/div>\n\t\t\t\t\t<\/div>\n\t\t\t\t<\/div>\n\t\t<div class=\"elementor-element elementor-element-596ec43 e-con-full e-flex rt-default-class e-con e-parent\" data-id=\"596ec43\" data-element_type=\"container\" data-e-type=\"container\">\n\t\t<div class=\"elementor-element elementor-element-e869e5e e-con-full e-flex rt-default-class e-con e-child\" data-id=\"e869e5e\" data-element_type=\"container\" data-e-type=\"container\">\n\t\t\t\t<div class=\"elementor-element elementor-element-0dce2af rt-default-class elementor-widget elementor-widget-text-editor\" data-id=\"0dce2af\" data-element_type=\"widget\" data-e-type=\"widget\" data-widget_type=\"text-editor.default\">\n\t\t\t\t\t\t\t\t\t<p><strong>AFLEX<\/strong> stands for <strong>A<\/strong>ssocia\u00e7\u00e3o de <strong>F<\/strong>uncion\u00e1rios <strong>L<\/strong>ocais no <strong>EX<\/strong>terior (the Association of Local Staff Abroad). It is the first international association created to represent Brazil\u2019s Locally Employed Staff (known in Portuguese as Contratados Locais \u2013 CLs). These professionals are hired by the Ministry of Foreign Affairs (Minist\u00e9rio das Rela\u00e7\u00f5es Exteriores \u2013 MRE) to work in Brazil\u2019s embassies, consulates, and diplomatic missions around the world.<\/p><p>Our goal is to promote fair, consistent, and respectful working conditions for all <strong>Local Employed Staff &#8211; LES<\/strong>, recognizing the essential contributions we make to Brazil\u2019s international presence. We believe that dignity, legal certainty, and professional recognition are not privileges, but fundamental rights.<\/p><p>With the aim of promoting dialogue and advocating for constructive change, AFLEX seeks to strengthen the Ministry\u2019s institutional integrity and ensure that the values Brazil upholds on the global stage are reflected in the way it treats its own professionals abroad.<\/p>\t\t\t\t\t\t\t\t<\/div>\n\t\t\t\t<div class=\"elementor-element elementor-element-e3895c9 rt-default-class elementor-widget elementor-widget-rt-service-slider\" data-id=\"e3895c9\" data-element_type=\"widget\" data-e-type=\"widget\" data-widget_type=\"rt-service-slider.default\">\n\t\t\t\t<div class=\"elementor-widget-container\">\n\t\t\t\t\t\r\n        <div class=\"slider-inner-wrapper\">\r\n            <div class=\"swiper rt_slider-32158\">\r\n                <div class=\"swiper-wrapper\">\r\n                    <div class=\"swiper-slide\">    \r\n    <div class=\"single-service-style-one\">\r\n        \r\n                    <div class=\"icon\">\r\n                <svg aria-hidden=\"true\" class=\"e-font-icon-svg e-fas-globe\" viewBox=\"0 0 496 512\" xmlns=\"http:\/\/www.w3.org\/2000\/svg\"><path d=\"M336.5 160C322 70.7 287.8 8 248 8s-74 62.7-88.5 152h177zM152 256c0 22.2 1.2 43.5 3.3 64h185.3c2.1-20.5 3.3-41.8 3.3-64s-1.2-43.5-3.3-64H155.3c-2.1 20.5-3.3 41.8-3.3 64zm324.7-96c-28.6-67.9-86.5-120.4-158-141.6 24.4 33.8 41.2 84.7 50 141.6h108zM177.2 18.4C105.8 39.6 47.8 92.1 19.3 160h108c8.7-56.9 25.5-107.8 49.9-141.6zM487.4 192H372.7c2.1 21 3.3 42.5 3.3 64s-1.2 43-3.3 64h114.6c5.5-20.5 8.6-41.8 8.6-64s-3.1-43.5-8.5-64zM120 256c0-21.5 1.2-43 3.3-64H8.6C3.2 212.5 0 233.8 0 256s3.2 43.5 8.6 64h114.6c-2-21-3.2-42.5-3.2-64zm39.5 96c14.5 89.3 48.7 152 88.5 152s74-62.7 88.5-152h-177zm159.3 141.6c71.4-21.2 129.4-73.7 158-141.6h-108c-8.8 56.9-25.6 107.8-50 141.6zM19.3 352c28.6 67.9 86.5 120.4 158 141.6-24.4-33.8-41.2-84.7-50-141.6h-108z\"><\/path><\/svg>                \r\n            <\/div>\r\n                    \r\n\r\n                    <a href=\"#Origin\">\r\n                <h6 class=\"title\">Origin &amp; Relevance<\/h6>\r\n            <\/a>\r\n        \r\n                    <p class=\"disc\">\r\n                Created by employees in 2011, AFLEX emerged as a direct response to decades of systemic neglect and injustice.             <\/p>\r\n                \r\n                    <a href=\"#Origin\" class=\"btn-border-bottom\">\r\n                Read More <i aria-hidden=\"true\" class=\"rt rt-arrow-up-right\"><\/i>\r\n            <\/a>\r\n            <\/div>\r\n<\/div>\r\n\r\n\r\n<div class=\"swiper-slide\">    \r\n    <div class=\"single-service-style-one\">\r\n        \r\n                    <div class=\"icon\">\r\n                <svg aria-hidden=\"true\" class=\"e-font-icon-svg e-fas-globe\" viewBox=\"0 0 496 512\" xmlns=\"http:\/\/www.w3.org\/2000\/svg\"><path d=\"M336.5 160C322 70.7 287.8 8 248 8s-74 62.7-88.5 152h177zM152 256c0 22.2 1.2 43.5 3.3 64h185.3c2.1-20.5 3.3-41.8 3.3-64s-1.2-43.5-3.3-64H155.3c-2.1 20.5-3.3 41.8-3.3 64zm324.7-96c-28.6-67.9-86.5-120.4-158-141.6 24.4 33.8 41.2 84.7 50 141.6h108zM177.2 18.4C105.8 39.6 47.8 92.1 19.3 160h108c8.7-56.9 25.5-107.8 49.9-141.6zM487.4 192H372.7c2.1 21 3.3 42.5 3.3 64s-1.2 43-3.3 64h114.6c5.5-20.5 8.6-41.8 8.6-64s-3.1-43.5-8.5-64zM120 256c0-21.5 1.2-43 3.3-64H8.6C3.2 212.5 0 233.8 0 256s3.2 43.5 8.6 64h114.6c-2-21-3.2-42.5-3.2-64zm39.5 96c14.5 89.3 48.7 152 88.5 152s74-62.7 88.5-152h-177zm159.3 141.6c71.4-21.2 129.4-73.7 158-141.6h-108c-8.8 56.9-25.6 107.8-50 141.6zM19.3 352c28.6 67.9 86.5 120.4 158 141.6-24.4-33.8-41.2-84.7-50-141.6h-108z\"><\/path><\/svg>                \r\n            <\/div>\r\n                    \r\n\r\n                    <a href=\"#WhatWeStandFor\">\r\n                <h6 class=\"title\">What We Stand For<\/h6>\r\n            <\/a>\r\n        \r\n                    <p class=\"disc\">\r\n                We stand for what is fair and just: dignity, respect, and proper recognition for all LES, wherever we serve. Our work is not            <\/p>\r\n                \r\n                    <a href=\"#WhatWeStandFor\" class=\"btn-border-bottom\">\r\n                Read More <i aria-hidden=\"true\" class=\"rt rt-arrow-up-right\"><\/i>\r\n            <\/a>\r\n            <\/div>\r\n<\/div>\r\n\r\n\r\n<div class=\"swiper-slide\">    \r\n    <div class=\"single-service-style-one\">\r\n        \r\n                    <div class=\"icon\">\r\n                <svg aria-hidden=\"true\" class=\"e-font-icon-svg e-fas-globe\" viewBox=\"0 0 496 512\" xmlns=\"http:\/\/www.w3.org\/2000\/svg\"><path d=\"M336.5 160C322 70.7 287.8 8 248 8s-74 62.7-88.5 152h177zM152 256c0 22.2 1.2 43.5 3.3 64h185.3c2.1-20.5 3.3-41.8 3.3-64s-1.2-43.5-3.3-64H155.3c-2.1 20.5-3.3 41.8-3.3 64zm324.7-96c-28.6-67.9-86.5-120.4-158-141.6 24.4 33.8 41.2 84.7 50 141.6h108zM177.2 18.4C105.8 39.6 47.8 92.1 19.3 160h108c8.7-56.9 25.5-107.8 49.9-141.6zM487.4 192H372.7c2.1 21 3.3 42.5 3.3 64s-1.2 43-3.3 64h114.6c5.5-20.5 8.6-41.8 8.6-64s-3.1-43.5-8.5-64zM120 256c0-21.5 1.2-43 3.3-64H8.6C3.2 212.5 0 233.8 0 256s3.2 43.5 8.6 64h114.6c-2-21-3.2-42.5-3.2-64zm39.5 96c14.5 89.3 48.7 152 88.5 152s74-62.7 88.5-152h-177zm159.3 141.6c71.4-21.2 129.4-73.7 158-141.6h-108c-8.8 56.9-25.6 107.8-50 141.6zM19.3 352c28.6 67.9 86.5 120.4 158 141.6-24.4-33.8-41.2-84.7-50-141.6h-108z\"><\/path><\/svg>                \r\n            <\/div>\r\n                    \r\n\r\n                    <a href=\"#Challenges\">\r\n                <h6 class=\"title\">Challenges We Face<\/h6>\r\n            <\/a>\r\n        \r\n                    <p class=\"disc\">\r\n                Locally Employed Staff (LES) serving in Brazil\u2019s diplomatic missions around the world continue to be undervalued            <\/p>\r\n                \r\n                    <a href=\"#Challenges\" class=\"btn-border-bottom\">\r\n                Read More <i aria-hidden=\"true\" class=\"rt rt-arrow-up-right\"><\/i>\r\n            <\/a>\r\n            <\/div>\r\n<\/div>\r\n\r\n\r\n<div class=\"swiper-slide\">    \r\n    <div class=\"single-service-style-one\">\r\n        \r\n                    <div class=\"icon\">\r\n                <svg aria-hidden=\"true\" class=\"e-font-icon-svg e-fas-globe\" viewBox=\"0 0 496 512\" xmlns=\"http:\/\/www.w3.org\/2000\/svg\"><path d=\"M336.5 160C322 70.7 287.8 8 248 8s-74 62.7-88.5 152h177zM152 256c0 22.2 1.2 43.5 3.3 64h185.3c2.1-20.5 3.3-41.8 3.3-64s-1.2-43.5-3.3-64H155.3c-2.1 20.5-3.3 41.8-3.3 64zm324.7-96c-28.6-67.9-86.5-120.4-158-141.6 24.4 33.8 41.2 84.7 50 141.6h108zM177.2 18.4C105.8 39.6 47.8 92.1 19.3 160h108c8.7-56.9 25.5-107.8 49.9-141.6zM487.4 192H372.7c2.1 21 3.3 42.5 3.3 64s-1.2 43-3.3 64h114.6c5.5-20.5 8.6-41.8 8.6-64s-3.1-43.5-8.5-64zM120 256c0-21.5 1.2-43 3.3-64H8.6C3.2 212.5 0 233.8 0 256s3.2 43.5 8.6 64h114.6c-2-21-3.2-42.5-3.2-64zm39.5 96c14.5 89.3 48.7 152 88.5 152s74-62.7 88.5-152h-177zm159.3 141.6c71.4-21.2 129.4-73.7 158-141.6h-108c-8.8 56.9-25.6 107.8-50 141.6zM19.3 352c28.6 67.9 86.5 120.4 158 141.6-24.4-33.8-41.2-84.7-50-141.6h-108z\"><\/path><\/svg>                \r\n            <\/div>\r\n                    \r\n\r\n                    <a href=\"#Standing\">\r\n                <h6 class=\"title\">Standing Together for Change<\/h6>\r\n            <\/a>\r\n        \r\n                    <p class=\"disc\">\r\n                We believe Brazil must honour our own Constitution and treat us, its own employees abroad, with the            <\/p>\r\n                \r\n                    <a href=\"#Standing\" class=\"btn-border-bottom\">\r\n                Read More <i aria-hidden=\"true\" class=\"rt rt-arrow-up-right\"><\/i>\r\n            <\/a>\r\n            <\/div>\r\n<\/div>\r\n\r\n\r\n                <\/div>  \r\n            <\/div>\r\n        <\/div>\r\n\r\n        \r\n                <div class=\"rts-testimonials-area-one swiper-nav-btn service-nav-style1\">\r\n            <div class=\"button-pagination-area\">\r\n                <div class=\"swiper-pagination\"><\/div>\r\n            <\/div>\r\n        <\/div>\r\n        \r\n        <script type=\"text\/javascript\">\r\n            jQuery(document).ready(function() {\r\n                var swiper3215832158 = new Swiper(\".rt_slider-32158\", {\r\n                    slidesPerView: 1,\r\n                                        speed: 1000,\r\n                    slidesPerGroup: 1,\r\n                    loop: true,\r\n                    autoplay: { delay: 1000, pauseOnMouseEnter: true, disableOnInteraction: false },\r\n                    spaceBetween: 30,\r\n                    pagination: {\r\n                        el: \".swiper-pagination\",\r\n                        clickable: true,\r\n                    },\r\n                    centeredSlides: false,\r\n                    navigation: {\r\n                        nextEl: \".swiper-button-next\",\r\n                        prevEl: \".swiper-button-prev\",\r\n                    },\r\n                    breakpoints: {\r\n                        575: { slidesPerView: 1 },767: { slidesPerView: 2 },991: { slidesPerView: 3 },1199: { slidesPerView: 4 },                        1399: {\r\n                            slidesPerView: 4,\r\n                            spaceBetween: 30                        }\r\n                    }\r\n                });\r\n            });\r\n        <\/script>\r\n\t\t\t\t<\/div>\n\t\t\t\t<\/div>\n\t\t\t\t<div class=\"elementor-element elementor-element-10f4ffa rt-default-class elementor-widget elementor-widget-react-heading\" data-id=\"10f4ffa\" data-element_type=\"widget\" data-e-type=\"widget\" id=\"Origin\" data-widget_type=\"react-heading.default\">\n\t\t\t\t<div class=\"elementor-widget-container\">\n\t\t\t\t\t\t\t<div class=\"animation-style2 react-heading default\">\r\n\t\t\t<div class=\"title-inner no bg_sub_text_no double_sub_text_no\">\r\n\t\t\t\t<div class=\"split_collab_words\"><h2 class=\"title word-line\">Origin &amp; Relevance<\/h2><\/div>\t\t\t<\/div>\r\n\t\t\t\t\t\t\t\t\t\t\t<\/div>\t\t\t\r\n\t\t\t\t\t<\/div>\n\t\t\t\t<\/div>\n\t\t\t\t<div class=\"elementor-element elementor-element-2acfddd rt-default-class elementor-widget elementor-widget-text-editor\" data-id=\"2acfddd\" data-element_type=\"widget\" data-e-type=\"widget\" data-widget_type=\"text-editor.default\">\n\t\t\t\t\t\t\t\t\t<p>Created by employees in 2011, AFLEX emerged as a direct response to decades of systemic neglect and injustice. For too long, <b>Brazil\u2019s LES <\/b>the skilled professionals who support the country\u2019s diplomatic presence across the globe, have been marginalised. Despite playing a vital role in advancing Brazil\u2019s international diplomatic <span style=\"color: black;\">mission, we have been conveniently trapped in a legal limbo that denies us fair pay, job security, professional development and the fundamental rights guaranteed to civil servants.<\/span><br \/><br \/>This marginalisation is not the result of oversight. It is the outcome of a calculated silence, one that has oppressed a loyal and crucial workforce while absolving the Government of its responsibilities. AFLEX was created to break that silence, to defend our dignity and to remind those in power that justice delayed is justice denied.<br \/><br \/>Today, AFLEX stands as a formal recognition of a collective commitment aiming to secure lawful treatment, transparency and institutional fairness. It exists to ensure that <strong>LES<\/strong>, the professionals who work in direct support of Brazil\u2019s diplomatic operations abroad, are no longer rendered invisible in public discourse or policy.<br \/><br \/>As public servants entrusted with responsibilities on behalf of the Brazilian State, our professional status must be recognised in a manner that upholds the principles enshrined in the Federal Constitution, aligns with established international labour standards, including those set and promoted by the International Labour Organization (ILO), and reflects the very values of equity, dignity, and human rights that Brazil publicly advocates in its foreign policy and multilateral engagements.<br \/><br \/>However, invisibility and being undervalued remains our imposed condition. We perform essential public duties that ensure the daily functioning of Brazil\u2019s diplomatic missions abroad, but despite our critical role, successive governments have deliberately chosen to exclude us from the essential employment rights, career progression opportunities and protections afforded to civil servants.<br \/><br \/>This contradiction cannot be ignored. We are paid with public money to represent Brazil. We uphold its values, protect its interests and support its international presence. AFLEX exists to hold all stakeholders accountable, particularly those entrusted with authority and decision-making power, based on the principle that public service must be accompanied by rights, respect and visibility. Not silence. Not mistreatment. Not invisibility and exploitation as has been our reality for far too long.<br \/><br \/>AFLEX\u2018s mission is to change this reality. To give a voice to the voiceless. To unify Brazil\u2019s <strong>LES<\/strong> under a shared and urgent purpose: justice, recognition and equality.<br \/><br \/>In doing so, AFLEX is not merely advocating for fair treatment. By demanding respect and visibility, it is setting a precedent. It is proving what becomes possible when workers organise, speak out and stand together. Our movement has already inspired others to form similar associations across different missions around the world. The message is clear and unwavering: injustice anywhere must be met with solidarity everywhere.<br \/><br \/>More than just an association, AFLEX embodies a necessary and urgent call to action. It is a living, legal and moral reminder that no country\u2019s foreign policy or diplomatic strategy can be sustainably executed while systematically ignoring or devaluing the professionals who make it operational on the ground.<br \/><br \/>This is not a plea for special treatment, it is a rightful and long-overdue assertion of the fundamental employment protections and basic human rights that should have been upheld from the beginning, in accordance with Brazil\u2019s own constitutional principles of equality, justice and institutional integrity.<br \/><br \/>And with AFLEX, we are no longer invisible.<\/p>\t\t\t\t\t\t\t\t<\/div>\n\t\t<div class=\"elementor-element elementor-element-8f40133 e-con-full e-flex rt-default-class e-con e-child\" data-id=\"8f40133\" data-element_type=\"container\" data-e-type=\"container\" id=\"whatisaflex\">\n\t\t\t\t<div class=\"elementor-element elementor-element-25e293d rt-default-class elementor-widget elementor-widget-n-accordion\" data-id=\"25e293d\" data-element_type=\"widget\" data-e-type=\"widget\" id=\"WhatWeStandFor\" data-settings=\"{&quot;default_state&quot;:&quot;expanded&quot;,&quot;max_items_expended&quot;:&quot;one&quot;,&quot;n_accordion_animation_duration&quot;:{&quot;unit&quot;:&quot;ms&quot;,&quot;size&quot;:400,&quot;sizes&quot;:[]}}\" data-widget_type=\"nested-accordion.default\">\n\t\t\t\t\t\t\t<div class=\"e-n-accordion\" aria-label=\"Accordion. Open links with Enter or Space, close with Escape, and navigate with Arrow Keys\">\n\t\t\t\t\t\t<details id=\"e-n-accordion-item-3970\" class=\"e-n-accordion-item\" open>\n\t\t\t\t<summary class=\"e-n-accordion-item-title\" data-accordion-index=\"1\" tabindex=\"0\" aria-expanded=\"true\" aria-controls=\"e-n-accordion-item-3970\" >\n\t\t\t\t\t<span class='e-n-accordion-item-title-header'><div class=\"e-n-accordion-item-title-text\"> What We Stand For <\/div><\/span>\n\t\t\t\t\t\t\t<span class='e-n-accordion-item-title-icon'>\n\t\t\t<span class='e-opened' ><svg aria-hidden=\"true\" class=\"e-font-icon-svg e-fas-angle-up\" viewBox=\"0 0 320 512\" xmlns=\"http:\/\/www.w3.org\/2000\/svg\"><path d=\"M177 159.7l136 136c9.4 9.4 9.4 24.6 0 33.9l-22.6 22.6c-9.4 9.4-24.6 9.4-33.9 0L160 255.9l-96.4 96.4c-9.4 9.4-24.6 9.4-33.9 0L7 329.7c-9.4-9.4-9.4-24.6 0-33.9l136-136c9.4-9.5 24.6-9.5 34-.1z\"><\/path><\/svg><\/span>\n\t\t\t<span class='e-closed'><svg aria-hidden=\"true\" class=\"e-font-icon-svg e-fas-angle-down\" viewBox=\"0 0 320 512\" xmlns=\"http:\/\/www.w3.org\/2000\/svg\"><path d=\"M143 352.3L7 216.3c-9.4-9.4-9.4-24.6 0-33.9l22.6-22.6c9.4-9.4 24.6-9.4 33.9 0l96.4 96.4 96.4-96.4c9.4-9.4 24.6-9.4 33.9 0l22.6 22.6c9.4 9.4 9.4 24.6 0 33.9l-136 136c-9.2 9.4-24.4 9.4-33.8 0z\"><\/path><\/svg><\/span>\n\t\t<\/span>\n\n\t\t\t\t\t\t<\/summary>\n\t\t\t\t<div role=\"region\" aria-labelledby=\"e-n-accordion-item-3970\" class=\"elementor-element elementor-element-5d96b45 e-con-full e-flex rt-default-class e-con e-child\" data-id=\"5d96b45\" data-element_type=\"container\" data-e-type=\"container\">\n\t\t\t\t<div class=\"elementor-element elementor-element-75b8e61 rt-default-class elementor-widget elementor-widget-text-editor\" data-id=\"75b8e61\" data-element_type=\"widget\" data-e-type=\"widget\" data-widget_type=\"text-editor.default\">\n\t\t\t\t\t\t\t\t\t<p>We stand for what is fair and just: dignity, respect, and proper recognition for all <strong>LES<\/strong>, wherever we serve. Our work is not secondary, it is fundamental to the daily functioning, continuity, and credibility of Brazil\u2019s diplomatic presence. Yet despite our essential role, we continue to face systemic inequality and lack the protections routinely granted to others in public service.<\/p><p>At the heart of our mission is a simple conviction: no Brazilian citizen, or any professional serving the Brazilian Government abroad, should be treated as a second-class worker. Everyone representing Brazil deserves working conditions that reflect the value of their service and uphold the principles of equity and human dignity.<\/p><p>The current <a href=\"https:\/\/www.gov.br\/gestao\/pt-br\/assuntos\/noticias\/2025\/se\/reforma-administrativa-integra-a-modernizacao-em-curso-no-estado-defende-mgi-na-camara-dos-deputados\" target=\"_blank\" rel=\"noopener\">Proposed Constitutional Amendment (PEC) 32\/2020 presents<\/a> a rare and timely opportunity to confront these long-standing injustices. But meaningful recognition must go beyond symbolism.<\/p><p>The principles we uphold are not abstract ideals; they are grounded in daily realities and systemic challenges we have faced for decades. Whether through <a href=\"https:\/\/www.gov.br\/gestao\/pt-br\/assuntos\/noticias\/2025\/se\/reforma-administrativa-integra-a-modernizacao-em-curso-no-estado-defende-mgi-na-camara-dos-deputados\" target=\"_blank\" rel=\"noopener\">PEC 32<\/a> or any other definitive and lawful measure, the inclusion of <strong>LES<\/strong> in a fair and modern legal framework will mark a pivotal step in Brazil\u2019s democratic and diplomatic evolution, one that affirms the nation\u2019s commitment to dignity, justice, and equal respect for all who serve in its name, both at home and abroad.<\/p><p><strong>We Work Together To:<\/strong><\/p><p><strong>1)<\/strong> <strong>Ensure<\/strong> <strong>a Fair and Safe Work Environment \u00a0<\/strong><\/p><p>Guaranteeing all <strong>LES <\/strong>a workplace built on respect and dignity, free from harassment, intimidation or abuse of power.<\/p><p><strong>2)<\/strong> <strong>Define Clear and Transparent Employment Rights<\/strong><\/p><p>Is essential to end the Brazilian Ministry of Foreign Affairs\u2019 \u201c<em>\u00e0 la carte\u201d <\/em>approach to employment laws, where the government selectively applies whichever local labour laws are most convenient in each country and\/or circumstance, often to minimise its responsibilities and offer only the bare minimum to its own <strong>LES<\/strong>.<\/p><p>This practice results in inconsistent protections and undermines the dignity of those who serve Brazil abroad. <strong>LES<\/strong> must be given the option to be brought under the protection of Brazil\u2019s Consolidation of Labour Laws (CLT), guaranteeing full constitutional rights, legal certainty, and equal treatment in line with the standards afforded to any Brazilian worker, regardless of where they are stationed.<\/p><p><strong>3)<\/strong> <strong>Implement an Autonomous Presidential Decree to Resolve the Legal Limbo<\/strong><\/p><p>Addressing the legal uncertainty surrounding <strong>LES<\/strong> is essential to strengthening Brazil\u2019s commitment to fairness and institutional coherence.<\/p><p>At present, we remain in a state of <em>legal limbo<\/em>, <em>an extended period in which our employment rights lack clarity and consistent application<\/em>. This often results from the selective use of local labour laws in various host countries, a practice that inadvertently limit protections and create unequal treatment among professionals serving the same national mission.<\/p><p>Establishing a clear and unified legal framework would not only provide greater legal certainty and security for us but also reinforce the values of transparency, dignity and justice that Brazil promotes in its international relations.<\/p><p>A presidential decree formulated through close consultation with Locally Employed Staff (LES) representatives, the President\u2019s International Affairs Advisory Office and the Senators who first recognised the structural injustices embedded in the current system, would establish a constitutionally robust and administratively sound course of action.<\/p><p>If grounded in the principles outlined in the legislative initiatives specifically introduced to address this longstanding uncertainty (like the Senate Law Projects 143\/2013, 246\/2013, and 117\/2020), a Presidential Decree would reaffirm Brazil\u2019s commitment to legal coherence and social justice. It would restore to <strong>LES<\/strong> the fundamental right to opt into the protections of Brazilian national labour law, ensuring fairer and more consistent treatment across the country\u2019s global diplomatic network.<\/p><p>This legislative alignment would not only correct longstanding legal ambiguity but also serve as a progressive step toward equity, ending decades of systemic disparity and harmonising Brazil\u2019s diplomatic employment practices with both domestic constitutional mandates and international labour standards.<\/p><p><strong>4) Establish a Fair and Structured Career System <\/strong><\/p><p>It is crucial to establish and institutionalize a formal and transparent system to govern the remuneration and career development of Locally Employed Staff (LES). Such a system should include mandatory annual salary reviews, with adjustments based on inflation and the local cost of living at each diplomatic post, thereby ensuring fair and consistent compensation practices across Brazil\u2019s global missions.<\/p><p>Equally vital is the integration of a clear and accessible route for professional growth, especially for CLs, where formal career progression structures are entirely absent.<\/p><p>In these overlooked contexts, even modest incentives such as expanded responsibilities, symbolic recognition, or development opportunities tied to the role, can have a profound impact. Such initiatives would not only honour years of dedicated service but would also foster motivation, retention, and a deeper sense of purpose within the workforce.<\/p><p>Institutional inclusion, in this context, requires the Brazilian Ministry of Foreign Affairs to formally recognise the value and rights of all personnel, particularly <strong>LES<\/strong>, by adopting equitable and structured employment practices. These should encompass salary scales that reflect qualifications and experience, regular cost-of-living adjustments, and clearly defined pathways for professional development.<\/p><p>By aligning with best practices already implemented by international organisations such as United Nations agencies, which could in principle exemplify these inclusive standards, the Ministry of Foreign Affairs would affirm that fair compensation and career growth are not optional and exclusive benefits of a part of its employees, but fundamental legal, ethical, and institutional responsibilities essential to a modern, just, and representative diplomatic service.<\/p><p><strong>5) Guarantee LES are recognized as pillars of Brazil\u2019s presence abroad.<\/strong><\/p><p>It is time for Brazil\u2019s public discourse and foreign policy frameworks to reflect our vital contributions as Locally Employed Staff (LES) within its diplomatic missions. In line with modern standards of fair treatment for all individuals who advance a nation\u2019s interests, we must be recognized as integral contributors to Brazil\u2019s global presence.<\/p><p>Regardless of position or rank, our professional service ensures the continuity, credibility and effectiveness of Brazilian diplomacy abroad. Acknowledging this reality not only upholds principles of fairness but also strengthens Brazil\u2019s image as a responsible and equitable actor on the international stage.<\/p><p>Justice begins with recognition. The time has come to end selective treatment and to honour the vital role of every Locally Employed Staff member, who form the very foundation and the majority of Brazil\u2019s workforce abroad <a href=\"https:\/\/www.gov.br\/mre\/pt-br\/acesso-a-informacao\/transparencia-prestacao-contas\/relatorio-de-gestao-do-mre\/exercicio-2024\/relatorio-de-gestao-1\/relatorio-gestao-mre-2024.pdf\/view\" target=\"_blank\" rel=\"noopener\">(as per the 2024 Management Report of the Ministry of Foreign Affairs, page 232, table 6)<\/a>. It is these professionals who sustain the daily functioning of embassies and consulates, representing the country in practice as much as its diplomats and administrative officials do in principle.<\/p><p>Brazil cannot project dignity and credibility on the world stage while disregarding the employment rights of those who make its global presence possible.<\/p>\t\t\t\t\t\t\t\t<\/div>\n\t\t\t\t<\/div>\n\t\t\t\t\t<\/details>\n\t\t\t\t\t<\/div>\n\t\t\t\t\t\t<\/div>\n\t\t\t\t<div class=\"elementor-element elementor-element-4966f40 rt-default-class elementor-widget elementor-widget-n-accordion\" data-id=\"4966f40\" data-element_type=\"widget\" data-e-type=\"widget\" id=\"Challenges\" data-settings=\"{&quot;default_state&quot;:&quot;all_collapsed&quot;,&quot;max_items_expended&quot;:&quot;one&quot;,&quot;n_accordion_animation_duration&quot;:{&quot;unit&quot;:&quot;ms&quot;,&quot;size&quot;:400,&quot;sizes&quot;:[]}}\" data-widget_type=\"nested-accordion.default\">\n\t\t\t\t\t\t\t<div class=\"e-n-accordion\" aria-label=\"Accordion. Open links with Enter or Space, close with Escape, and navigate with Arrow Keys\">\n\t\t\t\t\t\t<details id=\"e-n-accordion-item-7690\" class=\"e-n-accordion-item\" >\n\t\t\t\t<summary class=\"e-n-accordion-item-title\" data-accordion-index=\"1\" tabindex=\"0\" aria-expanded=\"false\" aria-controls=\"e-n-accordion-item-7690\" >\n\t\t\t\t\t<span class='e-n-accordion-item-title-header'><div class=\"e-n-accordion-item-title-text\"> Challenges We Face <\/div><\/span>\n\t\t\t\t\t\t\t<span class='e-n-accordion-item-title-icon'>\n\t\t\t<span class='e-opened' ><svg aria-hidden=\"true\" class=\"e-font-icon-svg e-fas-angle-up\" viewBox=\"0 0 320 512\" xmlns=\"http:\/\/www.w3.org\/2000\/svg\"><path d=\"M177 159.7l136 136c9.4 9.4 9.4 24.6 0 33.9l-22.6 22.6c-9.4 9.4-24.6 9.4-33.9 0L160 255.9l-96.4 96.4c-9.4 9.4-24.6 9.4-33.9 0L7 329.7c-9.4-9.4-9.4-24.6 0-33.9l136-136c9.4-9.5 24.6-9.5 34-.1z\"><\/path><\/svg><\/span>\n\t\t\t<span class='e-closed'><svg aria-hidden=\"true\" class=\"e-font-icon-svg e-fas-angle-down\" viewBox=\"0 0 320 512\" xmlns=\"http:\/\/www.w3.org\/2000\/svg\"><path d=\"M143 352.3L7 216.3c-9.4-9.4-9.4-24.6 0-33.9l22.6-22.6c9.4-9.4 24.6-9.4 33.9 0l96.4 96.4 96.4-96.4c9.4-9.4 24.6-9.4 33.9 0l22.6 22.6c9.4 9.4 9.4 24.6 0 33.9l-136 136c-9.2 9.4-24.4 9.4-33.8 0z\"><\/path><\/svg><\/span>\n\t\t<\/span>\n\n\t\t\t\t\t\t<\/summary>\n\t\t\t\t<div role=\"region\" aria-labelledby=\"e-n-accordion-item-7690\" class=\"elementor-element elementor-element-b1524f7 e-con-full e-flex rt-default-class e-con e-child\" data-id=\"b1524f7\" data-element_type=\"container\" data-e-type=\"container\">\n\t\t\t\t<div class=\"elementor-element elementor-element-b239429 rt-default-class elementor-widget elementor-widget-text-editor\" data-id=\"b239429\" data-element_type=\"widget\" data-e-type=\"widget\" data-widget_type=\"text-editor.default\">\n\t\t\t\t\t\t\t\t\t<p><strong>Locally Employed Staff (LES)<\/strong> serving in Brazil\u2019s diplomatic missions around the world continue to be undervalued, underpaid and structurally unprotected despite being vital to the functioning and credibility of Brazil\u2019s global presence.<\/p><p>Brazilian civil servants posted abroad temporarily (diplomats and other administrative officials employed in Brazil) benefit from a range of entitlements designed to support their service, including rent-free accommodation in secure and exclusive residential areas, salaries adjusted to local cost of living, comprehensive private healthcare, relocation packages and opportunities for professional development during working hours.<\/p><p>By contrast, <strong>LES<\/strong> are systematically excluded from these same benefits and protections, despite working alongside their colleagues in support of Brazil\u2019s diplomatic missions. We receive no housing assistance, no salary alignment with local economic conditions, and no institutional support for private healthcare, relocation or career development. This stark disparity highlights not only unequal treatment, but also a deeply rooted institutional divide that undermines the principles of fairness and mutual respect within Brazil\u2019s foreign service structure.<\/p><p>Despite these disadvantages, we continue to perform our essential public duties with professionalism and dedication. As the daily face of Brazil abroad, we are responsible for sustaining local engagement, ensuring operational continuity and upholding the diplomatic day to day functionality that allows Brazil\u2019s global presence to remain consistent, coordinated and aligned with national interests.<\/p><p>Yet, despite the critical nature of our roles, our wages have remained largely stagnant for decades, occasionally adjusted only to soften inflationary erosion, but never seriously reviewed considering real local costs of living or principles of economic justice. This lack of meaningful financial recognition denies us not only fair compensation, but also the basic ability to plan, grow and build a life beyond mere survival. It is not a model of sustainability; it is a pattern of systemic neglect.<\/p><p>Further compounding this inequality is the Ministry of Foreign Affairs\u2019 increasing reliance on unstable employment contracts.<\/p><p>A growing number of Locally Employed Staff are hired under open-ended or alternatively annually renewable contracts, often subject to termination without valid cause or due process. This model cultivates a deliberate atmosphere of insecurity, stripping employees of the power to assert their rights or access legal remedies without fear of retaliation. It is a system that uses uncertainty as a means of control.<\/p><p>In practice, this imbalance is routinely exploited. Insecure contracts are frequently used to apply undue pressure or to remove staff under vague and generic pretexts, such as the often cited but rarely scrutinised claim of \u201cbudget constraints.\u201d Even long-serving, high-performing LES have been dismissed without explanation, with no transparency, no procedural fairness and in many countries without even the right to appeal in order to overturn arbitrary decisions. The lack of accountability is not incidental, it is structural.<\/p><p>This entrenched asymmetric caste system reflects a much older and more insidious logic: the logic of divide and rule. By fragmenting the workforce and reinforcing dependency, it isolates Locally Employed Staff, making us easier to manage, control, or discard. This unspoken strategy is actively upheld and protected by those who benefit from it daily, those whose privileges are maintained at the expense of the very individuals who, from the ground up, sustain Brazil\u2019s image and operations abroad.<\/p><p>This system is not new. Since at least 1961, Brazil\u2019s foreign service has operated within an institutional framework that, whether by omission or design, has systematically excluded Locally Employed Staff (LES) from the protections and recognitions afforded to other categories of personnel within the same Ministry.<\/p><p>This enduring structure, though essential to the operational continuity and effectiveness of Brazil\u2019s diplomatic missions, has failed to evolve in line with constitutional principles of fairness and international labour standards. Those who ensure the daily functioning and local engagement of Brazil\u2019s global presence remain among the least protected.<\/p><p>It is neither legally justifiable nor ethically acceptable that professionals so central to the country\u2019s international representation continue to serve in conditions marked by persistent legal ambiguity, unequal treatment and institutional vulnerability. Addressing this imbalance is not only a matter of compliance, but also a matter of dignity, justice and institutional credibility.<\/p><p>In this context, the paradox becomes undeniable. We, the Locally Employed Staff, are the backbone of Brazil\u2019s international representation, yet we are the ones with the least job security, the fewest rights and the greatest vulnerability. This is not an administrative oversight. It is a sustained and deliberate denial of fairness, a structural and institutional choice to keep us marginalized, disposable and excluded from the basic rights enshrined in Brazil\u2019s own Constitution.<\/p><p>Such a reality cannot be reconciled with Brazil\u2019s commitment to democratic values, human dignity and the rule of law. It is time for reform. It is time for justice.<\/p>\t\t\t\t\t\t\t\t<\/div>\n\t\t\t\t<\/div>\n\t\t\t\t\t<\/details>\n\t\t\t\t\t<\/div>\n\t\t\t\t\t\t<\/div>\n\t\t\t\t<div class=\"elementor-element elementor-element-7ffa42f rt-default-class elementor-widget elementor-widget-n-accordion\" data-id=\"7ffa42f\" data-element_type=\"widget\" data-e-type=\"widget\" id=\"Standing\" data-settings=\"{&quot;default_state&quot;:&quot;all_collapsed&quot;,&quot;n_accordion_animation_duration&quot;:{&quot;unit&quot;:&quot;ms&quot;,&quot;size&quot;:500,&quot;sizes&quot;:[]},&quot;max_items_expended&quot;:&quot;one&quot;}\" data-widget_type=\"nested-accordion.default\">\n\t\t\t\t\t\t\t<div class=\"e-n-accordion\" aria-label=\"Accordion. Open links with Enter or Space, close with Escape, and navigate with Arrow Keys\">\n\t\t\t\t\t\t<details id=\"e-n-accordion-item-1340\" class=\"e-n-accordion-item\" >\n\t\t\t\t<summary class=\"e-n-accordion-item-title\" data-accordion-index=\"1\" tabindex=\"0\" aria-expanded=\"false\" aria-controls=\"e-n-accordion-item-1340\" >\n\t\t\t\t\t<span class='e-n-accordion-item-title-header'><div class=\"e-n-accordion-item-title-text\"> Standing Together for Change <\/div><\/span>\n\t\t\t\t\t\t\t<span class='e-n-accordion-item-title-icon'>\n\t\t\t<span class='e-opened' ><svg aria-hidden=\"true\" class=\"e-font-icon-svg e-fas-angle-up\" viewBox=\"0 0 320 512\" xmlns=\"http:\/\/www.w3.org\/2000\/svg\"><path d=\"M177 159.7l136 136c9.4 9.4 9.4 24.6 0 33.9l-22.6 22.6c-9.4 9.4-24.6 9.4-33.9 0L160 255.9l-96.4 96.4c-9.4 9.4-24.6 9.4-33.9 0L7 329.7c-9.4-9.4-9.4-24.6 0-33.9l136-136c9.4-9.5 24.6-9.5 34-.1z\"><\/path><\/svg><\/span>\n\t\t\t<span class='e-closed'><svg aria-hidden=\"true\" class=\"e-font-icon-svg e-fas-angle-down\" viewBox=\"0 0 320 512\" xmlns=\"http:\/\/www.w3.org\/2000\/svg\"><path d=\"M143 352.3L7 216.3c-9.4-9.4-9.4-24.6 0-33.9l22.6-22.6c9.4-9.4 24.6-9.4 33.9 0l96.4 96.4 96.4-96.4c9.4-9.4 24.6-9.4 33.9 0l22.6 22.6c9.4 9.4 9.4 24.6 0 33.9l-136 136c-9.2 9.4-24.4 9.4-33.8 0z\"><\/path><\/svg><\/span>\n\t\t<\/span>\n\n\t\t\t\t\t\t<\/summary>\n\t\t\t\t<div role=\"region\" aria-labelledby=\"e-n-accordion-item-1340\" class=\"elementor-element elementor-element-08c92e5 e-con-full e-flex rt-default-class e-con e-child\" data-id=\"08c92e5\" data-element_type=\"container\" data-e-type=\"container\">\n\t\t\t\t<div class=\"elementor-element elementor-element-9e1fabd rt-default-class elementor-widget elementor-widget-text-editor\" data-id=\"9e1fabd\" data-element_type=\"widget\" data-e-type=\"widget\" data-widget_type=\"text-editor.default\">\n\t\t\t\t\t\t\t\t\t<p>We believe Brazil must honour our own Constitution and treat us, its own employees abroad, with the same respect, rights and legal protections afforded to those at home. Uniformity in treatment, consistency in policy and the necessary transparency in how Locally Employed Staff (LES) are governed are not optional, they are constitutional obligations.<\/p><p>We are not invisible, nor are we disposable. As qualified professionals, we stand on the frontlines of Brazil\u2019s global presence every day. We deserve more than silence, we deserve recognition, protection and \u201ca seat at the table\u201d in shaping the future of Brazil\u2019s diplomacy and international relations strategy. That future must be built with us, not without us.<\/p><p>AFLEX is fostering a global alliance, from Europe to Africa, from Asia to the Americas, to ensure that no Locally Employed Staff (LES), regardless of the Brazilian Government Ministry they serve, remains invisible, unheard, or without recourse that can enable them to advance toward improved working conditions. The time has come to acknowledge this human capital and treat it with the recognition it rightfully deserves.<\/p><p>Through the respectful exchange of information and dialogue with colleagues who have navigated similar challenges, LES professionals can gain valuable perspective and feel supported in identifying constructive pathways forward. United in purpose, we affirm that every voice deserves to be acknowledged, every contribution respected, and no member of our global workforce left behind.<\/p><p>We are proud of the work we have done so far, but pride alone is not enough. We now call for action, fairness and respect. It\u2019s time to dismantle the status quo and build a system that treats us, all Locally Employed Staff (LES), with the consistency, transparency and dignity we have always deserved.<\/p><p><strong>Join our collective effort. Advocate for fairness. Uphold dignity.<\/strong><\/p><p>Together, we represent a powerful and growing movement committed to justice, equity and recognition for all. Your voice strengthens our cause and brings us one step closer to lasting change.<\/p>\t\t\t\t\t\t\t\t<\/div>\n\t\t\t\t<\/div>\n\t\t\t\t\t<\/details>\n\t\t\t\t\t<\/div>\n\t\t\t\t\t\t<\/div>\n\t\t\t\t<\/div>\n\t\t\t\t<\/div>\n\t\t\t\t<\/div>\n\t\t\t\t<\/div>\n\t\t","protected":false},"excerpt":{"rendered":"<p>Home AFLEX stands for Associa\u00e7\u00e3o de Funcion\u00e1rios Locais no EXterior (the Association of Local Staff Abroad). It is the first international association created to represent Brazil\u2019s Locally Employed Staff (known in Portuguese as Contratados Locais \u2013 CLs). These professionals are hired by the Ministry of Foreign Affairs (Minist\u00e9rio das Rela\u00e7\u00f5es Exteriores \u2013 MRE) to work&#8230;<\/p>\n","protected":false},"author":1,"featured_media":0,"parent":0,"menu_order":0,"comment_status":"closed","ping_status":"closed","template":"elementor_header_footer","meta":{"footnotes":""},"class_list":["post-5949","page","type-page","status-publish","hentry"],"_links":{"self":[{"href":"https:\/\/aflex.org\/en\/wp-json\/wp\/v2\/pages\/5949","targetHints":{"allow":["GET"]}}],"collection":[{"href":"https:\/\/aflex.org\/en\/wp-json\/wp\/v2\/pages"}],"about":[{"href":"https:\/\/aflex.org\/en\/wp-json\/wp\/v2\/types\/page"}],"author":[{"embeddable":true,"href":"https:\/\/aflex.org\/en\/wp-json\/wp\/v2\/users\/1"}],"replies":[{"embeddable":true,"href":"https:\/\/aflex.org\/en\/wp-json\/wp\/v2\/comments?post=5949"}],"version-history":[{"count":73,"href":"https:\/\/aflex.org\/en\/wp-json\/wp\/v2\/pages\/5949\/revisions"}],"predecessor-version":[{"id":8235,"href":"https:\/\/aflex.org\/en\/wp-json\/wp\/v2\/pages\/5949\/revisions\/8235"}],"wp:attachment":[{"href":"https:\/\/aflex.org\/en\/wp-json\/wp\/v2\/media?parent=5949"}],"curies":[{"name":"wp","href":"https:\/\/api.w.org\/{rel}","templated":true}]}}